{"id":9907,"date":"2022-03-11T13:37:47","date_gmt":"2022-03-11T12:37:47","guid":{"rendered":"https:\/\/www.turismolapernia.com\/?page_id=9907"},"modified":"2024-08-11T18:06:56","modified_gmt":"2024-08-11T16:06:56","slug":"santa-maria-de-redondo","status":"publish","type":"page","link":"https:\/\/www.turismolapernia.com\/en\/santa-maria-de-redondo\/","title":{"rendered":"Santa Mar\u00eda de Redondo"},"content":{"rendered":"<div data-elementor-type=\"wp-page\" data-elementor-id=\"9907\" class=\"elementor elementor-9907\" data-elementor-settings=\"[]\">\n\t\t\t\t\t\t\t<div class=\"elementor-section-wrap\">\n\t\t\t\t\t\t\t<section class=\"elementor-section elementor-top-section elementor-element elementor-element-608cc16 elementor-section-boxed elementor-section-height-default elementor-section-height-default\" data-id=\"608cc16\" data-element_type=\"section\">\n\t\t\t\t\t\t<div class=\"elementor-container elementor-column-gap-default\">\n\t\t\t\t\t<div class=\"elementor-column elementor-col-100 elementor-top-column elementor-element elementor-element-a4182a6\" data-id=\"a4182a6\" data-element_type=\"column\">\n\t\t\t<div class=\"elementor-widget-wrap elementor-element-populated\">\n\t\t\t\t\t\t\t\t<div class=\"elementor-element elementor-element-06ad0a8 elementor-widget elementor-widget-heading\" data-id=\"06ad0a8\" data-element_type=\"widget\" data-widget_type=\"heading.default\">\n\t\t\t\t<div class=\"elementor-widget-container\">\n\t\t\t<h1 class=\"elementor-heading-title elementor-size-default\"><b>Santa Mar\u00eda de Redondo <\/b><\/h1>\t\t<\/div>\n\t\t\t\t<\/div>\n\t\t\t\t<div class=\"elementor-element elementor-element-1e8d275 elementor-widget elementor-widget-bdt-scrollnav\" data-id=\"1e8d275\" data-element_type=\"widget\" data-widget_type=\"bdt-scrollnav.default\">\n\t\t\t\t<div class=\"elementor-widget-container\">\n\t\t\t\t\t<div class=\"bdt-scrollnav bdt-navbar-container bdt-navbar-transparent bdt-navbar\" data-bdt-navbar=\"\">\n\t\t\t<div class=\"bdt-navbar-left\">\n\t\t\t\t<ul class=\"bdt-navbar-nav\" data-bdt-scrollspy-nav=\"closest: li; scroll: true; offset: 0;\">\n\t\t\t\t\t\t    <li>\n\t\t\t<a href=\"https:\/\/www.turismolapernia.com\/en\/\" target=\"_self\" rel=\"\" data-tippy-content=\"\">\n\t\t\t\tLa Pern\u00eda \t\t\t\t\t\t\t\t\t<span class=\"bdt-button-icon-align-right\">\n\n\t\t\t\t\t\t<i aria-hidden=\"true\" class=\"fa-fw fas fa-angle-right\"><\/i>\n\t\t\t\t\t<\/span>\n\t\t\t\t\t\t\t<\/a>\n\t\t<\/li>\n\t\t\t    <li>\n\t\t\t<a href=\"https:\/\/www.turismolapernia.com\/en\/pueblos-pernia\/\" target=\"_self\" rel=\"\" data-tippy-content=\"\">\n\t\t\t\tThe villages of La Pern\u00eda \t\t\t\t\t\t\t<\/a>\n\t\t<\/li>\n\t\t\t\t\t\t<\/ul>\n\t\t\t<\/div>\n\t\t<\/div>\n\t    \t\t<\/div>\n\t\t\t\t<\/div>\n\t\t\t\t\t<\/div>\n\t\t<\/div>\n\t\t\t\t\t\t\t<\/div>\n\t\t<\/section>\n\t\t\t\t<section class=\"elementor-section elementor-top-section elementor-element elementor-element-e50a405 elementor-section-boxed elementor-section-height-default elementor-section-height-default\" data-id=\"e50a405\" data-element_type=\"section\" data-settings=\"{&quot;background_background&quot;:&quot;classic&quot;}\">\n\t\t\t\t\t\t\t<div class=\"elementor-background-overlay\"><\/div>\n\t\t\t\t\t\t\t<div class=\"elementor-container elementor-column-gap-default\">\n\t\t\t\t\t<div class=\"elementor-column elementor-col-100 elementor-top-column elementor-element elementor-element-a8d58dd\" data-id=\"a8d58dd\" data-element_type=\"column\" data-settings=\"{&quot;background_background&quot;:&quot;classic&quot;}\">\n\t\t\t<div class=\"elementor-widget-wrap elementor-element-populated\">\n\t\t\t\t\t<div class=\"elementor-background-overlay\"><\/div>\n\t\t\t\t\t\t\t\t<div class=\"elementor-element elementor-element-ae83255 elementor-widget elementor-widget-heading\" data-id=\"ae83255\" data-element_type=\"widget\" data-widget_type=\"heading.default\">\n\t\t\t\t<div class=\"elementor-widget-container\">\n\t\t\t<h1 class=\"elementor-heading-title elementor-size-default\"><b>Santa Mar\u00eda de Redondo<\/b><\/h1>\t\t<\/div>\n\t\t\t\t<\/div>\n\t\t\t\t\t<\/div>\n\t\t<\/div>\n\t\t\t\t\t\t\t<\/div>\n\t\t<\/section>\n\t\t\t\t<section class=\"elementor-section elementor-top-section elementor-element elementor-element-e939bd5 elementor-section-boxed elementor-section-height-default elementor-section-height-default\" data-id=\"e939bd5\" data-element_type=\"section\">\n\t\t\t\t\t\t<div class=\"elementor-container elementor-column-gap-default\">\n\t\t\t\t\t<div class=\"elementor-column elementor-col-50 elementor-top-column elementor-element elementor-element-67cf1f0\" data-id=\"67cf1f0\" data-element_type=\"column\">\n\t\t\t<div class=\"elementor-widget-wrap elementor-element-populated\">\n\t\t\t\t\t\t\t\t<div class=\"elementor-element elementor-element-23c7cf7 elementor-widget elementor-widget-text-editor\" data-id=\"23c7cf7\" data-element_type=\"widget\" data-widget_type=\"text-editor.default\">\n\t\t\t\t<div class=\"elementor-widget-container\">\n\t\t\t\t\t\t\t<p><b>Santa Mar\u00eda de Redondo<br \/><\/b><\/p>\t\t\t\t\t\t<\/div>\n\t\t\t\t<\/div>\n\t\t\t\t<div class=\"elementor-element elementor-element-405ba07 elementor-widget elementor-widget-text-editor\" data-id=\"405ba07\" data-element_type=\"widget\" data-widget_type=\"text-editor.default\">\n\t\t\t\t<div class=\"elementor-widget-container\">\n\t\t\t\t\t\t\t<p><b>(La Pern\u00eda, Palencia)<br><\/b><\/p>\t\t\t\t\t\t<\/div>\n\t\t\t\t<\/div>\n\t\t\t\t<div class=\"elementor-element elementor-element-de14946 elementor-icon-list--layout-traditional elementor-list-item-link-full_width elementor-widget elementor-widget-icon-list\" data-id=\"de14946\" data-element_type=\"widget\" data-widget_type=\"icon-list.default\">\n\t\t\t\t<div class=\"elementor-widget-container\">\n\t\t\t\t\t<ul class=\"elementor-icon-list-items\">\n\t\t\t\t\t\t\t<li class=\"elementor-icon-list-item\">\n\t\t\t\t\t\t\t\t\t\t\t<span class=\"elementor-icon-list-icon\">\n\t\t\t\t\t\t\t<i aria-hidden=\"true\" class=\"fas fa-angle-right\"><\/i>\t\t\t\t\t\t<\/span>\n\t\t\t\t\t\t\t\t\t\t<span class=\"elementor-icon-list-text\"><b>Altitude: <\/b>1210 m <\/span>\n\t\t\t\t\t\t\t\t\t<\/li>\n\t\t\t\t\t\t\t\t<li class=\"elementor-icon-list-item\">\n\t\t\t\t\t\t\t\t\t\t\t<span class=\"elementor-icon-list-icon\">\n\t\t\t\t\t\t\t<i aria-hidden=\"true\" class=\"fas fa-angle-right\"><\/i>\t\t\t\t\t\t<\/span>\n\t\t\t\t\t\t\t\t\t\t<span class=\"elementor-icon-list-text\"><b>Population<\/b><b>: <\/b>43 habitantes (2024)<\/span>\n\t\t\t\t\t\t\t\t\t<\/li>\n\t\t\t\t\t\t\t\t<li class=\"elementor-icon-list-item\">\n\t\t\t\t\t\t\t\t\t\t\t<span class=\"elementor-icon-list-icon\">\n\t\t\t\t\t\t\t<i aria-hidden=\"true\" class=\"fas fa-angle-right\"><\/i>\t\t\t\t\t\t<\/span>\n\t\t\t\t\t\t\t\t\t\t<span class=\"elementor-icon-list-text\"><b>Distances:<\/b><br><\/span>\n\t\t\t\t\t\t\t\t\t<\/li>\n\t\t\t\t\t\t<\/ul>\n\t\t\t\t<\/div>\n\t\t\t\t<\/div>\n\t\t\t\t<div class=\"elementor-element elementor-element-5f154ad elementor-icon-list--layout-traditional elementor-list-item-link-full_width elementor-widget elementor-widget-icon-list\" data-id=\"5f154ad\" data-element_type=\"widget\" data-widget_type=\"icon-list.default\">\n\t\t\t\t<div class=\"elementor-widget-container\">\n\t\t\t\t\t<ul class=\"elementor-icon-list-items\">\n\t\t\t\t\t\t\t<li class=\"elementor-icon-list-item\">\n\t\t\t\t\t\t\t\t\t\t\t<span class=\"elementor-icon-list-icon\">\n\t\t\t\t\t\t\t<i aria-hidden=\"true\" class=\"fas fa-circle\"><\/i>\t\t\t\t\t\t<\/span>\n\t\t\t\t\t\t\t\t\t\t<span class=\"elementor-icon-list-text\">San Salvador de Cantamuda:<b> <\/b>7 km<\/span>\n\t\t\t\t\t\t\t\t\t<\/li>\n\t\t\t\t\t\t\t\t<li class=\"elementor-icon-list-item\">\n\t\t\t\t\t\t\t\t\t\t\t<span class=\"elementor-icon-list-icon\">\n\t\t\t\t\t\t\t<i aria-hidden=\"true\" class=\"fas fa-circle\"><\/i>\t\t\t\t\t\t<\/span>\n\t\t\t\t\t\t\t\t\t\t<span class=\"elementor-icon-list-text\">Cervera de Pisuerga: 21 km <\/span>\n\t\t\t\t\t\t\t\t\t<\/li>\n\t\t\t\t\t\t\t\t<li class=\"elementor-icon-list-item\">\n\t\t\t\t\t\t\t\t\t\t\t<span class=\"elementor-icon-list-icon\">\n\t\t\t\t\t\t\t<i aria-hidden=\"true\" class=\"fas fa-circle\"><\/i>\t\t\t\t\t\t<\/span>\n\t\t\t\t\t\t\t\t\t\t<span class=\"elementor-icon-list-text\">Palencia: <b> <\/b>130 km<\/span>\n\t\t\t\t\t\t\t\t\t<\/li>\n\t\t\t\t\t\t<\/ul>\n\t\t\t\t<\/div>\n\t\t\t\t<\/div>\n\t\t\t\t\t<\/div>\n\t\t<\/div>\n\t\t\t\t<div class=\"elementor-column elementor-col-50 elementor-top-column elementor-element elementor-element-4cf66fc\" data-id=\"4cf66fc\" data-element_type=\"column\">\n\t\t\t<div class=\"elementor-widget-wrap elementor-element-populated\">\n\t\t\t\t\t\t\t\t<div class=\"elementor-element elementor-element-db127e3 elementor-widget elementor-widget-text-editor\" data-id=\"db127e3\" data-element_type=\"widget\" data-widget_type=\"text-editor.default\">\n\t\t\t\t<div class=\"elementor-widget-container\">\n\t\t\t\t\t\t\t<p><b>Santa Mar\u00eda de Redondo<\/b> es la primera localidad por la que pasa el reci\u00e9n nacido r\u00edo Pisuerga, que surge de las profundidades de la monta\u00f1a en la Cueva del Cobre, a 6 km del pueblo.<\/p><p>\u00a0<\/p><p>Santa Mar\u00eda es junto con San Juan de Redondo, una de las localidades del <b>Valle de Redondo<\/b>. Estas dos poblaciones, separadas apenas 1 km, han estado muy vinculadas hist\u00f3ricamente. Anta\u00f1o, incluso configuraron una \u00fanica entidad territorial y administrativa, el Concejo del Valle de Redondo, que se reun\u00eda hasta inicios del siglo pasado en una casa concejil situada entre los dos Redondos.<\/p><p>Originalmente, el Valle y Concejo de Redondo lo conformaron tres barrios: San Juan, Santa Mar\u00eda y San Mart\u00edn, pero este \u00faltimo se despobl\u00f3 y desapareci\u00f3 al finalizar la Edad Media.<\/p><p>\u00a0<\/p><p>\u00a0<\/p><p>Redondo aparece mencionado en el Cartulario de Li\u00e9bana en 1095 como \u201c<i>Rotundo<\/i>\u201c.<\/p><p>Sus or\u00edgenes se remontan a los primeros tiempos de las repoblaciones y su nombre habla de <i>campos rotundos <\/i>o<i> cotos redondos<\/i>, peque\u00f1os territorios acotados por el rey o alg\u00fan conde con el fin de repoblarlos.<\/p><p>\u00a0<\/p><p>En Santa Mar\u00eda de Redondo existen buenos ejemplos de <b>casonas blasonadas<\/b> con escudos her\u00e1ldicos en sus fachadas. En una de ellas se puede observar un escudo con las armas de los Mier y Ter\u00e1n, Celis y Dosal, pertenecientes a los tatarabuelos del pr\u00edncipe Rainiero de M\u00f3naco.<\/p><p>\u00a0<\/p><p>El antiguo molino harinero, situado junto al Pisuerga a las afuera del pueblo, sirvi\u00f3 en tiempos pasados para generar electricidad a los pueblos del valle.<\/p>\t\t\t\t\t\t<\/div>\n\t\t\t\t<\/div>\n\t\t\t\t<div class=\"elementor-element elementor-element-1389074 elementor-widget elementor-widget-text-editor\" data-id=\"1389074\" data-element_type=\"widget\" data-widget_type=\"text-editor.default\">\n\t\t\t\t<div class=\"elementor-widget-container\">\n\t\t\t\t\t\t\t<p>The <b>miner\u00eda<\/b> del carb\u00f3n fue una actividad econ\u00f3mica muy destacable durante el siglo pasado en el Valle de Redondo. En Santa Mar\u00eda de Redondo cerr\u00f3 la \u00faltima mina de carb\u00f3n de La Pern\u00eda, la mina de Montebismo, en el a\u00f1o 2004.<\/p><p><br><\/p>\n<p><\/p>\n<p>En Santa Mar\u00eda de Redondo se sol\u00eda celebrar San Blas (3 de febrero), Santa B\u00e1rbara (patrona de los mineros, 4 de diciembre) y la fiesta principal, el d\u00eda de la Asunci\u00f3n (15 de agosto). Esta \u00faltima se ha trasladado a un viernes de la segunda quincena de agosto. Otra festividad a destacar es la de la Virgen de Viarce, que se celebra el s\u00e1bado m\u00e1s pr\u00f3ximo al 18 de mayo.<\/p><p><br><\/p>\n<p><\/p>\n<p>Merece especial menci\u00f3n <b>The<\/b> <b>Mojonera<\/b>, una tradici\u00f3n ancestral que cada nueve a\u00f1os re\u00fane a los vecinos del Valle de Redondo y Bra\u00f1osera en una jornada de convivencia en torno al Sel de la Fuente, para recorrer los mojones que delimitan los t\u00e9rminos municipales y el espacio com\u00fan para el pasto de los ganados. Esta costumbre tiene su origen en un pleito de 1575.<\/p>\t\t\t\t\t\t<\/div>\n\t\t\t\t<\/div>\n\t\t\t\t\t<\/div>\n\t\t<\/div>\n\t\t\t\t\t\t\t<\/div>\n\t\t<\/section>\n\t\t\t\t<section class=\"elementor-section elementor-top-section elementor-element elementor-element-c4374f5 elementor-section-boxed elementor-section-height-default elementor-section-height-default\" data-id=\"c4374f5\" data-element_type=\"section\">\n\t\t\t\t\t\t<div class=\"elementor-container elementor-column-gap-default\">\n\t\t\t\t\t<div class=\"elementor-column elementor-col-100 elementor-top-column elementor-element elementor-element-85c47a0\" data-id=\"85c47a0\" data-element_type=\"column\">\n\t\t\t<div class=\"elementor-widget-wrap elementor-element-populated\">\n\t\t\t\t\t\t\t\t<div class=\"elementor-element elementor-element-049c067 elementor-widget-divider--view-line elementor-widget elementor-widget-divider\" data-id=\"049c067\" data-element_type=\"widget\" data-widget_type=\"divider.default\">\n\t\t\t\t<div class=\"elementor-widget-container\">\n\t\t\t\t\t<div class=\"elementor-divider\">\n\t\t\t<span class=\"elementor-divider-separator\">\n\t\t\t\t\t\t<\/span>\n\t\t<\/div>\n\t\t\t\t<\/div>\n\t\t\t\t<\/div>\n\t\t\t\t<div class=\"elementor-element elementor-element-f28ca33 elementor-widget elementor-widget-heading\" data-id=\"f28ca33\" data-element_type=\"widget\" data-widget_type=\"heading.default\">\n\t\t\t\t<div class=\"elementor-widget-container\">\n\t\t\t<h4 class=\"elementor-heading-title elementor-size-default\">Iglesia de la Asunci\u00f3n<\/h4>\t\t<\/div>\n\t\t\t\t<\/div>\n\t\t\t\t\t<\/div>\n\t\t<\/div>\n\t\t\t\t\t\t\t<\/div>\n\t\t<\/section>\n\t\t\t\t<section class=\"elementor-section elementor-top-section elementor-element elementor-element-7006c13 elementor-section-boxed elementor-section-height-default elementor-section-height-default\" data-id=\"7006c13\" data-element_type=\"section\">\n\t\t\t\t\t\t<div class=\"elementor-container elementor-column-gap-default\">\n\t\t\t\t\t<div class=\"elementor-column elementor-col-100 elementor-top-column elementor-element elementor-element-21a0305\" data-id=\"21a0305\" data-element_type=\"column\">\n\t\t\t<div class=\"elementor-widget-wrap elementor-element-populated\">\n\t\t\t\t\t\t\t\t<div class=\"elementor-element elementor-element-5fca9a4 elementor-widget elementor-widget-text-editor\" data-id=\"5fca9a4\" data-element_type=\"widget\" data-widget_type=\"text-editor.default\">\n\t\t\t\t<div class=\"elementor-widget-container\">\n\t\t\t\t\t\t\t<p>La iglesia de la Asunci\u00f3n se ubica en el centro de Santa Mar\u00eda de Redondo. Cuenta con espada\u00f1a de cinco troneras para las campanas, en cuya pared se aprecian dos escudos con motivos similares, pertenecientes a la familia de los Velasco y provenientes del desaparecido monasterio del Corpus Christi de Viarce, cuyas piedras y sillares sirvieron para la mejora arquitect\u00f3nica de la iglesia de Santa Mar\u00eda en el siglo XIX.<\/p><p>El edificio tiene una sola nave cubierta con b\u00f3veda de ca\u00f1\u00f3n y de arista. En su interior, se conservan tambi\u00e9n elementos provenientes del citado monasterio, como la imagen de la Virgen de Viarce con el Ni\u00f1o, posiblemente donada por la familia Velasco hacia el a\u00f1o 1500; y un llamativo retablo salom\u00f3nico de finales del siglo XVII, con esculturas de la Asunci\u00f3n del siglo XVIII, San Blas, San Juan Evangelista, San Pedro y Cristo crucificado del siglo XVI.<\/p><p>Tambi\u00e9n hay una imagen de la Virgen con el Ni\u00f1o y un San Ant\u00f3n del siglo XVI, adem\u00e1s de un relicario con la imagen de un pel\u00edcano alimentando a sus cr\u00edas.<\/p>\t\t\t\t\t\t<\/div>\n\t\t\t\t<\/div>\n\t\t\t\t<div class=\"elementor-element elementor-element-4eace08 elementor-widget elementor-widget-heading\" data-id=\"4eace08\" data-element_type=\"widget\" data-widget_type=\"heading.default\">\n\t\t\t\t<div class=\"elementor-widget-container\">\n\t\t\t<h4 class=\"elementor-heading-title elementor-size-default\">El monasterio de Viarce y las Pe\u00f1as del Moro<\/h4>\t\t<\/div>\n\t\t\t\t<\/div>\n\t\t\t\t\t<\/div>\n\t\t<\/div>\n\t\t\t\t\t\t\t<\/div>\n\t\t<\/section>\n\t\t\t\t<section class=\"elementor-section elementor-top-section elementor-element elementor-element-3f9350e elementor-section-boxed elementor-section-height-default elementor-section-height-default\" data-id=\"3f9350e\" data-element_type=\"section\">\n\t\t\t\t\t\t<div class=\"elementor-container elementor-column-gap-default\">\n\t\t\t\t\t<div class=\"elementor-column elementor-col-50 elementor-top-column elementor-element elementor-element-2989473\" data-id=\"2989473\" data-element_type=\"column\">\n\t\t\t<div class=\"elementor-widget-wrap elementor-element-populated\">\n\t\t\t\t\t\t\t\t<div class=\"elementor-element elementor-element-86bb7ca elementor-widget elementor-widget-text-editor\" data-id=\"86bb7ca\" data-element_type=\"widget\" data-widget_type=\"text-editor.default\">\n\t\t\t\t<div class=\"elementor-widget-container\">\n\t\t\t\t\t\t\t<p>Al sur de Santa Mar\u00eda de Redondo, en el <b>Valle de Viarce<\/b>, hay dos grandes e imponentes pe\u00f1as conocidas como las <b>Pe\u00f1as del Moro<\/b>, al pie de las cuales existi\u00f3 durante siglos un <b>monasterio<\/b> o convento franciscano llamado del Corpus Christi o de la Virgen de Viarce.\u00a0<\/p><p>Los or\u00edgenes de este monasterio aparecen envueltos en un halo de tradici\u00f3n y leyenda. Su fundaci\u00f3n se atribuye al moro converso Juan de la Pe\u00f1a en 1320, siendo uno de los primeros templos dedicados al Corpus Christi. Es posible que al inicio fuera un peque\u00f1o cenobio franciscano, y que los condes de Siruela, muy devotos del lugar, lo transformaran y ampliaran construyendo una iglesia y un convento en el siglo XV. A ellos se atribuye tambi\u00e9n la donaci\u00f3n de la imagen de la Virgen de Viarce, cuya elaboraci\u00f3n data del a\u00f1o 1500. La colocaci\u00f3n de esta talla en el convento hizo que se convirtiese en un lugar de fuerte culto y devoci\u00f3n a la Virgen.<\/p><p>\u00a0<\/p><p>En el convento vivieron entre 6 u 8 frailes franciscanos entregados a la oraci\u00f3n, el cuidado de la huerta y el oficio eclesi\u00e1stico en las parroquias vecinas.<\/p>\t\t\t\t\t\t<\/div>\n\t\t\t\t<\/div>\n\t\t\t\t<div class=\"elementor-element elementor-element-d44bfac elementor-widget elementor-widget-text-editor\" data-id=\"d44bfac\" data-element_type=\"widget\" data-widget_type=\"text-editor.default\">\n\t\t\t\t<div class=\"elementor-widget-container\">\n\t\t\t\t\t\t\t<p>En 1835, con la Desamortizaci\u00f3n de Mendiz\u00e1bal, la comunidad franciscana fue suprimida, el edificio se abandon\u00f3 y los frailes fueron enviados a Reinosa. El \u00faltimo fraile se hizo sacerdote y se desplaz\u00f3 a Santa Mar\u00eda de Redondo.<\/p><p>La talla de la Virgen de Viarce fue reubicada en la iglesia parroquial de Santa Mar\u00eda de Redondo en 1836 (donde permanece), as\u00ed como el retablo. Las im\u00e1genes sacras fueron distribuidas por las iglesias del entorno, y numerosas piedras y sillares sirvieron como material de construcci\u00f3n de edificios particulares y para la mejora de la iglesia de Santa Mar\u00eda de Redondo.<\/p><p>\u00a0<\/p><p>Con el abandono del lugar, apenas quedan restos del antiguo monasterio, tan solo las ruinas de un muro y algunos vestigios de la planta del edificio, semiocultos entre la vegetaci\u00f3n.<\/p>\t\t\t\t\t\t<\/div>\n\t\t\t\t<\/div>\n\t\t\t\t\t<\/div>\n\t\t<\/div>\n\t\t\t\t<div class=\"elementor-column elementor-col-50 elementor-top-column elementor-element elementor-element-64475c4\" data-id=\"64475c4\" data-element_type=\"column\">\n\t\t\t<div class=\"elementor-widget-wrap elementor-element-populated\">\n\t\t\t\t\t\t\t\t<div class=\"elementor-element elementor-element-10db9e8 elementor-widget elementor-widget-image\" data-id=\"10db9e8\" data-element_type=\"widget\" data-widget_type=\"image.default\">\n\t\t\t\t<div class=\"elementor-widget-container\">\n\t\t\t\t\t\t\t\t\t\t\t\t<figure class=\"wp-caption\">\n\t\t\t\t\t\t\t\t\t\t<img loading=\"lazy\" decoding=\"async\" width=\"525\" height=\"317\" src=\"https:\/\/www.turismolapernia.com\/wp-content\/uploads\/2022\/03\/DSC_0126-011.jpeg\" class=\"attachment-large size-large\" alt=\"\" srcset=\"https:\/\/www.turismolapernia.com\/wp-content\/uploads\/2022\/03\/DSC_0126-011.jpeg 1022w, https:\/\/www.turismolapernia.com\/wp-content\/uploads\/2022\/03\/DSC_0126-011-300x181.jpeg 300w, https:\/\/www.turismolapernia.com\/wp-content\/uploads\/2022\/03\/DSC_0126-011-768x464.jpeg 768w\" sizes=\"auto, 100vw\" \/>\t\t\t\t\t\t\t\t\t\t\t<figcaption class=\"widget-image-caption wp-caption-text\">Pe\u00f1as del Moro<\/figcaption>\n\t\t\t\t\t\t\t\t\t\t<\/figure>\n\t\t\t\t\t\t\t\t\t<\/div>\n\t\t\t\t<\/div>\n\t\t\t\t<div class=\"elementor-element elementor-element-b9c7aaf elementor-widget elementor-widget-image\" data-id=\"b9c7aaf\" data-element_type=\"widget\" data-widget_type=\"image.default\">\n\t\t\t\t<div class=\"elementor-widget-container\">\n\t\t\t\t\t\t\t\t\t\t\t\t<figure class=\"wp-caption\">\n\t\t\t\t\t\t\t\t\t\t<img loading=\"lazy\" decoding=\"async\" width=\"525\" height=\"394\" src=\"https:\/\/www.turismolapernia.com\/wp-content\/uploads\/2022\/03\/DSC_0127-01-1024x768.jpeg\" class=\"attachment-large size-large\" alt=\"\" srcset=\"https:\/\/www.turismolapernia.com\/wp-content\/uploads\/2022\/03\/DSC_0127-01-1024x768.jpeg 1024w, https:\/\/www.turismolapernia.com\/wp-content\/uploads\/2022\/03\/DSC_0127-01-300x225.jpeg 300w, https:\/\/www.turismolapernia.com\/wp-content\/uploads\/2022\/03\/DSC_0127-01-768x576.jpeg 768w, https:\/\/www.turismolapernia.com\/wp-content\/uploads\/2022\/03\/DSC_0127-01.jpeg 1132w\" sizes=\"auto, 100vw\" \/>\t\t\t\t\t\t\t\t\t\t\t<figcaption class=\"widget-image-caption wp-caption-text\">Ruinas del monasterio de Viarce<\/figcaption>\n\t\t\t\t\t\t\t\t\t\t<\/figure>\n\t\t\t\t\t\t\t\t\t<\/div>\n\t\t\t\t<\/div>\n\t\t\t\t\t<\/div>\n\t\t<\/div>\n\t\t\t\t\t\t\t<\/div>\n\t\t<\/section>\n\t\t\t\t<section class=\"elementor-section elementor-top-section elementor-element elementor-element-8657f96 elementor-section-boxed elementor-section-height-default elementor-section-height-default\" data-id=\"8657f96\" data-element_type=\"section\">\n\t\t\t\t\t\t<div class=\"elementor-container elementor-column-gap-default\">\n\t\t\t\t\t<div class=\"elementor-column elementor-col-100 elementor-top-column elementor-element elementor-element-089a51f\" data-id=\"089a51f\" data-element_type=\"column\">\n\t\t\t<div class=\"elementor-widget-wrap elementor-element-populated\">\n\t\t\t\t\t\t\t\t<div class=\"elementor-element elementor-element-f5077e0 elementor-widget elementor-widget-heading\" data-id=\"f5077e0\" data-element_type=\"widget\" data-widget_type=\"heading.default\">\n\t\t\t\t<div class=\"elementor-widget-container\">\n\t\t\t<h4 class=\"elementor-heading-title elementor-size-default\">Muelas de molino<\/h4>\t\t<\/div>\n\t\t\t\t<\/div>\n\t\t\t\t<div class=\"elementor-element elementor-element-05f8a39 elementor-widget elementor-widget-text-editor\" data-id=\"05f8a39\" data-element_type=\"widget\" data-widget_type=\"text-editor.default\">\n\t\t\t\t<div class=\"elementor-widget-container\">\n\t\t\t\t\t\t\t<p>Durante siglos, la elaboraci\u00f3n de muelas de molino fue una de las actividades econ\u00f3micas caracter\u00edsticas del Valle de Redondo y de otras localidades pr\u00f3ximas de La Castiller\u00eda y Bra\u00f1osera. Esta labor, encaminada a la obtenci\u00f3n y venta de piedras utilizadas en los molinos para triturar el cereal, alcanz\u00f3 una notable importancia y supuso un ingreso a\u00f1adido a la econom\u00eda local basada en la agricultura y ganader\u00eda, hasta el punto que a partir del siglo XVIII la fabricaci\u00f3n de muelas de molino fue regulada, estableciendo unas normas que limitaban la cantidad y calidad de producci\u00f3n para evitar conflictos entre los concejos implicados. Las muelas eran vendidas a lugares tan lejanos como La Rioja, Tierra de Campos o pueblos de Burgos y Le\u00f3n.<\/p><p>Para elaborar las muelas, los canteros sol\u00edan desplazarse a zonas alejadas de las poblaciones, a gran altitud, en b\u00fasqueda de la denominada &#8220;piedra molar&#8221;, una roca de tipo conglomerado, de gran dureza. Las distancias eran grandes y el trabajo de labra, extracci\u00f3n y transporte de las muelas en carros tirados por vacas se hac\u00eda muy pesado y pod\u00eda durar varios d\u00edas.<\/p><p>Los \u00faltimos canteros de muelas de molino se mantuvieron hasta los a\u00f1os 60-70 del siglo pasado.<\/p>\t\t\t\t\t\t<\/div>\n\t\t\t\t<\/div>\n\t\t\t\t<div class=\"elementor-element elementor-element-3e75b37 elementor-widget elementor-widget-heading\" data-id=\"3e75b37\" data-element_type=\"widget\" data-widget_type=\"heading.default\">\n\t\t\t\t<div class=\"elementor-widget-container\">\n\t\t\t<h4 class=\"elementor-heading-title elementor-size-default\">Ribero Pintado <\/h4>\t\t<\/div>\n\t\t\t\t<\/div>\n\t\t\t\t\t<\/div>\n\t\t<\/div>\n\t\t\t\t\t\t\t<\/div>\n\t\t<\/section>\n\t\t\t\t<section class=\"elementor-section elementor-top-section elementor-element elementor-element-920f8f8 elementor-section-boxed elementor-section-height-default elementor-section-height-default\" data-id=\"920f8f8\" data-element_type=\"section\">\n\t\t\t\t\t\t<div class=\"elementor-container elementor-column-gap-default\">\n\t\t\t\t\t<div class=\"elementor-column elementor-col-50 elementor-top-column elementor-element elementor-element-be833a2\" data-id=\"be833a2\" data-element_type=\"column\">\n\t\t\t<div class=\"elementor-widget-wrap elementor-element-populated\">\n\t\t\t\t\t\t\t\t<div class=\"elementor-element elementor-element-3f9e53f elementor-widget elementor-widget-text-editor\" data-id=\"3f9e53f\" data-element_type=\"widget\" data-widget_type=\"text-editor.default\">\n\t\t\t\t<div class=\"elementor-widget-container\">\n\t\t\t\t\t\t\t<p>El Ribero Pintado es un pintoresco paraje situado a 3 km de Santa Mar\u00eda de Redondo donde se puede contemplar una llamativa formaci\u00f3n geol\u00f3gica, con rocas de diferentes colores que cambian de tonalidad en funci\u00f3n de las condiciones de luz, humedad y momento del d\u00eda.<\/p>\t\t\t\t\t\t<\/div>\n\t\t\t\t<\/div>\n\t\t\t\t<div class=\"elementor-element elementor-element-bd692f7 elementor-widget elementor-widget-button\" data-id=\"bd692f7\" data-element_type=\"widget\" data-widget_type=\"button.default\">\n\t\t\t\t<div class=\"elementor-widget-container\">\n\t\t\t\t\t<div class=\"elementor-button-wrapper\">\n\t\t\t<a href=\"https:\/\/www.turismolapernia.com\/en\/ribero-pintado\/\" class=\"elementor-button-link elementor-button elementor-size-sm\" role=\"button\">\n\t\t\t\t\t\t<span class=\"elementor-button-content-wrapper\">\n\t\t\t\t\t\t<span class=\"elementor-button-icon elementor-align-icon-right\">\n\t\t\t\t<i aria-hidden=\"true\" class=\"fas fa-caret-right\"><\/i>\t\t\t<\/span>\n\t\t\t\t\t\t<span class=\"elementor-button-text\"> <b>More information<\/b><\/span>\n\t\t<\/span>\n\t\t\t\t\t<\/a>\n\t\t<\/div>\n\t\t\t\t<\/div>\n\t\t\t\t<\/div>\n\t\t\t\t\t<\/div>\n\t\t<\/div>\n\t\t\t\t<div class=\"elementor-column elementor-col-50 elementor-top-column elementor-element elementor-element-ef035f0\" data-id=\"ef035f0\" data-element_type=\"column\">\n\t\t\t<div class=\"elementor-widget-wrap elementor-element-populated\">\n\t\t\t\t\t\t\t\t<div class=\"elementor-element elementor-element-cdd61ef elementor-widget elementor-widget-image\" data-id=\"cdd61ef\" data-element_type=\"widget\" data-widget_type=\"image.default\">\n\t\t\t\t<div class=\"elementor-widget-container\">\n\t\t\t\t\t\t\t\t\t\t\t\t\t\t\t<img loading=\"lazy\" decoding=\"async\" width=\"525\" height=\"351\" src=\"https:\/\/www.turismolapernia.com\/wp-content\/uploads\/2022\/03\/Ribero-Pintado-1024x685.jpg\" class=\"attachment-large size-large\" alt=\"\" srcset=\"https:\/\/www.turismolapernia.com\/wp-content\/uploads\/2022\/03\/Ribero-Pintado-1024x685.jpg 1024w, https:\/\/www.turismolapernia.com\/wp-content\/uploads\/2022\/03\/Ribero-Pintado-300x201.jpg 300w, https:\/\/www.turismolapernia.com\/wp-content\/uploads\/2022\/03\/Ribero-Pintado-768x514.jpg 768w, https:\/\/www.turismolapernia.com\/wp-content\/uploads\/2022\/03\/Ribero-Pintado-272x182.jpg 272w, https:\/\/www.turismolapernia.com\/wp-content\/uploads\/2022\/03\/Ribero-Pintado.jpg 1167w\" sizes=\"auto, 100vw\" \/>\t\t\t\t\t\t\t\t\t\t\t\t\t\t\t<\/div>\n\t\t\t\t<\/div>\n\t\t\t\t\t<\/div>\n\t\t<\/div>\n\t\t\t\t\t\t\t<\/div>\n\t\t<\/section>\n\t\t\t\t<section class=\"elementor-section elementor-top-section elementor-element elementor-element-8dc5f7d elementor-section-boxed elementor-section-height-default elementor-section-height-default\" data-id=\"8dc5f7d\" data-element_type=\"section\">\n\t\t\t\t\t\t<div class=\"elementor-container elementor-column-gap-default\">\n\t\t\t\t\t<div class=\"elementor-column elementor-col-100 elementor-top-column elementor-element elementor-element-6dc249b\" data-id=\"6dc249b\" data-element_type=\"column\">\n\t\t\t<div class=\"elementor-widget-wrap elementor-element-populated\">\n\t\t\t\t\t\t\t\t<div class=\"elementor-element elementor-element-893c170 elementor-widget elementor-widget-heading\" data-id=\"893c170\" data-element_type=\"widget\" data-widget_type=\"heading.default\">\n\t\t\t\t<div class=\"elementor-widget-container\">\n\t\t\t<h4 class=\"elementor-heading-title elementor-size-default\">Cueva del Cobre<\/h4>\t\t<\/div>\n\t\t\t\t<\/div>\n\t\t\t\t<div class=\"elementor-element elementor-element-c35a7b0 elementor-widget elementor-widget-text-editor\" data-id=\"c35a7b0\" data-element_type=\"widget\" data-widget_type=\"text-editor.default\">\n\t\t\t\t<div class=\"elementor-widget-container\">\n\t\t\t\t\t\t\t<p>La Cueva del Cobre o Fuente Cobre es el lugar en el que las aguas del r\u00edo Pisuerga surgen al exterior en forma de manantial, tras recorrer varios kil\u00f3metros bajo tierra. Tradicionalmente esta cueva ha sido considerada como el nacimiento del r\u00edo Pisuerga, aunque se sabe que su origen real est\u00e1 unos metros m\u00e1s arriba, en las laderas del pico Valdecebollas.<\/p><p>Una ruta se\u00f1alizada permite conocer este bello y emblem\u00e1tico lugar. <\/p>\t\t\t\t\t\t<\/div>\n\t\t\t\t<\/div>\n\t\t\t\t<div class=\"elementor-element elementor-element-a111b57 elementor-widget elementor-widget-button\" data-id=\"a111b57\" data-element_type=\"widget\" data-widget_type=\"button.default\">\n\t\t\t\t<div class=\"elementor-widget-container\">\n\t\t\t\t\t<div class=\"elementor-button-wrapper\">\n\t\t\t<a href=\"https:\/\/www.turismolapernia.com\/en\/senda-de-fuente-cobre\/\" class=\"elementor-button-link elementor-button elementor-size-sm\" role=\"button\">\n\t\t\t\t\t\t<span class=\"elementor-button-content-wrapper\">\n\t\t\t\t\t\t<span class=\"elementor-button-icon elementor-align-icon-right\">\n\t\t\t\t<i aria-hidden=\"true\" class=\"fas fa-caret-right\"><\/i>\t\t\t<\/span>\n\t\t\t\t\t\t<span class=\"elementor-button-text\"> <b>More information<\/b><\/span>\n\t\t<\/span>\n\t\t\t\t\t<\/a>\n\t\t<\/div>\n\t\t\t\t<\/div>\n\t\t\t\t<\/div>\n\t\t\t\t\t<\/div>\n\t\t<\/div>\n\t\t\t\t\t\t\t<\/div>\n\t\t<\/section>\n\t\t\t\t<section class=\"elementor-section elementor-top-section elementor-element elementor-element-693256a elementor-section-boxed elementor-section-height-default elementor-section-height-default\" data-id=\"693256a\" data-element_type=\"section\">\n\t\t\t\t\t\t<div class=\"elementor-container elementor-column-gap-default\">\n\t\t\t\t\t<div class=\"elementor-column elementor-col-100 elementor-top-column elementor-element elementor-element-5031388\" data-id=\"5031388\" data-element_type=\"column\">\n\t\t\t<div class=\"elementor-widget-wrap elementor-element-populated\">\n\t\t\t\t\t\t\t\t<div class=\"elementor-element elementor-element-36a64c2 elementor-widget-divider--view-line elementor-widget elementor-widget-divider\" data-id=\"36a64c2\" data-element_type=\"widget\" data-widget_type=\"divider.default\">\n\t\t\t\t<div class=\"elementor-widget-container\">\n\t\t\t\t\t<div class=\"elementor-divider\">\n\t\t\t<span class=\"elementor-divider-separator\">\n\t\t\t\t\t\t<\/span>\n\t\t<\/div>\n\t\t\t\t<\/div>\n\t\t\t\t<\/div>\n\t\t\t\t<div class=\"elementor-element elementor-element-31c9442 elementor-widget elementor-widget-google_maps\" data-id=\"31c9442\" data-element_type=\"widget\" data-widget_type=\"google_maps.default\">\n\t\t\t\t<div class=\"elementor-widget-container\">\n\t\t\t\t\t<div class=\"elementor-custom-embed\">\n\t\t\t<iframe frameborder=\"0\" scrolling=\"no\" marginheight=\"0\" marginwidth=\"0\"\n\t\t\t\t\tsrc=\"https:\/\/maps.google.com\/maps?q=santa%20mar%C3%ADa%20de%20redondo&#038;t=m&#038;z=15&#038;output=embed&#038;iwloc=near\"\n\t\t\t\t\ttitle=\"santa mar\u00eda de redondo\"\n\t\t\t\t\taria-label=\"santa mar\u00eda de redondo\"\n\t\t\t><\/iframe>\n\t\t<\/div>\n\t\t\t\t<\/div>\n\t\t\t\t<\/div>\n\t\t\t\t\t<\/div>\n\t\t<\/div>\n\t\t\t\t\t\t\t<\/div>\n\t\t<\/section>\n\t\t\t\t\t\t<\/div>\n\t\t\t\t\t<\/div>","protected":false},"excerpt":{"rendered":"<p>Santa Mar\u00eda de Redondo La Pern\u00eda Los pueblos de La Pern\u00eda Santa Mar\u00eda de Redondo Santa Mar\u00eda de Redondo (La Pern\u00eda, Palencia) Altitud: 1210 m Poblaci\u00f3n: 43 habitantes (2024) Distancias: San Salvador de Cantamuda: 7 km Cervera de Pisuerga: 21 km Palencia: 130 km Santa Mar\u00eda de Redondo es la primera localidad por la que &hellip; <\/p>\n<p class=\"link-more\"><a href=\"https:\/\/www.turismolapernia.com\/en\/santa-maria-de-redondo\/\" class=\"more-link\">Continue reading<span class=\"screen-reader-text\"> &#8220;Santa Mar\u00eda de Redondo&#8221;<\/span><\/a><\/p>","protected":false},"author":1,"featured_media":13538,"parent":0,"menu_order":0,"comment_status":"closed","ping_status":"closed","template":"elementor_header_footer","meta":{"footnotes":""},"class_list":["post-9907","page","type-page","status-publish","has-post-thumbnail","hentry"],"yoast_head":"<!-- This site is optimized with the Yoast SEO plugin v23.5 - https:\/\/yoast.com\/wordpress\/plugins\/seo\/ -->\n<title>Santa Mar\u00eda de Redondo | Turismo La Pern\u00eda<\/title>\n<meta name=\"robots\" content=\"index, follow, max-snippet:-1, max-image-preview:large, max-video-preview:-1\" \/>\n<link rel=\"canonical\" href=\"https:\/\/www.turismolapernia.com\/en\/santa-maria-de-redondo\/\" \/>\n<meta property=\"og:locale\" content=\"en_GB\" \/>\n<meta property=\"og:type\" content=\"article\" \/>\n<meta property=\"og:title\" content=\"Santa Mar\u00eda de Redondo | Turismo La Pern\u00eda\" \/>\n<meta property=\"og:description\" content=\"Santa Mar\u00eda de Redondo La Pern\u00eda Los pueblos de La Pern\u00eda Santa Mar\u00eda de Redondo Santa Mar\u00eda de Redondo (La Pern\u00eda, Palencia) Altitud: 1210 m Poblaci\u00f3n: 43 habitantes (2024) Distancias: San Salvador de Cantamuda: 7 km Cervera de Pisuerga: 21 km Palencia: 130 km Santa Mar\u00eda de Redondo es la primera localidad por la que &hellip; Continue reading &quot;Santa Mar\u00eda de Redondo&quot;\" \/>\n<meta property=\"og:url\" content=\"https:\/\/www.turismolapernia.com\/en\/santa-maria-de-redondo\/\" \/>\n<meta property=\"og:site_name\" content=\"Turismo La Pern\u00eda\" \/>\n<meta property=\"article:publisher\" content=\"https:\/\/www.facebook.com\/turismolapernia\/\" \/>\n<meta property=\"article:modified_time\" content=\"2024-08-11T16:06:56+00:00\" \/>\n<meta property=\"og:image\" content=\"https:\/\/www.turismolapernia.com\/wp-content\/uploads\/2022\/09\/Santa-maria-de-redondo.jpeg\" \/>\n\t<meta property=\"og:image:width\" content=\"1304\" \/>\n\t<meta property=\"og:image:height\" content=\"978\" \/>\n\t<meta property=\"og:image:type\" content=\"image\/jpeg\" \/>\n<meta name=\"twitter:card\" content=\"summary_large_image\" \/>\n<meta name=\"twitter:label1\" content=\"Estimated reading time\" \/>\n\t<meta name=\"twitter:data1\" content=\"7 minutes\" \/>\n<script type=\"application\/ld+json\" class=\"yoast-schema-graph\">{\"@context\":\"https:\/\/schema.org\",\"@graph\":[{\"@type\":\"WebPage\",\"@id\":\"https:\/\/www.turismolapernia.com\/santa-maria-de-redondo\/\",\"url\":\"https:\/\/www.turismolapernia.com\/santa-maria-de-redondo\/\",\"name\":\"Santa Mar\u00eda de Redondo | Turismo La Pern\u00eda\",\"isPartOf\":{\"@id\":\"https:\/\/www.turismolapernia.com\/#website\"},\"primaryImageOfPage\":{\"@id\":\"https:\/\/www.turismolapernia.com\/santa-maria-de-redondo\/#primaryimage\"},\"image\":{\"@id\":\"https:\/\/www.turismolapernia.com\/santa-maria-de-redondo\/#primaryimage\"},\"thumbnailUrl\":\"https:\/\/www.turismolapernia.com\/wp-content\/uploads\/2022\/09\/Santa-maria-de-redondo.jpeg\",\"datePublished\":\"2022-03-11T12:37:47+00:00\",\"dateModified\":\"2024-08-11T16:06:56+00:00\",\"breadcrumb\":{\"@id\":\"https:\/\/www.turismolapernia.com\/santa-maria-de-redondo\/#breadcrumb\"},\"inLanguage\":\"en-GB\",\"potentialAction\":[{\"@type\":\"ReadAction\",\"target\":[\"https:\/\/www.turismolapernia.com\/santa-maria-de-redondo\/\"]}]},{\"@type\":\"ImageObject\",\"inLanguage\":\"en-GB\",\"@id\":\"https:\/\/www.turismolapernia.com\/santa-maria-de-redondo\/#primaryimage\",\"url\":\"https:\/\/www.turismolapernia.com\/wp-content\/uploads\/2022\/09\/Santa-maria-de-redondo.jpeg\",\"contentUrl\":\"https:\/\/www.turismolapernia.com\/wp-content\/uploads\/2022\/09\/Santa-maria-de-redondo.jpeg\",\"width\":1304,\"height\":978},{\"@type\":\"BreadcrumbList\",\"@id\":\"https:\/\/www.turismolapernia.com\/santa-maria-de-redondo\/#breadcrumb\",\"itemListElement\":[{\"@type\":\"ListItem\",\"position\":1,\"name\":\"La Pern\u00eda\",\"item\":\"https:\/\/www.turismolapernia.com\/\"},{\"@type\":\"ListItem\",\"position\":2,\"name\":\"Santa Mar\u00eda de Redondo\"}]},{\"@type\":\"WebSite\",\"@id\":\"https:\/\/www.turismolapernia.com\/#website\",\"url\":\"https:\/\/www.turismolapernia.com\/\",\"name\":\"Turismo La Pern\u00eda\",\"description\":\"Monta\u00f1a Palentina\",\"publisher\":{\"@id\":\"https:\/\/www.turismolapernia.com\/#organization\"},\"potentialAction\":[{\"@type\":\"SearchAction\",\"target\":{\"@type\":\"EntryPoint\",\"urlTemplate\":\"https:\/\/www.turismolapernia.com\/?s={search_term_string}\"},\"query-input\":{\"@type\":\"PropertyValueSpecification\",\"valueRequired\":true,\"valueName\":\"search_term_string\"}}],\"inLanguage\":\"en-GB\"},{\"@type\":\"Organization\",\"@id\":\"https:\/\/www.turismolapernia.com\/#organization\",\"name\":\"Turismo La Pern\u00eda\",\"url\":\"https:\/\/www.turismolapernia.com\/\",\"logo\":{\"@type\":\"ImageObject\",\"inLanguage\":\"en-GB\",\"@id\":\"https:\/\/www.turismolapernia.com\/#\/schema\/logo\/image\/\",\"url\":\"https:\/\/www.turismolapernia.com\/wp-content\/uploads\/2021\/12\/cropped-logo-CRV-Pernia-perfil.jpg\",\"contentUrl\":\"https:\/\/www.turismolapernia.com\/wp-content\/uploads\/2021\/12\/cropped-logo-CRV-Pernia-perfil.jpg\",\"width\":512,\"height\":512,\"caption\":\"Turismo La Pern\u00eda\"},\"image\":{\"@id\":\"https:\/\/www.turismolapernia.com\/#\/schema\/logo\/image\/\"},\"sameAs\":[\"https:\/\/www.facebook.com\/turismolapernia\/\",\"https:\/\/www.instagram.com\/turismolapernia\/\"]}]}<\/script>\n<!-- \/ Yoast SEO plugin. -->","yoast_head_json":{"title":"Santa Mar\u00eda de Redondo | Turismo La Pern\u00eda","robots":{"index":"index","follow":"follow","max-snippet":"max-snippet:-1","max-image-preview":"max-image-preview:large","max-video-preview":"max-video-preview:-1"},"canonical":"https:\/\/www.turismolapernia.com\/en\/santa-maria-de-redondo\/","og_locale":"en_GB","og_type":"article","og_title":"Santa Mar\u00eda de Redondo | Turismo La Pern\u00eda","og_description":"Santa Mar\u00eda de Redondo La Pern\u00eda Los pueblos de La Pern\u00eda Santa Mar\u00eda de Redondo Santa Mar\u00eda de Redondo (La Pern\u00eda, Palencia) Altitud: 1210 m Poblaci\u00f3n: 43 habitantes (2024) Distancias: San Salvador de Cantamuda: 7 km Cervera de Pisuerga: 21 km Palencia: 130 km Santa Mar\u00eda de Redondo es la primera localidad por la que &hellip; Continue reading \"Santa Mar\u00eda de Redondo\"","og_url":"https:\/\/www.turismolapernia.com\/en\/santa-maria-de-redondo\/","og_site_name":"Turismo La Pern\u00eda","article_publisher":"https:\/\/www.facebook.com\/turismolapernia\/","article_modified_time":"2024-08-11T16:06:56+00:00","og_image":[{"width":1304,"height":978,"url":"https:\/\/www.turismolapernia.com\/wp-content\/uploads\/2022\/09\/Santa-maria-de-redondo.jpeg","type":"image\/jpeg"}],"twitter_card":"summary_large_image","twitter_misc":{"Estimated reading time":"7 minutes"},"schema":{"@context":"https:\/\/schema.org","@graph":[{"@type":"WebPage","@id":"https:\/\/www.turismolapernia.com\/santa-maria-de-redondo\/","url":"https:\/\/www.turismolapernia.com\/santa-maria-de-redondo\/","name":"Santa Mar\u00eda de Redondo | Turismo La Pern\u00eda","isPartOf":{"@id":"https:\/\/www.turismolapernia.com\/#website"},"primaryImageOfPage":{"@id":"https:\/\/www.turismolapernia.com\/santa-maria-de-redondo\/#primaryimage"},"image":{"@id":"https:\/\/www.turismolapernia.com\/santa-maria-de-redondo\/#primaryimage"},"thumbnailUrl":"https:\/\/www.turismolapernia.com\/wp-content\/uploads\/2022\/09\/Santa-maria-de-redondo.jpeg","datePublished":"2022-03-11T12:37:47+00:00","dateModified":"2024-08-11T16:06:56+00:00","breadcrumb":{"@id":"https:\/\/www.turismolapernia.com\/santa-maria-de-redondo\/#breadcrumb"},"inLanguage":"en-GB","potentialAction":[{"@type":"ReadAction","target":["https:\/\/www.turismolapernia.com\/santa-maria-de-redondo\/"]}]},{"@type":"ImageObject","inLanguage":"en-GB","@id":"https:\/\/www.turismolapernia.com\/santa-maria-de-redondo\/#primaryimage","url":"https:\/\/www.turismolapernia.com\/wp-content\/uploads\/2022\/09\/Santa-maria-de-redondo.jpeg","contentUrl":"https:\/\/www.turismolapernia.com\/wp-content\/uploads\/2022\/09\/Santa-maria-de-redondo.jpeg","width":1304,"height":978},{"@type":"BreadcrumbList","@id":"https:\/\/www.turismolapernia.com\/santa-maria-de-redondo\/#breadcrumb","itemListElement":[{"@type":"ListItem","position":1,"name":"La Pern\u00eda","item":"https:\/\/www.turismolapernia.com\/"},{"@type":"ListItem","position":2,"name":"Santa Mar\u00eda de Redondo"}]},{"@type":"WebSite","@id":"https:\/\/www.turismolapernia.com\/#website","url":"https:\/\/www.turismolapernia.com\/","name":"Turismo La Pern\u00eda","description":"Monta\u00f1a Palentina","publisher":{"@id":"https:\/\/www.turismolapernia.com\/#organization"},"potentialAction":[{"@type":"SearchAction","target":{"@type":"EntryPoint","urlTemplate":"https:\/\/www.turismolapernia.com\/?s={search_term_string}"},"query-input":{"@type":"PropertyValueSpecification","valueRequired":true,"valueName":"search_term_string"}}],"inLanguage":"en-GB"},{"@type":"Organization","@id":"https:\/\/www.turismolapernia.com\/#organization","name":"Turismo La Pern\u00eda","url":"https:\/\/www.turismolapernia.com\/","logo":{"@type":"ImageObject","inLanguage":"en-GB","@id":"https:\/\/www.turismolapernia.com\/#\/schema\/logo\/image\/","url":"https:\/\/www.turismolapernia.com\/wp-content\/uploads\/2021\/12\/cropped-logo-CRV-Pernia-perfil.jpg","contentUrl":"https:\/\/www.turismolapernia.com\/wp-content\/uploads\/2021\/12\/cropped-logo-CRV-Pernia-perfil.jpg","width":512,"height":512,"caption":"Turismo La Pern\u00eda"},"image":{"@id":"https:\/\/www.turismolapernia.com\/#\/schema\/logo\/image\/"},"sameAs":["https:\/\/www.facebook.com\/turismolapernia\/","https:\/\/www.instagram.com\/turismolapernia\/"]}]}},"_links":{"self":[{"href":"https:\/\/www.turismolapernia.com\/en\/wp-json\/wp\/v2\/pages\/9907","targetHints":{"allow":["GET"]}}],"collection":[{"href":"https:\/\/www.turismolapernia.com\/en\/wp-json\/wp\/v2\/pages"}],"about":[{"href":"https:\/\/www.turismolapernia.com\/en\/wp-json\/wp\/v2\/types\/page"}],"author":[{"embeddable":true,"href":"https:\/\/www.turismolapernia.com\/en\/wp-json\/wp\/v2\/users\/1"}],"replies":[{"embeddable":true,"href":"https:\/\/www.turismolapernia.com\/en\/wp-json\/wp\/v2\/comments?post=9907"}],"version-history":[{"count":182,"href":"https:\/\/www.turismolapernia.com\/en\/wp-json\/wp\/v2\/pages\/9907\/revisions"}],"predecessor-version":[{"id":17956,"href":"https:\/\/www.turismolapernia.com\/en\/wp-json\/wp\/v2\/pages\/9907\/revisions\/17956"}],"wp:featuredmedia":[{"embeddable":true,"href":"https:\/\/www.turismolapernia.com\/en\/wp-json\/wp\/v2\/media\/13538"}],"wp:attachment":[{"href":"https:\/\/www.turismolapernia.com\/en\/wp-json\/wp\/v2\/media?parent=9907"}],"curies":[{"name":"wp","href":"https:\/\/api.w.org\/{rel}","templated":true}]}}