{"id":395,"date":"2021-02-04T10:04:27","date_gmt":"2021-02-04T09:04:27","guid":{"rendered":"https:\/\/turismolapernia.wordpress.com\/?page_id=395"},"modified":"2024-06-27T15:05:59","modified_gmt":"2024-06-27T13:05:59","slug":"camasobres","status":"publish","type":"page","link":"https:\/\/www.turismolapernia.com\/en\/camasobres\/","title":{"rendered":"Camasobres"},"content":{"rendered":"<div data-elementor-type=\"wp-page\" data-elementor-id=\"395\" class=\"elementor elementor-395\" data-elementor-settings=\"[]\">\n\t\t\t\t\t\t\t<div class=\"elementor-section-wrap\">\n\t\t\t\t\t\t\t<section class=\"elementor-section elementor-top-section elementor-element elementor-element-44c6554 elementor-section-boxed elementor-section-height-default elementor-section-height-default\" data-id=\"44c6554\" data-element_type=\"section\">\n\t\t\t\t\t\t<div class=\"elementor-container elementor-column-gap-default\">\n\t\t\t\t\t<div class=\"elementor-column elementor-col-100 elementor-top-column elementor-element elementor-element-0f1ce38\" data-id=\"0f1ce38\" data-element_type=\"column\">\n\t\t\t<div class=\"elementor-widget-wrap elementor-element-populated\">\n\t\t\t\t\t\t\t\t<div class=\"elementor-element elementor-element-1ca9974 elementor-widget elementor-widget-heading\" data-id=\"1ca9974\" data-element_type=\"widget\" data-widget_type=\"heading.default\">\n\t\t\t\t<div class=\"elementor-widget-container\">\n\t\t\t<h1 class=\"elementor-heading-title elementor-size-default\"><b>Camasobres<\/b><\/h1>\t\t<\/div>\n\t\t\t\t<\/div>\n\t\t\t\t<div class=\"elementor-element elementor-element-db6706c elementor-widget elementor-widget-bdt-scrollnav\" data-id=\"db6706c\" data-element_type=\"widget\" data-widget_type=\"bdt-scrollnav.default\">\n\t\t\t\t<div class=\"elementor-widget-container\">\n\t\t\t\t\t<div class=\"bdt-scrollnav bdt-navbar-container bdt-navbar-transparent bdt-navbar\" data-bdt-navbar=\"\">\n\t\t\t<div class=\"bdt-navbar-left\">\n\t\t\t\t<ul class=\"bdt-navbar-nav\" data-bdt-scrollspy-nav=\"closest: li; scroll: true; offset: 0;\">\n\t\t\t\t\t\t    <li>\n\t\t\t<a href=\"https:\/\/www.turismolapernia.com\/en\/\" target=\"_self\" rel=\"\" data-tippy-content=\"\">\n\t\t\t\tLa Pern\u00eda \t\t\t\t\t\t\t\t\t<span class=\"bdt-button-icon-align-right\">\n\n\t\t\t\t\t\t<i aria-hidden=\"true\" class=\"fa-fw fas fa-angle-right\"><\/i>\n\t\t\t\t\t<\/span>\n\t\t\t\t\t\t\t<\/a>\n\t\t<\/li>\n\t\t\t    <li>\n\t\t\t<a href=\"https:\/\/www.turismolapernia.com\/en\/pueblos-pernia\/\" target=\"_self\" rel=\"\" data-tippy-content=\"\">\n\t\t\t\tThe villages of La Pern\u00eda \t\t\t\t\t\t\t<\/a>\n\t\t<\/li>\n\t\t\t\t\t\t<\/ul>\n\t\t\t<\/div>\n\t\t<\/div>\n\t    \t\t<\/div>\n\t\t\t\t<\/div>\n\t\t\t\t\t<\/div>\n\t\t<\/div>\n\t\t\t\t\t\t\t<\/div>\n\t\t<\/section>\n\t\t\t\t<section class=\"elementor-section elementor-top-section elementor-element elementor-element-9531451 elementor-section-boxed elementor-section-height-default elementor-section-height-default\" data-id=\"9531451\" data-element_type=\"section\" data-settings=\"{&quot;background_background&quot;:&quot;classic&quot;}\">\n\t\t\t\t\t\t\t<div class=\"elementor-background-overlay\"><\/div>\n\t\t\t\t\t\t\t<div class=\"elementor-container elementor-column-gap-default\">\n\t\t\t\t\t<div class=\"elementor-column elementor-col-100 elementor-top-column elementor-element elementor-element-ae8bce3\" data-id=\"ae8bce3\" data-element_type=\"column\" data-settings=\"{&quot;background_background&quot;:&quot;classic&quot;}\">\n\t\t\t<div class=\"elementor-widget-wrap elementor-element-populated\">\n\t\t\t\t\t<div class=\"elementor-background-overlay\"><\/div>\n\t\t\t\t\t\t\t\t<div class=\"elementor-element elementor-element-b2f97f2 elementor-widget elementor-widget-heading\" data-id=\"b2f97f2\" data-element_type=\"widget\" data-widget_type=\"heading.default\">\n\t\t\t\t<div class=\"elementor-widget-container\">\n\t\t\t<h1 class=\"elementor-heading-title elementor-size-default\"><b>Camasobres<\/b><\/h1>\t\t<\/div>\n\t\t\t\t<\/div>\n\t\t\t\t\t<\/div>\n\t\t<\/div>\n\t\t\t\t\t\t\t<\/div>\n\t\t<\/section>\n\t\t\t\t<section class=\"elementor-section elementor-top-section elementor-element elementor-element-afe603b elementor-section-boxed elementor-section-height-default elementor-section-height-default\" data-id=\"afe603b\" data-element_type=\"section\">\n\t\t\t\t\t\t<div class=\"elementor-container elementor-column-gap-default\">\n\t\t\t\t\t<div class=\"elementor-column elementor-col-50 elementor-top-column elementor-element elementor-element-4a35c94\" data-id=\"4a35c94\" data-element_type=\"column\" data-settings=\"{&quot;background_background&quot;:&quot;classic&quot;}\">\n\t\t\t<div class=\"elementor-widget-wrap elementor-element-populated\">\n\t\t\t\t\t\t\t\t<div class=\"elementor-element elementor-element-66cd7fd elementor-widget elementor-widget-text-editor\" data-id=\"66cd7fd\" data-element_type=\"widget\" data-widget_type=\"text-editor.default\">\n\t\t\t\t<div class=\"elementor-widget-container\">\n\t\t\t\t\t\t\t<p><b>Camasobres<br><\/b><\/p>\t\t\t\t\t\t<\/div>\n\t\t\t\t<\/div>\n\t\t\t\t<div class=\"elementor-element elementor-element-c45433a elementor-widget elementor-widget-text-editor\" data-id=\"c45433a\" data-element_type=\"widget\" data-widget_type=\"text-editor.default\">\n\t\t\t\t<div class=\"elementor-widget-container\">\n\t\t\t\t\t\t\t<p><b>(La Pern\u00eda, Palencia)<br><\/b><\/p>\t\t\t\t\t\t<\/div>\n\t\t\t\t<\/div>\n\t\t\t\t<div class=\"elementor-element elementor-element-671aa59 elementor-icon-list--layout-traditional elementor-list-item-link-full_width elementor-widget elementor-widget-icon-list\" data-id=\"671aa59\" data-element_type=\"widget\" data-widget_type=\"icon-list.default\">\n\t\t\t\t<div class=\"elementor-widget-container\">\n\t\t\t\t\t<ul class=\"elementor-icon-list-items\">\n\t\t\t\t\t\t\t<li class=\"elementor-icon-list-item\">\n\t\t\t\t\t\t\t\t\t\t\t<span class=\"elementor-icon-list-icon\">\n\t\t\t\t\t\t\t<i aria-hidden=\"true\" class=\"fas fa-angle-right\"><\/i>\t\t\t\t\t\t<\/span>\n\t\t\t\t\t\t\t\t\t\t<span class=\"elementor-icon-list-text\"><b>Altitude: <\/b>1204 m <\/span>\n\t\t\t\t\t\t\t\t\t<\/li>\n\t\t\t\t\t\t\t\t<li class=\"elementor-icon-list-item\">\n\t\t\t\t\t\t\t\t\t\t\t<span class=\"elementor-icon-list-icon\">\n\t\t\t\t\t\t\t<i aria-hidden=\"true\" class=\"fas fa-angle-right\"><\/i>\t\t\t\t\t\t<\/span>\n\t\t\t\t\t\t\t\t\t\t<span class=\"elementor-icon-list-text\"><b>Population<\/b><b>: <\/b>12 habitantes (2024)<\/span>\n\t\t\t\t\t\t\t\t\t<\/li>\n\t\t\t\t\t\t\t\t<li class=\"elementor-icon-list-item\">\n\t\t\t\t\t\t\t\t\t\t\t<span class=\"elementor-icon-list-icon\">\n\t\t\t\t\t\t\t<i aria-hidden=\"true\" class=\"fas fa-angle-right\"><\/i>\t\t\t\t\t\t<\/span>\n\t\t\t\t\t\t\t\t\t\t<span class=\"elementor-icon-list-text\"><b>Distances:<\/b><\/span>\n\t\t\t\t\t\t\t\t\t<\/li>\n\t\t\t\t\t\t<\/ul>\n\t\t\t\t<\/div>\n\t\t\t\t<\/div>\n\t\t\t\t<div class=\"elementor-element elementor-element-00f97d0 elementor-icon-list--layout-traditional elementor-list-item-link-full_width elementor-widget elementor-widget-icon-list\" data-id=\"00f97d0\" data-element_type=\"widget\" data-widget_type=\"icon-list.default\">\n\t\t\t\t<div class=\"elementor-widget-container\">\n\t\t\t\t\t<ul class=\"elementor-icon-list-items\">\n\t\t\t\t\t\t\t<li class=\"elementor-icon-list-item\">\n\t\t\t\t\t\t\t\t\t\t\t<span class=\"elementor-icon-list-icon\">\n\t\t\t\t\t\t\t<i aria-hidden=\"true\" class=\"fas fa-circle\"><\/i>\t\t\t\t\t\t<\/span>\n\t\t\t\t\t\t\t\t\t\t<span class=\"elementor-icon-list-text\">San Salvador de Cantamuda:<b> <\/b>7 km<\/span>\n\t\t\t\t\t\t\t\t\t<\/li>\n\t\t\t\t\t\t\t\t<li class=\"elementor-icon-list-item\">\n\t\t\t\t\t\t\t\t\t\t\t<span class=\"elementor-icon-list-icon\">\n\t\t\t\t\t\t\t<i aria-hidden=\"true\" class=\"fas fa-circle\"><\/i>\t\t\t\t\t\t<\/span>\n\t\t\t\t\t\t\t\t\t\t<span class=\"elementor-icon-list-text\">Cervera de Pisuerga: 21 km <\/span>\n\t\t\t\t\t\t\t\t\t<\/li>\n\t\t\t\t\t\t\t\t<li class=\"elementor-icon-list-item\">\n\t\t\t\t\t\t\t\t\t\t\t<span class=\"elementor-icon-list-icon\">\n\t\t\t\t\t\t\t<i aria-hidden=\"true\" class=\"fas fa-circle\"><\/i>\t\t\t\t\t\t<\/span>\n\t\t\t\t\t\t\t\t\t\t<span class=\"elementor-icon-list-text\">Palencia: <b> <\/b>130 km<\/span>\n\t\t\t\t\t\t\t\t\t<\/li>\n\t\t\t\t\t\t<\/ul>\n\t\t\t\t<\/div>\n\t\t\t\t<\/div>\n\t\t\t\t\t<\/div>\n\t\t<\/div>\n\t\t\t\t<div class=\"elementor-column elementor-col-50 elementor-top-column elementor-element elementor-element-c9cfbbb\" data-id=\"c9cfbbb\" data-element_type=\"column\">\n\t\t\t<div class=\"elementor-widget-wrap elementor-element-populated\">\n\t\t\t\t\t\t\t\t<div class=\"elementor-element elementor-element-4f00a9c elementor-widget elementor-widget-text-editor\" data-id=\"4f00a9c\" data-element_type=\"widget\" data-widget_type=\"text-editor.default\">\n\t\t\t\t<div class=\"elementor-widget-container\">\n\t\t\t\t\t\t\t<p><b>Camasobres<\/b> is located next to the regional highway CL-627, between San Salvador de Cantamuda and Puerto de Piedrasluengas, 5 km from the town. <br><\/p>\n<p><br><\/p>\n<p>The town is mentioned in the 12th century as <em>Camassores<\/em>It appears to have been a resting place, where carters ascending the mountain from Campos were given a bed. Although some authors attempt to explain its name as derived from a possible Celtic origin (<i>cambo<\/i>) and from Latin (<i>superest<\/i>meaning \"upper valley.\" Another version uses Iberian etymology to determine that it could be a compound word (<i>ik-ama-txur-aitz<\/i>)\" meaning \"Rock of the rising torrent,\" corresponding to the area's topography.<\/p>\n<p><br><\/p>\n<p>According to Sebasti\u00e1n Mi\u00f1ano's dictionary, in the first half of the 19th century, the road industry was important in Camasobres for the transport of salt and the construction of barrels for flour and farm implements.<\/p>\t\t\t\t\t\t<\/div>\n\t\t\t\t<\/div>\n\t\t\t\t<div class=\"elementor-element elementor-element-12d719f elementor-widget elementor-widget-text-editor\" data-id=\"12d719f\" data-element_type=\"widget\" data-widget_type=\"text-editor.default\">\n\t\t\t\t<div class=\"elementor-widget-container\">\n\t\t\t\t\t\t\t<p>In Camasobres, there are some examples of noble mansions bearing coats of arms, one of which has been restored for use as a hotel, the<span style=\"color: #003366;\"> <b><a style=\"color: #003366;\" href=\"http:\/\/hotelposadafuentescarrionas.es\/\">Posada de Fuentes Carrionas<\/a><\/b>.<\/span><\/p>\n<p>\u00a0<\/p>\n<p>Camasobres celebrates its festival in honor of San Pantale\u00f3n on July 27th, and its main festival, San Roque, on August 16th.<\/p>\t\t\t\t\t\t<\/div>\n\t\t\t\t<\/div>\n\t\t\t\t\t<\/div>\n\t\t<\/div>\n\t\t\t\t\t\t\t<\/div>\n\t\t<\/section>\n\t\t\t\t<section class=\"elementor-section elementor-top-section elementor-element elementor-element-f835c85 elementor-section-boxed elementor-section-height-default elementor-section-height-default\" data-id=\"f835c85\" data-element_type=\"section\">\n\t\t\t\t\t\t<div class=\"elementor-container elementor-column-gap-default\">\n\t\t\t\t\t<div class=\"elementor-column elementor-col-100 elementor-top-column elementor-element elementor-element-5c7cbdd\" data-id=\"5c7cbdd\" data-element_type=\"column\" data-settings=\"{&quot;background_background&quot;:&quot;classic&quot;}\">\n\t\t\t<div class=\"elementor-widget-wrap elementor-element-populated\">\n\t\t\t\t\t\t\t\t<div class=\"elementor-element elementor-element-b6d3834 elementor-widget elementor-widget-heading\" data-id=\"b6d3834\" data-element_type=\"widget\" data-widget_type=\"heading.default\">\n\t\t\t\t<div class=\"elementor-widget-container\">\n\t\t\t<h4 class=\"elementor-heading-title elementor-size-default\">Camasobres en im\u00e1genes<\/h4>\t\t<\/div>\n\t\t\t\t<\/div>\n\t\t\t\t<div class=\"elementor-element elementor-element-fc4bf5c elementor-arrows-position-inside elementor-pagination-position-outside elementor-widget elementor-widget-image-carousel\" data-id=\"fc4bf5c\" data-element_type=\"widget\" data-settings=\"{&quot;image_spacing_custom&quot;:{&quot;unit&quot;:&quot;px&quot;,&quot;size&quot;:52,&quot;sizes&quot;:[]},&quot;navigation&quot;:&quot;both&quot;,&quot;autoplay&quot;:&quot;yes&quot;,&quot;pause_on_hover&quot;:&quot;yes&quot;,&quot;pause_on_interaction&quot;:&quot;yes&quot;,&quot;autoplay_speed&quot;:5000,&quot;infinite&quot;:&quot;yes&quot;,&quot;speed&quot;:500}\" data-widget_type=\"image-carousel.default\">\n\t\t\t\t<div class=\"elementor-widget-container\">\n\t\t\t\t\t<div class=\"elementor-image-carousel-wrapper swiper-container\" dir=\"ltr\">\n\t\t\t<div class=\"elementor-image-carousel swiper-wrapper\">\n\t\t\t\t\t\t\t\t<div class=\"swiper-slide\"><figure class=\"swiper-slide-inner\"><img decoding=\"async\" class=\"swiper-slide-image\" src=\"https:\/\/www.turismolapernia.com\/wp-content\/uploads\/2023\/01\/prao-camasobres-768x576.jpeg\" alt=\"prao camasobres\" \/><\/figure><\/div><div class=\"swiper-slide\"><figure class=\"swiper-slide-inner\"><img decoding=\"async\" class=\"swiper-slide-image\" src=\"https:\/\/www.turismolapernia.com\/wp-content\/uploads\/2023\/01\/posada-fuentes-carrionas-768x576.jpeg\" alt=\"posada fuentes carrionas\" \/><\/figure><\/div><div class=\"swiper-slide\"><figure class=\"swiper-slide-inner\"><img decoding=\"async\" class=\"swiper-slide-image\" src=\"https:\/\/www.turismolapernia.com\/wp-content\/uploads\/2023\/01\/DSC09246-01-768x576.jpeg\" alt=\"DSC09246-01\" \/><\/figure><\/div><div class=\"swiper-slide\"><figure class=\"swiper-slide-inner\"><img decoding=\"async\" class=\"swiper-slide-image\" src=\"https:\/\/www.turismolapernia.com\/wp-content\/uploads\/2023\/01\/calle-camasobres-768x576.jpeg\" alt=\"calle camasobres\" \/><\/figure><\/div><div class=\"swiper-slide\"><figure class=\"swiper-slide-inner\"><img decoding=\"async\" class=\"swiper-slide-image\" src=\"https:\/\/www.turismolapernia.com\/wp-content\/uploads\/2023\/01\/foto-camasobres-768x576.jpeg\" alt=\"foto camasobres\" \/><\/figure><\/div><div class=\"swiper-slide\"><figure class=\"swiper-slide-inner\"><img decoding=\"async\" class=\"swiper-slide-image\" src=\"https:\/\/www.turismolapernia.com\/wp-content\/uploads\/2023\/01\/entrada-carretera-camasobres-768x577.jpeg\" alt=\"entrada carretera camasobres\" \/><\/figure><\/div><div class=\"swiper-slide\"><figure class=\"swiper-slide-inner\"><img decoding=\"async\" class=\"swiper-slide-image\" src=\"https:\/\/www.turismolapernia.com\/wp-content\/uploads\/2023\/01\/posada-camasobres-768x577.jpeg\" alt=\"posada camasobres\" \/><\/figure><\/div>\t\t\t<\/div>\n\t\t\t\t\t\t\t\t\t\t\t\t<div class=\"swiper-pagination\"><\/div>\n\t\t\t\t\t\t\t\t\t\t\t\t\t<div class=\"elementor-swiper-button elementor-swiper-button-prev\">\n\t\t\t\t\t\t<i class=\"eicon-chevron-left\" aria-hidden=\"true\"><\/i>\n\t\t\t\t\t\t<span class=\"elementor-screen-only\">Previous<\/span>\n\t\t\t\t\t<\/div>\n\t\t\t\t\t<div class=\"elementor-swiper-button elementor-swiper-button-next\">\n\t\t\t\t\t\t<i class=\"eicon-chevron-right\" aria-hidden=\"true\"><\/i>\n\t\t\t\t\t\t<span class=\"elementor-screen-only\">Next<\/span>\n\t\t\t\t\t<\/div>\n\t\t\t\t\t\t\t\t\t<\/div>\n\t\t\t\t<\/div>\n\t\t\t\t<\/div>\n\t\t\t\t\t<\/div>\n\t\t<\/div>\n\t\t\t\t\t\t\t<\/div>\n\t\t<\/section>\n\t\t\t\t<section class=\"elementor-section elementor-top-section elementor-element elementor-element-41b01f4 elementor-section-boxed elementor-section-height-default elementor-section-height-default\" data-id=\"41b01f4\" data-element_type=\"section\">\n\t\t\t\t\t\t<div class=\"elementor-container elementor-column-gap-default\">\n\t\t\t\t\t<div class=\"elementor-column elementor-col-100 elementor-top-column elementor-element elementor-element-dd9c07e\" data-id=\"dd9c07e\" data-element_type=\"column\">\n\t\t\t<div class=\"elementor-widget-wrap elementor-element-populated\">\n\t\t\t\t\t\t\t\t<div class=\"elementor-element elementor-element-1fefd8d elementor-widget elementor-widget-heading\" data-id=\"1fefd8d\" data-element_type=\"widget\" data-widget_type=\"heading.default\">\n\t\t\t\t<div class=\"elementor-widget-container\">\n\t\t\t<h4 class=\"elementor-heading-title elementor-size-default\">Iglesia de San Pantale\u00f3n<\/h4>\t\t<\/div>\n\t\t\t\t<\/div>\n\t\t\t\t<div class=\"elementor-element elementor-element-1a09f23 elementor-widget elementor-widget-text-editor\" data-id=\"1a09f23\" data-element_type=\"widget\" data-widget_type=\"text-editor.default\">\n\t\t\t\t<div class=\"elementor-widget-container\">\n\t\t\t\t\t\t\t<p>La iglesia de San Pantale\u00f3n de Camasobres tiene origen rom\u00e1nico, aunque de esa \u00e9poca tan solo conserva la espada\u00f1a. El resto del edificio fue reconstruido principalmente entre los siglos XVII y XVIII. Su planta es rectangular, con tres naves y cabecera cuadrada con un ventanal abocelado.<\/p>\t\t\t\t\t\t<\/div>\n\t\t\t\t<\/div>\n\t\t\t\t\t<\/div>\n\t\t<\/div>\n\t\t\t\t\t\t\t<\/div>\n\t\t<\/section>\n\t\t\t\t<section class=\"elementor-section elementor-top-section elementor-element elementor-element-47a63e5 elementor-section-boxed elementor-section-height-default elementor-section-height-default\" data-id=\"47a63e5\" data-element_type=\"section\">\n\t\t\t\t\t\t<div class=\"elementor-container elementor-column-gap-default\">\n\t\t\t\t\t<div class=\"elementor-column elementor-col-50 elementor-top-column elementor-element elementor-element-cefad06\" data-id=\"cefad06\" data-element_type=\"column\">\n\t\t\t<div class=\"elementor-widget-wrap elementor-element-populated\">\n\t\t\t\t\t\t\t\t<div class=\"elementor-element elementor-element-2465fcf elementor-widget elementor-widget-text-editor\" data-id=\"2465fcf\" data-element_type=\"widget\" data-widget_type=\"text-editor.default\">\n\t\t\t\t<div class=\"elementor-widget-container\">\n\t\t\t\t\t\t\t<p>\u00a0<\/p>\n<p>Como curiosidad, en una piedra de uno de los contrafuertes del templo, hay grabada una <b>inscripci\u00f3n<\/b> que habla de una excepcional nevada a principios del siglo XVIII:<\/p>\t\t\t\t\t\t<\/div>\n\t\t\t\t<\/div>\n\t\t\t\t<div class=\"elementor-element elementor-element-4b8cd81 elementor-blockquote--skin-border elementor-blockquote--button-color-official elementor-widget elementor-widget-blockquote\" data-id=\"4b8cd81\" data-element_type=\"widget\" data-widget_type=\"blockquote.default\">\n\t\t\t\t<div class=\"elementor-widget-container\">\n\t\t\t\t\t<blockquote class=\"elementor-blockquote\">\n\t\t\t<p class=\"elementor-blockquote__content\">\n\t\t\t\t<i><b>\"ANO 1713 A 26 D FR\u00ba COMZ<\/b><\/i><i><b><i><b>\u00ba<\/b><\/i> A NEVAR I N\u00ba ZESO ASTA 29 D AVRI ESTE DIA 12 VARS\"<\/b><\/i><br><i>A\u00f1o 1713, a 26 de Febrero comenz\u00f3 a nevar y no ces\u00f3 hasta el 29 de Abril. Este d\u00eda 12 varas<\/i> (10 metros).\t\t\t<\/p>\n\t\t\t\t\t<\/blockquote>\n\t\t\t\t<\/div>\n\t\t\t\t<\/div>\n\t\t\t\t\t<\/div>\n\t\t<\/div>\n\t\t\t\t<div class=\"elementor-column elementor-col-50 elementor-top-column elementor-element elementor-element-1964a40\" data-id=\"1964a40\" data-element_type=\"column\">\n\t\t\t<div class=\"elementor-widget-wrap elementor-element-populated\">\n\t\t\t\t\t\t\t\t<div class=\"elementor-element elementor-element-3fc5de7 elementor-widget elementor-widget-image\" data-id=\"3fc5de7\" data-element_type=\"widget\" data-widget_type=\"image.default\">\n\t\t\t\t<div class=\"elementor-widget-container\">\n\t\t\t\t\t\t\t\t\t\t\t\t\t\t\t<img loading=\"lazy\" decoding=\"async\" width=\"525\" height=\"325\" src=\"https:\/\/www.turismolapernia.com\/wp-content\/uploads\/2022\/02\/DSC07178-01-e1644349555763-1024x634.jpeg\" class=\"attachment-large size-large\" alt=\"\" srcset=\"https:\/\/www.turismolapernia.com\/wp-content\/uploads\/2022\/02\/DSC07178-01-e1644349555763-1024x634.jpeg 1024w, https:\/\/www.turismolapernia.com\/wp-content\/uploads\/2022\/02\/DSC07178-01-e1644349555763-300x186.jpeg 300w, https:\/\/www.turismolapernia.com\/wp-content\/uploads\/2022\/02\/DSC07178-01-e1644349555763-768x476.jpeg 768w, https:\/\/www.turismolapernia.com\/wp-content\/uploads\/2022\/02\/DSC07178-01-e1644349555763-1536x951.jpeg 1536w, https:\/\/www.turismolapernia.com\/wp-content\/uploads\/2022\/02\/DSC07178-01-e1644349555763.jpeg 1568w\" sizes=\"auto, 100vw\" \/>\t\t\t\t\t\t\t\t\t\t\t\t\t\t\t<\/div>\n\t\t\t\t<\/div>\n\t\t\t\t\t<\/div>\n\t\t<\/div>\n\t\t\t\t\t\t\t<\/div>\n\t\t<\/section>\n\t\t\t\t<section class=\"elementor-section elementor-top-section elementor-element elementor-element-1551d33 elementor-section-boxed elementor-section-height-default elementor-section-height-default\" data-id=\"1551d33\" data-element_type=\"section\">\n\t\t\t\t\t\t<div class=\"elementor-container elementor-column-gap-default\">\n\t\t\t\t\t<div class=\"elementor-column elementor-col-100 elementor-top-column elementor-element elementor-element-fb85e70\" data-id=\"fb85e70\" data-element_type=\"column\">\n\t\t\t<div class=\"elementor-widget-wrap elementor-element-populated\">\n\t\t\t\t\t\t\t\t<div class=\"elementor-element elementor-element-77b5387 elementor-widget elementor-widget-text-editor\" data-id=\"77b5387\" data-element_type=\"widget\" data-widget_type=\"text-editor.default\">\n\t\t\t\t<div class=\"elementor-widget-container\">\n\t\t\t\t\t\t\t<p>En el interior, destaca una imagen g\u00f3tica de la Virgen y el Ni\u00f1o y dos retablos barrocos, el mayor procedente del desaparecido Villanueva de Va\u00f1es, pueblo anegado por las aguas del Embalse de Requejada en 1940.<\/p>\n<p>La pila bautismal, adornada con motivos florales, ha sido considerada por algunos autores como rom\u00e1nica, aunque bien pudiera ser de factura m\u00e1s moderna, quiz\u00e1s del siglo XV. Junto a ella se encuentra una estela funeraria medieval que fue hallada recientemente en las proximidades del exterior de la iglesia.<\/p>\t\t\t\t\t\t<\/div>\n\t\t\t\t<\/div>\n\t\t\t\t\t<\/div>\n\t\t<\/div>\n\t\t\t\t\t\t\t<\/div>\n\t\t<\/section>\n\t\t\t\t<section class=\"elementor-section elementor-top-section elementor-element elementor-element-c6468f8 elementor-section-boxed elementor-section-height-default elementor-section-height-default\" data-id=\"c6468f8\" data-element_type=\"section\">\n\t\t\t\t\t\t<div class=\"elementor-container elementor-column-gap-default\">\n\t\t\t\t\t<div class=\"elementor-column elementor-col-100 elementor-top-column elementor-element elementor-element-0341f70\" data-id=\"0341f70\" data-element_type=\"column\">\n\t\t\t<div class=\"elementor-widget-wrap elementor-element-populated\">\n\t\t\t\t\t\t\t\t<div class=\"elementor-element elementor-element-0b6813d elementor-arrows-position-inside elementor-pagination-position-outside elementor-widget elementor-widget-image-carousel\" data-id=\"0b6813d\" data-element_type=\"widget\" data-settings=\"{&quot;image_spacing_custom&quot;:{&quot;unit&quot;:&quot;px&quot;,&quot;size&quot;:50,&quot;sizes&quot;:[]},&quot;navigation&quot;:&quot;both&quot;,&quot;autoplay&quot;:&quot;yes&quot;,&quot;pause_on_hover&quot;:&quot;yes&quot;,&quot;pause_on_interaction&quot;:&quot;yes&quot;,&quot;autoplay_speed&quot;:5000,&quot;infinite&quot;:&quot;yes&quot;,&quot;speed&quot;:500}\" data-widget_type=\"image-carousel.default\">\n\t\t\t\t<div class=\"elementor-widget-container\">\n\t\t\t\t\t<div class=\"elementor-image-carousel-wrapper swiper-container\" dir=\"ltr\">\n\t\t\t<div class=\"elementor-image-carousel swiper-wrapper\">\n\t\t\t\t\t\t\t\t<div class=\"swiper-slide\"><figure class=\"swiper-slide-inner\"><img decoding=\"async\" class=\"swiper-slide-image\" src=\"https:\/\/www.turismolapernia.com\/wp-content\/uploads\/2023\/01\/iglesia-camasobres-768x576.jpeg\" alt=\"iglesia camasobres\" \/><\/figure><\/div><div class=\"swiper-slide\"><figure class=\"swiper-slide-inner\"><img decoding=\"async\" class=\"swiper-slide-image\" src=\"https:\/\/www.turismolapernia.com\/wp-content\/uploads\/2023\/01\/iglesia-de-camasobres-768x576.jpeg\" alt=\"iglesia de camasobres\" \/><\/figure><\/div><div class=\"swiper-slide\"><figure class=\"swiper-slide-inner\"><img decoding=\"async\" class=\"swiper-slide-image\" src=\"https:\/\/www.turismolapernia.com\/wp-content\/uploads\/2023\/01\/portada-camasobres-768x576.jpeg\" alt=\"portada camasobres\" \/><\/figure><\/div><div class=\"swiper-slide\"><figure class=\"swiper-slide-inner\"><img decoding=\"async\" class=\"swiper-slide-image\" src=\"https:\/\/www.turismolapernia.com\/wp-content\/uploads\/2022\/02\/DSC08201-01-768x576.jpeg\" alt=\"Pila bautismal y estela funeraria\" \/><\/figure><\/div><div class=\"swiper-slide\"><figure class=\"swiper-slide-inner\"><img decoding=\"async\" class=\"swiper-slide-image\" src=\"https:\/\/www.turismolapernia.com\/wp-content\/uploads\/2023\/01\/interior-iglesia-camasobres-768x576.jpeg\" alt=\"interior iglesia camasobres\" \/><\/figure><\/div><div class=\"swiper-slide\"><figure class=\"swiper-slide-inner\"><img decoding=\"async\" class=\"swiper-slide-image\" src=\"https:\/\/www.turismolapernia.com\/wp-content\/uploads\/2023\/01\/retablo-camasobres-768x576.jpeg\" alt=\"retablo camasobres\" \/><\/figure><\/div><div class=\"swiper-slide\"><figure class=\"swiper-slide-inner\"><img decoding=\"async\" class=\"swiper-slide-image\" src=\"https:\/\/www.turismolapernia.com\/wp-content\/uploads\/2023\/01\/virgen-camasobres-768x576.jpeg\" alt=\"virgen camasobres\" \/><\/figure><\/div><div class=\"swiper-slide\"><figure class=\"swiper-slide-inner\"><img decoding=\"async\" class=\"swiper-slide-image\" src=\"https:\/\/www.turismolapernia.com\/wp-content\/uploads\/2023\/01\/iglesia-interior-camasobres-768x576.jpeg\" alt=\"iglesia interior camasobres\" \/><\/figure><\/div>\t\t\t<\/div>\n\t\t\t\t\t\t\t\t\t\t\t\t<div class=\"swiper-pagination\"><\/div>\n\t\t\t\t\t\t\t\t\t\t\t\t\t<div class=\"elementor-swiper-button elementor-swiper-button-prev\">\n\t\t\t\t\t\t<i class=\"eicon-chevron-left\" aria-hidden=\"true\"><\/i>\n\t\t\t\t\t\t<span class=\"elementor-screen-only\">Previous<\/span>\n\t\t\t\t\t<\/div>\n\t\t\t\t\t<div class=\"elementor-swiper-button elementor-swiper-button-next\">\n\t\t\t\t\t\t<i class=\"eicon-chevron-right\" aria-hidden=\"true\"><\/i>\n\t\t\t\t\t\t<span class=\"elementor-screen-only\">Next<\/span>\n\t\t\t\t\t<\/div>\n\t\t\t\t\t\t\t\t\t<\/div>\n\t\t\t\t<\/div>\n\t\t\t\t<\/div>\n\t\t\t\t\t<\/div>\n\t\t<\/div>\n\t\t\t\t\t\t\t<\/div>\n\t\t<\/section>\n\t\t\t\t<section class=\"elementor-section elementor-top-section elementor-element elementor-element-425f633 elementor-section-boxed elementor-section-height-default elementor-section-height-default\" data-id=\"425f633\" data-element_type=\"section\">\n\t\t\t\t\t\t<div class=\"elementor-container elementor-column-gap-default\">\n\t\t\t\t\t<div class=\"elementor-column elementor-col-100 elementor-top-column elementor-element elementor-element-b55986b\" data-id=\"b55986b\" data-element_type=\"column\">\n\t\t\t<div class=\"elementor-widget-wrap elementor-element-populated\">\n\t\t\t\t\t\t\t\t<div class=\"elementor-element elementor-element-ecfd01b elementor-widget elementor-widget-heading\" data-id=\"ecfd01b\" data-element_type=\"widget\" data-widget_type=\"heading.default\">\n\t\t\t\t<div class=\"elementor-widget-container\">\n\t\t\t<h4 class=\"elementor-heading-title elementor-size-default\">Cueva de los Burros (cave paintings)<\/h4>\t\t<\/div>\n\t\t\t\t<\/div>\n\t\t\t\t\t<\/div>\n\t\t<\/div>\n\t\t\t\t\t\t\t<\/div>\n\t\t<\/section>\n\t\t\t\t<section class=\"elementor-section elementor-top-section elementor-element elementor-element-d772e59 elementor-section-boxed elementor-section-height-default elementor-section-height-default\" data-id=\"d772e59\" data-element_type=\"section\">\n\t\t\t\t\t\t<div class=\"elementor-container elementor-column-gap-default\">\n\t\t\t\t\t<div class=\"elementor-column elementor-col-50 elementor-top-column elementor-element elementor-element-07788c1\" data-id=\"07788c1\" data-element_type=\"column\">\n\t\t\t<div class=\"elementor-widget-wrap elementor-element-populated\">\n\t\t\t\t\t\t\t\t<div class=\"elementor-element elementor-element-9ef3929 elementor-widget elementor-widget-image\" data-id=\"9ef3929\" data-element_type=\"widget\" data-widget_type=\"image.default\">\n\t\t\t\t<div class=\"elementor-widget-container\">\n\t\t\t\t\t\t\t\t\t\t\t\t\t\t\t<img loading=\"lazy\" decoding=\"async\" width=\"525\" height=\"394\" src=\"https:\/\/www.turismolapernia.com\/wp-content\/uploads\/2022\/12\/cueva-de-los-burros-entrada-1024x768.jpg\" class=\"attachment-large size-large\" alt=\"\" srcset=\"https:\/\/www.turismolapernia.com\/wp-content\/uploads\/2022\/12\/cueva-de-los-burros-entrada-1024x768.jpg 1024w, https:\/\/www.turismolapernia.com\/wp-content\/uploads\/2022\/12\/cueva-de-los-burros-entrada-300x225.jpg 300w, https:\/\/www.turismolapernia.com\/wp-content\/uploads\/2022\/12\/cueva-de-los-burros-entrada-768x576.jpg 768w, https:\/\/www.turismolapernia.com\/wp-content\/uploads\/2022\/12\/cueva-de-los-burros-entrada-16x12.jpg 16w, https:\/\/www.turismolapernia.com\/wp-content\/uploads\/2022\/12\/cueva-de-los-burros-entrada.jpg 1296w\" sizes=\"auto, 100vw\" \/>\t\t\t\t\t\t\t\t\t\t\t\t\t\t\t<\/div>\n\t\t\t\t<\/div>\n\t\t\t\t\t<\/div>\n\t\t<\/div>\n\t\t\t\t<div class=\"elementor-column elementor-col-50 elementor-top-column elementor-element elementor-element-5cf244a\" data-id=\"5cf244a\" data-element_type=\"column\">\n\t\t\t<div class=\"elementor-widget-wrap elementor-element-populated\">\n\t\t\t\t\t\t\t\t<div class=\"elementor-element elementor-element-4e4f432 elementor-widget elementor-widget-text-editor\" data-id=\"4e4f432\" data-element_type=\"widget\" data-widget_type=\"text-editor.default\">\n\t\t\t\t<div class=\"elementor-widget-container\">\n\t\t\t\t\t\t\t<p>The <b>Cueva de los Burros (cave paintings)<\/b> es una peque\u00f1a cavidad natural con <b>pinturas rupestres<\/b> esquem\u00e1ticas del Calcol\u00edtico &#8211; Bronce Medio.<\/p>\t\t\t\t\t\t<\/div>\n\t\t\t\t<\/div>\n\t\t\t\t<div class=\"elementor-element elementor-element-7592bc5 elementor-widget elementor-widget-button\" data-id=\"7592bc5\" data-element_type=\"widget\" data-widget_type=\"button.default\">\n\t\t\t\t<div class=\"elementor-widget-container\">\n\t\t\t\t\t<div class=\"elementor-button-wrapper\">\n\t\t\t<a href=\"https:\/\/www.turismolapernia.com\/en\/cueva-de-los-burros\/\" class=\"elementor-button-link elementor-button elementor-size-sm\" role=\"button\">\n\t\t\t\t\t\t<span class=\"elementor-button-content-wrapper\">\n\t\t\t\t\t\t<span class=\"elementor-button-icon elementor-align-icon-right\">\n\t\t\t\t<i aria-hidden=\"true\" class=\"fas fa-caret-right\"><\/i>\t\t\t<\/span>\n\t\t\t\t\t\t<span class=\"elementor-button-text\"> <b>More information<\/b><\/span>\n\t\t<\/span>\n\t\t\t\t\t<\/a>\n\t\t<\/div>\n\t\t\t\t<\/div>\n\t\t\t\t<\/div>\n\t\t\t\t\t<\/div>\n\t\t<\/div>\n\t\t\t\t\t\t\t<\/div>\n\t\t<\/section>\n\t\t\t\t<section class=\"elementor-section elementor-top-section elementor-element elementor-element-80de0be elementor-section-boxed elementor-section-height-default elementor-section-height-default\" data-id=\"80de0be\" data-element_type=\"section\">\n\t\t\t\t\t\t<div class=\"elementor-container elementor-column-gap-default\">\n\t\t\t\t\t<div class=\"elementor-column elementor-col-100 elementor-top-column elementor-element elementor-element-897f399\" data-id=\"897f399\" data-element_type=\"column\">\n\t\t\t<div class=\"elementor-widget-wrap elementor-element-populated\">\n\t\t\t\t\t\t\t\t<div class=\"elementor-element elementor-element-55c50e1 elementor-widget elementor-widget-heading\" data-id=\"55c50e1\" data-element_type=\"widget\" data-widget_type=\"heading.default\">\n\t\t\t\t<div class=\"elementor-widget-container\">\n\t\t\t<h4 class=\"elementor-heading-title elementor-size-default\">Fielato<\/h4>\t\t<\/div>\n\t\t\t\t<\/div>\n\t\t\t\t\t<\/div>\n\t\t<\/div>\n\t\t\t\t\t\t\t<\/div>\n\t\t<\/section>\n\t\t\t\t<section class=\"elementor-section elementor-top-section elementor-element elementor-element-e1d91c0 elementor-section-boxed elementor-section-height-default elementor-section-height-default\" data-id=\"e1d91c0\" data-element_type=\"section\">\n\t\t\t\t\t\t<div class=\"elementor-container elementor-column-gap-default\">\n\t\t\t\t\t<div class=\"elementor-column elementor-col-50 elementor-top-column elementor-element elementor-element-e62d270\" data-id=\"e62d270\" data-element_type=\"column\">\n\t\t\t<div class=\"elementor-widget-wrap elementor-element-populated\">\n\t\t\t\t\t\t\t\t<div class=\"elementor-element elementor-element-b39f05e elementor-widget elementor-widget-image\" data-id=\"b39f05e\" data-element_type=\"widget\" data-widget_type=\"image.default\">\n\t\t\t\t<div class=\"elementor-widget-container\">\n\t\t\t\t\t\t\t\t\t\t\t\t\t\t\t<img loading=\"lazy\" decoding=\"async\" width=\"525\" height=\"394\" src=\"https:\/\/www.turismolapernia.com\/wp-content\/uploads\/2023\/01\/fielato-camasobres-1024x768.jpeg\" class=\"attachment-large size-large\" alt=\"\" srcset=\"https:\/\/www.turismolapernia.com\/wp-content\/uploads\/2023\/01\/fielato-camasobres-1024x768.jpeg 1024w, https:\/\/www.turismolapernia.com\/wp-content\/uploads\/2023\/01\/fielato-camasobres-300x225.jpeg 300w, https:\/\/www.turismolapernia.com\/wp-content\/uploads\/2023\/01\/fielato-camasobres-768x576.jpeg 768w, https:\/\/www.turismolapernia.com\/wp-content\/uploads\/2023\/01\/fielato-camasobres-1536x1152.jpeg 1536w, https:\/\/www.turismolapernia.com\/wp-content\/uploads\/2023\/01\/fielato-camasobres-2048x1537.jpeg 2048w, https:\/\/www.turismolapernia.com\/wp-content\/uploads\/2023\/01\/fielato-camasobres-16x12.jpeg 16w\" sizes=\"auto, 100vw\" \/>\t\t\t\t\t\t\t\t\t\t\t\t\t\t\t<\/div>\n\t\t\t\t<\/div>\n\t\t\t\t\t<\/div>\n\t\t<\/div>\n\t\t\t\t<div class=\"elementor-column elementor-col-50 elementor-top-column elementor-element elementor-element-0a38ea6\" data-id=\"0a38ea6\" data-element_type=\"column\">\n\t\t\t<div class=\"elementor-widget-wrap elementor-element-populated\">\n\t\t\t\t\t\t\t\t<div class=\"elementor-element elementor-element-d2a6e2e elementor-widget elementor-widget-text-editor\" data-id=\"d2a6e2e\" data-element_type=\"widget\" data-widget_type=\"text-editor.default\">\n\t\t\t\t<div class=\"elementor-widget-container\">\n\t\t\t\t\t\t\t<p>En Camasobres se mantiene en pie el <b>fielato<\/b> junto a la carretera, restaurado en los \u00faltimos a\u00f1os.<\/p>\n<p>Se trata de una peque\u00f1a oficina donde antiguamente se cobraban los impuestos para la entrada y salida de mercanc\u00edas de consumo a trav\u00e9s del Puerto de Piedrasluengas. Curiosamente, a pesar de&nbsp; estar en la provincia de Palencia, durante los a\u00f1os que estuvo en funcionamiento perteneci\u00f3 a la Diputaci\u00f3n de Santander, y los trabajadores eran funcionarios de aquella diputaci\u00f3n.<\/p>\t\t\t\t\t\t<\/div>\n\t\t\t\t<\/div>\n\t\t\t\t\t<\/div>\n\t\t<\/div>\n\t\t\t\t\t\t\t<\/div>\n\t\t<\/section>\n\t\t\t\t<section class=\"elementor-section elementor-top-section elementor-element elementor-element-c253d88 elementor-section-boxed elementor-section-height-default elementor-section-height-default\" data-id=\"c253d88\" data-element_type=\"section\">\n\t\t\t\t\t\t<div class=\"elementor-container elementor-column-gap-default\">\n\t\t\t\t\t<div class=\"elementor-column elementor-col-100 elementor-top-column elementor-element elementor-element-aa2263d\" data-id=\"aa2263d\" data-element_type=\"column\">\n\t\t\t<div class=\"elementor-widget-wrap elementor-element-populated\">\n\t\t\t\t\t\t\t\t<div class=\"elementor-element elementor-element-e02d289 elementor-widget elementor-widget-heading\" data-id=\"e02d289\" data-element_type=\"widget\" data-widget_type=\"heading.default\">\n\t\t\t\t<div class=\"elementor-widget-container\">\n\t\t\t<h4 class=\"elementor-heading-title elementor-size-default\">Folclore<\/h4>\t\t<\/div>\n\t\t\t\t<\/div>\n\t\t\t\t\t<\/div>\n\t\t<\/div>\n\t\t\t\t\t\t\t<\/div>\n\t\t<\/section>\n\t\t\t\t<section class=\"elementor-section elementor-top-section elementor-element elementor-element-85f4077 elementor-section-boxed elementor-section-height-default elementor-section-height-default\" data-id=\"85f4077\" data-element_type=\"section\">\n\t\t\t\t\t\t<div class=\"elementor-container elementor-column-gap-default\">\n\t\t\t\t\t<div class=\"elementor-column elementor-col-100 elementor-top-column elementor-element elementor-element-2b2f895\" data-id=\"2b2f895\" data-element_type=\"column\">\n\t\t\t<div class=\"elementor-widget-wrap elementor-element-populated\">\n\t\t\t\t\t\t\t\t<div class=\"elementor-element elementor-element-7256ad0 elementor-widget elementor-widget-text-editor\" data-id=\"7256ad0\" data-element_type=\"widget\" data-widget_type=\"text-editor.default\">\n\t\t\t\t<div class=\"elementor-widget-container\">\n\t\t\t\t\t\t\t<p>La Pern\u00eda ha conservado un rico legado de <b>canciones tradicionales<\/b>, tonadas, romances, jotas y bailes al son de la pandereta. Gran parte de ellas fueron recopiladas por folcloristas como Luis Guzm\u00e1n Rubio durante el siglo pasado, y forman parte del Archivo de la Tradici\u00f3n Oral de Palencia.<\/p>\n<p>Al m\u00fasico y compositor Antonio Guzm\u00e1n Ricis, padre de Luis Guzm\u00e1n Rubio, le debemos algunas de las primeras recopilaciones de este variado repertorio tradicional. As\u00ed, por ejemplo, en 1939, Guzm\u00e1n Ricis viaj\u00f3 a la Monta\u00f1a Palentina y visit\u00f3 Camasobres, donde una joven Saray Plaza, vecina del lugar, le dict\u00f3 una bella tonada que el compositor armoniz\u00f3 y titul\u00f3 finalmente como <i>La Mozuela de Camasobres. <\/i>Esta es una de las canciones tradicionales m\u00e1s significativas y reconocidas en la zona de La Pern\u00eda.<\/p>\t\t\t\t\t\t<\/div>\n\t\t\t\t<\/div>\n\t\t\t\t\t<\/div>\n\t\t<\/div>\n\t\t\t\t\t\t\t<\/div>\n\t\t<\/section>\n\t\t\t\t<section class=\"elementor-section elementor-top-section elementor-element elementor-element-bd6bb25 elementor-section-boxed elementor-section-height-default elementor-section-height-default\" data-id=\"bd6bb25\" data-element_type=\"section\">\n\t\t\t\t\t\t<div class=\"elementor-container elementor-column-gap-default\">\n\t\t\t\t\t<div class=\"elementor-column elementor-col-50 elementor-top-column elementor-element elementor-element-7390416\" data-id=\"7390416\" data-element_type=\"column\">\n\t\t\t<div class=\"elementor-widget-wrap elementor-element-populated\">\n\t\t\t\t\t\t\t\t<div class=\"elementor-element elementor-element-357ba5d elementor-blockquote--skin-border elementor-blockquote--button-color-official elementor-widget elementor-widget-blockquote\" data-id=\"357ba5d\" data-element_type=\"widget\" data-widget_type=\"blockquote.default\">\n\t\t\t\t<div class=\"elementor-widget-container\">\n\t\t\t\t\t<blockquote class=\"elementor-blockquote\">\n\t\t\t<p class=\"elementor-blockquote__content\">\n\t\t\t\t<b>La Mozuela de Camasobres<\/b><i><br>\"En Camasobres la nieve<br>borra todos los caminos,<br>pero nunca borrar\u00e1<br>tu cari\u00f1ito y el m\u00edo...<\/i><i>\"<\/i>\t\t\t<\/p>\n\t\t\t\t\t<\/blockquote>\n\t\t\t\t<\/div>\n\t\t\t\t<\/div>\n\t\t\t\t\t<\/div>\n\t\t<\/div>\n\t\t\t\t<div class=\"elementor-column elementor-col-50 elementor-top-column elementor-element elementor-element-8724080\" data-id=\"8724080\" data-element_type=\"column\">\n\t\t\t<div class=\"elementor-widget-wrap elementor-element-populated\">\n\t\t\t\t\t\t\t\t<div class=\"elementor-element elementor-element-1a27a2b elementor-widget elementor-widget-audio\" data-id=\"1a27a2b\" data-element_type=\"widget\" data-widget_type=\"audio.default\">\n\t\t\t\t<div class=\"elementor-widget-container\">\n\t\t\t\t\t\t<div class=\"elementor-soundcloud-wrapper\">\n\t\t\t\t<iframe loading=\"lazy\" width=\"525\" height=\"200\" frameborder=\"no\" allow=\"autoplay; encrypted-media\" src=\"https:\/\/w.soundcloud.com\/player\/?visual=false&amp;url=https%3A%2F%2Fapi.soundcloud.com%2Ftracks%2F1118070496&amp;show_artwork=true&amp;maxheight=788&amp;maxwidth=525&amp;auto_play=false&amp;buying=false&amp;liking=true&amp;download=true&amp;sharing=true&amp;show_comments=true&amp;show_playcount=true&amp;show_user=true&amp;color\"><\/iframe>\t\t\t<\/div>\n\t\t\t\t\t<\/div>\n\t\t\t\t<\/div>\n\t\t\t\t\t<\/div>\n\t\t<\/div>\n\t\t\t\t\t\t\t<\/div>\n\t\t<\/section>\n\t\t\t\t<section class=\"elementor-section elementor-top-section elementor-element elementor-element-a9d85f5 elementor-section-boxed elementor-section-height-default elementor-section-height-default\" data-id=\"a9d85f5\" data-element_type=\"section\">\n\t\t\t\t\t\t<div class=\"elementor-container elementor-column-gap-default\">\n\t\t\t\t\t<div class=\"elementor-column elementor-col-100 elementor-top-column elementor-element elementor-element-260f4d1\" data-id=\"260f4d1\" data-element_type=\"column\">\n\t\t\t<div class=\"elementor-widget-wrap elementor-element-populated\">\n\t\t\t\t\t\t\t\t<div class=\"elementor-element elementor-element-e4b83d2 elementor-widget-divider--view-line elementor-widget elementor-widget-divider\" data-id=\"e4b83d2\" data-element_type=\"widget\" data-widget_type=\"divider.default\">\n\t\t\t\t<div class=\"elementor-widget-container\">\n\t\t\t\t\t<div class=\"elementor-divider\">\n\t\t\t<span class=\"elementor-divider-separator\">\n\t\t\t\t\t\t<\/span>\n\t\t<\/div>\n\t\t\t\t<\/div>\n\t\t\t\t<\/div>\n\t\t\t\t\t<\/div>\n\t\t<\/div>\n\t\t\t\t\t\t\t<\/div>\n\t\t<\/section>\n\t\t\t\t<section class=\"elementor-section elementor-top-section elementor-element elementor-element-8c01f93 elementor-section-boxed elementor-section-height-default elementor-section-height-default\" data-id=\"8c01f93\" data-element_type=\"section\">\n\t\t\t\t\t\t<div class=\"elementor-container elementor-column-gap-default\">\n\t\t\t\t\t<div class=\"elementor-column elementor-col-100 elementor-top-column elementor-element elementor-element-d89d723\" data-id=\"d89d723\" data-element_type=\"column\">\n\t\t\t<div class=\"elementor-widget-wrap elementor-element-populated\">\n\t\t\t\t\t\t\t\t<div class=\"elementor-element elementor-element-48a7e82 elementor-widget elementor-widget-google_maps\" data-id=\"48a7e82\" data-element_type=\"widget\" data-widget_type=\"google_maps.default\">\n\t\t\t\t<div class=\"elementor-widget-container\">\n\t\t\t\t\t<div class=\"elementor-custom-embed\">\n\t\t\t<iframe frameborder=\"0\" scrolling=\"no\" marginheight=\"0\" marginwidth=\"0\"\n\t\t\t\t\tsrc=\"https:\/\/maps.google.com\/maps?q=camasobres&#038;t=m&#038;z=14&#038;output=embed&#038;iwloc=near\"\n\t\t\t\t\ttitle=\"camasobres\"\n\t\t\t\t\taria-label=\"camasobres\"\n\t\t\t><\/iframe>\n\t\t<\/div>\n\t\t\t\t<\/div>\n\t\t\t\t<\/div>\n\t\t\t\t\t<\/div>\n\t\t<\/div>\n\t\t\t\t\t\t\t<\/div>\n\t\t<\/section>\n\t\t\t\t<section class=\"elementor-section elementor-top-section elementor-element elementor-element-33c65e47 elementor-hidden-desktop elementor-hidden-tablet elementor-hidden-mobile elementor-section-boxed elementor-section-height-default elementor-section-height-default\" data-id=\"33c65e47\" data-element_type=\"section\">\n\t\t\t\t\t\t<div class=\"elementor-container elementor-column-gap-default\">\n\t\t\t\t\t<div class=\"elementor-column elementor-col-100 elementor-top-column elementor-element elementor-element-4288a658\" data-id=\"4288a658\" data-element_type=\"column\">\n\t\t\t<div class=\"elementor-widget-wrap elementor-element-populated\">\n\t\t\t\t\t\t\t\t<div class=\"elementor-element elementor-element-6bf84541 elementor-widget elementor-widget-text-editor\" data-id=\"6bf84541\" data-element_type=\"widget\" data-widget_type=\"text-editor.default\">\n\t\t\t\t<div class=\"elementor-widget-container\">\n\t\t\t\t\t\t\t<!-- wp:group {\"align\":\"full\"} -->\n<div class=\"wp-block-group alignfull\"><div class=\"wp-block-group__inner-container\"><!-- wp:jetpack\/layout-grid {\"gutterSize\":\"none\",\"addGutterEnds\":false,\"column1DesktopSpan\":11,\"column1TabletSpan\":8,\"column1MobileSpan\":4,\"column2DesktopOffset\":5,\"className\":\"column1-desktop-grid__span-11 column1-desktop-grid__row-1 column1-tablet-grid__span-8 column1-tablet-grid__row-1 column1-mobile-grid__span-4 column1-mobile-grid__row-1\"} -->\n<div class=\"wp-block-jetpack-layout-grid alignfull column1-desktop-grid__span-11 column1-desktop-grid__row-1 column1-tablet-grid__span-8 column1-tablet-grid__row-1 column1-mobile-grid__span-4 column1-mobile-grid__row-1 wp-block-jetpack-layout-gutter__nowrap wp-block-jetpack-layout-gutter__none\">\n<!-- wp:jetpack\/layout-grid-column -->\n<div class=\"wp-block-jetpack-layout-grid-column wp-block-jetpack-layout-grid__padding-none\">\n<!-- wp:image {\"align\":\"full\",\"id\":692,\"sizeSlug\":\"large\",\"linkDestination\":\"none\",\"className\":\"a8c-image\"} -->\n<figure class=\"wp-block-image alignfull size-large a8c-image\"><img decoding=\"async\" src=\"https:\/\/turismolapernia.files.wordpress.com\/2021\/02\/dsc02590-01-1.jpeg?w=1024\" alt=\"\" class=\"wp-image-692\"><figcaption>Pe\u00f1a Labra desde Camasobres<\/figcaption><\/figure>\n<!-- \/wp:image -->\n<\/div>\n<!-- \/wp:jetpack\/layout-grid-column -->\n<\/div>\n<!-- \/wp:jetpack\/layout-grid --><\/div><\/div>\n<!-- \/wp:group -->\n\n<!-- wp:spacer {\"height\":64} -->\n<div style=\"height:64px\" aria-hidden=\"true\" class=\"wp-block-spacer\"><\/div>\n<!-- \/wp:spacer -->\n\n<!-- wp:group {\"align\":\"full\",\"backgroundColor\":\"background\"} -->\n<div class=\"wp-block-group alignfull has-background-background-color has-background\"><div class=\"wp-block-group__inner-container\"><!-- wp:jetpack\/layout-grid {\"column1DesktopSpan\":6,\"column1DesktopOffset\":1,\"column1TabletSpan\":4,\"column1MobileSpan\":4,\"column2DesktopSpan\":4,\"column2TabletSpan\":4,\"column2MobileSpan\":4,\"column3DesktopOffset\":4,\"className\":\"column1-desktop-grid__span-6 column1-desktop-grid__start-2 column1-desktop-grid__row-1 column2-desktop-grid__span-4 column2-desktop-grid__start-8 column2-desktop-grid__row-1 column1-tablet-grid__span-4 column1-tablet-grid__row-1 column2-tablet-grid__span-4 column2-tablet-grid__start-5 column2-tablet-grid__row-1 column1-mobile-grid__span-4 column1-mobile-grid__row-1 column2-mobile-grid__span-4 column2-mobile-grid__row-2\"} -->\n<div class=\"wp-block-jetpack-layout-grid alignfull column1-desktop-grid__span-6 column1-desktop-grid__start-2 column1-desktop-grid__row-1 column2-desktop-grid__span-4 column2-desktop-grid__start-8 column2-desktop-grid__row-1 column1-tablet-grid__span-4 column1-tablet-grid__row-1 column2-tablet-grid__span-4 column2-tablet-grid__start-5 column2-tablet-grid__row-1 column1-mobile-grid__span-4 column1-mobile-grid__row-1 column2-mobile-grid__span-4 column2-mobile-grid__row-2\">\n<!-- wp:jetpack\/layout-grid-column -->\n<div class=\"wp-block-jetpack-layout-grid-column wp-block-jetpack-layout-grid__padding-none\">\n<!-- wp:heading {\"level\":3} -->\n<h3>Camasobres<\/h3>\n<!-- \/wp:heading -->\n<!-- wp:list -->\n<ul><li>Altitud: 1204 m<\/li><li>Poblaci\u00f3n: 16 habitantes<\/li><li>Distances:<ul><li>San Salvador: 7 km<\/li><li>Cervera: 21 km<\/li><li>Palencia: 130 km<\/li><\/ul><\/li><\/ul>\n<!-- \/wp:list -->\n<\/div>\n<!-- \/wp:jetpack\/layout-grid-column -->\n<!-- wp:jetpack\/layout-grid-column -->\n<div class=\"wp-block-jetpack-layout-grid-column wp-block-jetpack-layout-grid__padding-none\">\n<!-- wp:paragraph -->\n<p>Se menciona en el siglo XII como <em>Camassores<\/em>.&nbsp;<\/p>\n<!-- \/wp:paragraph -->\n<!-- wp:paragraph -->\n<p>Era el lugar donde daban cama a los carreteros que sub\u00edan a la monta\u00f1a.<\/p>\n<!-- \/wp:paragraph -->\n<!-- wp:paragraph -->\n<p>Conserva el &#8220;fielato&#8221;, oficina donde se cobraban los impuestos para la entrada y salida de mercanc\u00edas de consumo a trav\u00e9s del Puerto de Piedrasluengas.<\/p>\n<!-- \/wp:paragraph -->\n<!-- wp:paragraph -->\n<p>Y tambi\u00e9n dos casonas blasonadas, una de ellas&nbsp;recuperada para dedicarla&nbsp;a la hosteler\u00eda.<\/p>\n<!-- \/wp:paragraph -->\n<!-- wp:paragraph -->\n<p>Produc\u00edan centeno, trigo y lino. Criaban ganado vacuno, de cerda y lanar. Se dedicaban a la industria de carreter\u00eda para transporte de sales y construcci\u00f3n de barriles y aperos de labor.<\/p>\n<!-- \/wp:paragraph -->\n<!-- wp:paragraph -->\n<p>Celebra su fiesta en honor a&nbsp;San Pantale\u00f3n el&nbsp;27 de Julio y San Roque el 16 de agosto.<\/p>\n<!-- \/wp:paragraph -->\n<\/div>\n<!-- \/wp:jetpack\/layout-grid-column -->\n<\/div>\n<!-- \/wp:jetpack\/layout-grid -->\n\n<!-- wp:heading {\"fontSize\":\"medium\"} -->\n<h2 class=\"has-medium-font-size\">Iglesia de San Pantale\u00f3n<\/h2>\n<!-- \/wp:heading -->\n\n<!-- wp:paragraph -->\n<p>Iglesia de origen rom\u00e1nico, \u00e9poca de la cual s\u00f3lo conserva su espada\u00f1a y la gran pila bautismal adornada con motivos florales.<\/p>\n<!-- \/wp:paragraph -->\n\n<!-- wp:paragraph -->\n<p>Cuenta con una imagen g\u00f3tica de la Virgen y el Ni\u00f1o y dos retablos barrocos: el mayor procedente de Villanueva de Va\u00f1es, pueblo desaparecido bajo el pantano de Requejada.<\/p>\n<!-- \/wp:paragraph -->\n\n<!-- wp:paragraph -->\n<p>En una piedra de un esquinal del templo hay una inscripci\u00f3n que habla sobre una tremenda nevada:<\/p>\n<!-- \/wp:paragraph -->\n\n<!-- wp:image {\"id\":693,\"sizeSlug\":\"large\",\"linkDestination\":\"none\"} -->\n<figure class=\"wp-block-image size-large\"><img decoding=\"async\" src=\"https:\/\/turismolapernia.files.wordpress.com\/2021\/02\/dsc02592-01-1.jpeg?w=1024\" alt=\"\" class=\"wp-image-693\"\/><figcaption>Inscripci\u00f3n en la iglesia de Camasobres<\/figcaption><\/figure>\n<!-- \/wp:image -->\n\n<!-- wp:quote -->\n<blockquote class=\"wp-block-quote\"><p>&#8220;<strong><em>ANO 1713 A 26 D FR\u00ba COMENZO A NEVAR I N\u00ba ZESO ASTA 29 D AVRI ESTE DIA 12 VARS<\/em><\/strong>&#8220;<\/p><p>A\u00f1o 1713, a 26 de Febrero comenz\u00f3 a nevar y no ces\u00f3 hasta el 29 de Abril. Este d\u00eda 12 varas (10 metros).<\/p><\/blockquote>\n<!-- \/wp:quote --><\/div><\/div>\n<!-- \/wp:group -->\n\n<!-- wp:spacer {\"height\":64} -->\n<div style=\"height:64px\" aria-hidden=\"true\" class=\"wp-block-spacer\"><\/div>\n<!-- \/wp:spacer -->\n\n<!-- wp:group {\"align\":\"full\",\"backgroundColor\":\"background\"} -->\n<div class=\"wp-block-group alignfull has-background-background-color has-background\"><div class=\"wp-block-group__inner-container\"><!-- wp:jetpack\/layout-grid {\"column1DesktopSpan\":2,\"column1DesktopOffset\":1,\"column1TabletSpan\":2,\"column1MobileSpan\":4,\"column2DesktopSpan\":8,\"column2TabletSpan\":6,\"column2MobileSpan\":4,\"column3DesktopOffset\":1,\"column3TabletOffset\":2,\"className\":\"column1-desktop-grid__span-2 column1-desktop-grid__start-2 column1-desktop-grid__row-1 column2-desktop-grid__span-8 column2-desktop-grid__start-4 column2-desktop-grid__row-1 column1-tablet-grid__span-2 column1-tablet-grid__row-1 column2-tablet-grid__span-6 column2-tablet-grid__start-3 column2-tablet-grid__row-1 column1-mobile-grid__span-4 column1-mobile-grid__row-1 column2-mobile-grid__span-4 column2-mobile-grid__row-2\"} -->\n<div class=\"wp-block-jetpack-layout-grid alignfull column1-desktop-grid__span-2 column1-desktop-grid__start-2 column1-desktop-grid__row-1 column2-desktop-grid__span-8 column2-desktop-grid__start-4 column2-desktop-grid__row-1 column1-tablet-grid__span-2 column1-tablet-grid__row-1 column2-tablet-grid__span-6 column2-tablet-grid__start-3 column2-tablet-grid__row-1 column1-mobile-grid__span-4 column1-mobile-grid__row-1 column2-mobile-grid__span-4 column2-mobile-grid__row-2\">\n<!-- wp:jetpack\/layout-grid-column -->\n<div class=\"wp-block-jetpack-layout-grid-column wp-block-jetpack-layout-grid__padding-none\">\n<!-- wp:heading {\"textAlign\":\"left\",\"textColor\":\"primary\",\"style\":{\"typography\":{\"fontSize\":29,\"lineHeight\":\"1.25\"}}} -->\n<h2 class=\"has-text-align-left has-primary-color has-text-color\" style=\"font-size:29px;line-height:1.25;\">\u00daltimas Entradas<\/h2>\n<!-- \/wp:heading -->\n<\/div>\n<!-- \/wp:jetpack\/layout-grid-column -->\n<!-- wp:jetpack\/layout-grid-column -->\n<div class=\"wp-block-jetpack-layout-grid-column wp-block-jetpack-layout-grid__padding-none\">\n<!-- wp:a8c\/blog-posts {\"moreButton\":true,\"showAuthor\":false,\"showAvatar\":false,\"showCategory\":true,\"postLayout\":\"grid\",\"columns\":2,\"postsToShow\":4,\"typeScale\":3} \/-->\n<!-- wp:spacer {\"height\":64} -->\n<div style=\"height:64px;\" aria-hidden=\"true\" class=\"wp-block-spacer\"><\/div>\n<!-- \/wp:spacer -->\n<\/div>\n<!-- \/wp:jetpack\/layout-grid-column -->\n<\/div>\n<!-- \/wp:jetpack\/layout-grid --><\/div><\/div>\n<!-- \/wp:group -->\n\n<!-- wp:group {\"align\":\"full\",\"style\":{\"color\":{\"background\":\"#0c0c0c\",\"text\":\"#ffffff\"}}} -->\n<div class=\"wp-block-group alignfull has-text-color has-background\" style=\"background-color:#0c0c0c;color:#ffffff\"><div class=\"wp-block-group__inner-container\"><!-- wp:spacer {\"height\":64} -->\n<div style=\"height:64px\" aria-hidden=\"true\" class=\"wp-block-spacer\"><\/div>\n<!-- \/wp:spacer -->\n\n<!-- wp:jetpack\/layout-grid {\"column1DesktopSpan\":2,\"column1DesktopOffset\":1,\"column1TabletSpan\":2,\"column1MobileSpan\":4,\"column2DesktopSpan\":4,\"column2TabletSpan\":6,\"column2MobileSpan\":4,\"column3DesktopSpan\":4,\"column3TabletSpan\":6,\"column3TabletOffset\":2,\"column3MobileSpan\":4,\"column4DesktopOffset\":2,\"column4TabletOffset\":2,\"className\":\"column1-desktop-grid__span-2 column1-desktop-grid__start-2 column1-desktop-grid__row-1 column2-desktop-grid__span-4 column2-desktop-grid__start-4 column2-desktop-grid__row-1 column3-desktop-grid__span-4 column3-desktop-grid__start-8 column3-desktop-grid__row-1 column1-tablet-grid__span-2 column1-tablet-grid__row-1 column2-tablet-grid__span-6 column2-tablet-grid__start-3 column2-tablet-grid__row-1 column3-tablet-grid__span-6 column3-tablet-grid__start-3 column3-tablet-grid__row-2 column1-mobile-grid__span-4 column1-mobile-grid__row-1 column2-mobile-grid__span-4 column2-mobile-grid__row-2 column3-mobile-grid__span-4 column3-mobile-grid__row-3\"} -->\n<div class=\"wp-block-jetpack-layout-grid alignfull column1-desktop-grid__span-2 column1-desktop-grid__start-2 column1-desktop-grid__row-1 column2-desktop-grid__span-4 column2-desktop-grid__start-4 column2-desktop-grid__row-1 column3-desktop-grid__span-4 column3-desktop-grid__start-8 column3-desktop-grid__row-1 column1-tablet-grid__span-2 column1-tablet-grid__row-1 column2-tablet-grid__span-6 column2-tablet-grid__start-3 column2-tablet-grid__row-1 column3-tablet-grid__span-6 column3-tablet-grid__start-3 column3-tablet-grid__row-2 column1-mobile-grid__span-4 column1-mobile-grid__row-1 column2-mobile-grid__span-4 column2-mobile-grid__row-2 column3-mobile-grid__span-4 column3-mobile-grid__row-3\">\n<!-- wp:jetpack\/layout-grid-column -->\n<div class=\"wp-block-jetpack-layout-grid-column wp-block-jetpack-layout-grid__padding-none\">\n<!-- wp:heading {\"style\":{\"typography\":{\"fontSize\":29,\"lineHeight\":\"1.25\"}}} -->\n<h2 style=\"font-size:29px;line-height:1.25;\">S\u00edgueme<\/h2>\n<!-- \/wp:heading -->\n<\/div>\n<!-- \/wp:jetpack\/layout-grid-column -->\n<!-- wp:jetpack\/layout-grid-column -->\n<div class=\"wp-block-jetpack-layout-grid-column wp-block-jetpack-layout-grid__padding-none\">\n<!-- wp:paragraph -->\n<p>Recibe nuevo contenido directamente en tu bandeja de entrada.<\/p>\n<!-- \/wp:paragraph -->\n<!-- wp:jetpack\/subscriptions {\"buttonOnNewLine\":true,\"buttonBackgroundColor\":\"secondary\",\"textColor\":\"background\",\"borderRadius\":50} -->\n<div class=\"wp-block-jetpack-subscriptions wp-block-jetpack-subscriptions__supports-newline wp-block-jetpack-subscriptions__use-newline\">[jetpack_subscription_form show_subscribers_total=&#8221;false&#8221; button_on_newline=&#8221;true&#8221; custom_font_size=&#8221;16&#8243; custom_border_radius=&#8221;50&#8243; custom_border_weight=&#8221;1&#8243; custom_padding=&#8221;15&#8243; custom_spacing=&#8221;10&#8243; submit_button_classes=&#8221;has-text-color has-background-color has-background has-secondary-background-color&#8221; email_field_classes=&#8221;&#8221; show_only_email_and_button=&#8221;true&#8221;]<\/div>\n<!-- \/wp:jetpack\/subscriptions -->\n<\/div>\n<!-- \/wp:jetpack\/layout-grid-column -->\n<!-- wp:jetpack\/layout-grid-column -->\n<div class=\"wp-block-jetpack-layout-grid-column wp-block-jetpack-layout-grid__padding-none\">\n<!-- wp:social-links -->\n<ul class=\"wp-block-social-links\">\n<!-- wp:social-link {\"url\":\"https:\/\/wordpress.org\",\"service\":\"wordpress\"} \/-->\n<!-- wp:social-link {\"url\":\"https:\/\/facebook.com\",\"service\":\"facebook\"} \/-->\n<!-- wp:social-link {\"url\":\"https:\/\/twitter.com\",\"service\":\"twitter\"} \/-->\n<!-- wp:social-link {\"url\":\"https:\/\/instagrame.com\",\"service\":\"instagram\"} \/-->\n<!-- wp:social-link {\"url\":\"https:\/\/linkedin.com\",\"service\":\"linkedin\"} \/-->\n<!-- wp:social-link {\"url\":\"https:\/\/youtube.com\",\"service\":\"youtube\"} \/-->\n<\/ul>\n<!-- \/wp:social-links -->\n<\/div>\n<!-- \/wp:jetpack\/layout-grid-column -->\n<\/div>\n<!-- \/wp:jetpack\/layout-grid -->\n\n<!-- wp:spacer {\"height\":64} -->\n<div style=\"height:64px\" aria-hidden=\"true\" class=\"wp-block-spacer\"><\/div>\n<!-- \/wp:spacer --><\/div><\/div>\n<!-- \/wp:group -->\n\n<!-- wp:paragraph -->\n<p><\/p>\n<!-- \/wp:paragraph -->\t\t\t\t\t\t<\/div>\n\t\t\t\t<\/div>\n\t\t\t\t\t<\/div>\n\t\t<\/div>\n\t\t\t\t\t\t\t<\/div>\n\t\t<\/section>\n\t\t\t\t\t\t<\/div>\n\t\t\t\t\t<\/div>","protected":false},"excerpt":{"rendered":"<p>Camasobres La Pern\u00eda Los pueblos de La Pern\u00eda Camasobres Camasobres (La Pern\u00eda, Palencia) Altitud: 1204 m Poblaci\u00f3n: 12 habitantes (2024) Distancias: San Salvador de Cantamuda: 7 km Cervera de Pisuerga: 21 km Palencia: 130 km Camasobres se ubica junto a la carretera auton\u00f3mica CL-627, entre San Salvador de Cantamuda y el Puerto de Piedrasluengas, del &hellip; <\/p>\n<p class=\"link-more\"><a href=\"https:\/\/www.turismolapernia.com\/en\/camasobres\/\" class=\"more-link\">Continue reading<span class=\"screen-reader-text\"> &#8220;Camasobres&#8221;<\/span><\/a><\/p>","protected":false},"author":1,"featured_media":14299,"parent":0,"menu_order":0,"comment_status":"closed","ping_status":"closed","template":"elementor_header_footer","meta":{"footnotes":""},"class_list":["post-395","page","type-page","status-publish","has-post-thumbnail","hentry"],"yoast_head":"<!-- This site is optimized with the Yoast SEO plugin v23.5 - https:\/\/yoast.com\/wordpress\/plugins\/seo\/ -->\n<title>Camasobres | Turismo La Pern\u00eda<\/title>\n<meta name=\"robots\" content=\"index, follow, max-snippet:-1, max-image-preview:large, max-video-preview:-1\" \/>\n<link rel=\"canonical\" href=\"https:\/\/www.turismolapernia.com\/en\/camasobres\/\" \/>\n<meta property=\"og:locale\" content=\"en_GB\" \/>\n<meta property=\"og:type\" content=\"article\" \/>\n<meta property=\"og:title\" content=\"Camasobres | Turismo La Pern\u00eda\" \/>\n<meta property=\"og:description\" content=\"Camasobres La Pern\u00eda Los pueblos de La Pern\u00eda Camasobres Camasobres (La Pern\u00eda, Palencia) Altitud: 1204 m Poblaci\u00f3n: 12 habitantes (2024) Distancias: San Salvador de Cantamuda: 7 km Cervera de Pisuerga: 21 km Palencia: 130 km Camasobres se ubica junto a la carretera auton\u00f3mica CL-627, entre San Salvador de Cantamuda y el Puerto de Piedrasluengas, del &hellip; Continue reading &quot;Camasobres&quot;\" \/>\n<meta property=\"og:url\" content=\"https:\/\/www.turismolapernia.com\/en\/camasobres\/\" \/>\n<meta property=\"og:site_name\" content=\"Turismo La Pern\u00eda\" \/>\n<meta property=\"article:publisher\" content=\"https:\/\/www.facebook.com\/turismolapernia\/\" \/>\n<meta property=\"article:modified_time\" content=\"2024-06-27T13:05:59+00:00\" \/>\n<meta property=\"og:image\" content=\"https:\/\/www.turismolapernia.com\/wp-content\/uploads\/2022\/11\/Camasobres.jpeg\" \/>\n\t<meta property=\"og:image:width\" content=\"1296\" \/>\n\t<meta property=\"og:image:height\" content=\"972\" \/>\n\t<meta property=\"og:image:type\" content=\"image\/jpeg\" \/>\n<meta name=\"twitter:card\" content=\"summary_large_image\" \/>\n<meta name=\"twitter:label1\" content=\"Estimated reading time\" \/>\n\t<meta name=\"twitter:data1\" content=\"6 minutes\" \/>\n<script type=\"application\/ld+json\" class=\"yoast-schema-graph\">{\"@context\":\"https:\/\/schema.org\",\"@graph\":[{\"@type\":\"WebPage\",\"@id\":\"https:\/\/www.turismolapernia.com\/camasobres\/\",\"url\":\"https:\/\/www.turismolapernia.com\/camasobres\/\",\"name\":\"Camasobres | Turismo La Pern\u00eda\",\"isPartOf\":{\"@id\":\"https:\/\/www.turismolapernia.com\/#website\"},\"primaryImageOfPage\":{\"@id\":\"https:\/\/www.turismolapernia.com\/camasobres\/#primaryimage\"},\"image\":{\"@id\":\"https:\/\/www.turismolapernia.com\/camasobres\/#primaryimage\"},\"thumbnailUrl\":\"https:\/\/www.turismolapernia.com\/wp-content\/uploads\/2022\/11\/Camasobres.jpeg\",\"datePublished\":\"2021-02-04T09:04:27+00:00\",\"dateModified\":\"2024-06-27T13:05:59+00:00\",\"breadcrumb\":{\"@id\":\"https:\/\/www.turismolapernia.com\/camasobres\/#breadcrumb\"},\"inLanguage\":\"en-GB\",\"potentialAction\":[{\"@type\":\"ReadAction\",\"target\":[\"https:\/\/www.turismolapernia.com\/camasobres\/\"]}]},{\"@type\":\"ImageObject\",\"inLanguage\":\"en-GB\",\"@id\":\"https:\/\/www.turismolapernia.com\/camasobres\/#primaryimage\",\"url\":\"https:\/\/www.turismolapernia.com\/wp-content\/uploads\/2022\/11\/Camasobres.jpeg\",\"contentUrl\":\"https:\/\/www.turismolapernia.com\/wp-content\/uploads\/2022\/11\/Camasobres.jpeg\",\"width\":1296,\"height\":972},{\"@type\":\"BreadcrumbList\",\"@id\":\"https:\/\/www.turismolapernia.com\/camasobres\/#breadcrumb\",\"itemListElement\":[{\"@type\":\"ListItem\",\"position\":1,\"name\":\"La Pern\u00eda\",\"item\":\"https:\/\/www.turismolapernia.com\/\"},{\"@type\":\"ListItem\",\"position\":2,\"name\":\"Camasobres\"}]},{\"@type\":\"WebSite\",\"@id\":\"https:\/\/www.turismolapernia.com\/#website\",\"url\":\"https:\/\/www.turismolapernia.com\/\",\"name\":\"Turismo La Pern\u00eda\",\"description\":\"Monta\u00f1a Palentina\",\"publisher\":{\"@id\":\"https:\/\/www.turismolapernia.com\/#organization\"},\"potentialAction\":[{\"@type\":\"SearchAction\",\"target\":{\"@type\":\"EntryPoint\",\"urlTemplate\":\"https:\/\/www.turismolapernia.com\/?s={search_term_string}\"},\"query-input\":{\"@type\":\"PropertyValueSpecification\",\"valueRequired\":true,\"valueName\":\"search_term_string\"}}],\"inLanguage\":\"en-GB\"},{\"@type\":\"Organization\",\"@id\":\"https:\/\/www.turismolapernia.com\/#organization\",\"name\":\"Turismo La Pern\u00eda\",\"url\":\"https:\/\/www.turismolapernia.com\/\",\"logo\":{\"@type\":\"ImageObject\",\"inLanguage\":\"en-GB\",\"@id\":\"https:\/\/www.turismolapernia.com\/#\/schema\/logo\/image\/\",\"url\":\"https:\/\/www.turismolapernia.com\/wp-content\/uploads\/2021\/12\/cropped-logo-CRV-Pernia-perfil.jpg\",\"contentUrl\":\"https:\/\/www.turismolapernia.com\/wp-content\/uploads\/2021\/12\/cropped-logo-CRV-Pernia-perfil.jpg\",\"width\":512,\"height\":512,\"caption\":\"Turismo La Pern\u00eda\"},\"image\":{\"@id\":\"https:\/\/www.turismolapernia.com\/#\/schema\/logo\/image\/\"},\"sameAs\":[\"https:\/\/www.facebook.com\/turismolapernia\/\",\"https:\/\/www.instagram.com\/turismolapernia\/\"]}]}<\/script>\n<!-- \/ Yoast SEO plugin. -->","yoast_head_json":{"title":"Camasobres | Turismo La Pern\u00eda","robots":{"index":"index","follow":"follow","max-snippet":"max-snippet:-1","max-image-preview":"max-image-preview:large","max-video-preview":"max-video-preview:-1"},"canonical":"https:\/\/www.turismolapernia.com\/en\/camasobres\/","og_locale":"en_GB","og_type":"article","og_title":"Camasobres | Turismo La Pern\u00eda","og_description":"Camasobres La Pern\u00eda Los pueblos de La Pern\u00eda Camasobres Camasobres (La Pern\u00eda, Palencia) Altitud: 1204 m Poblaci\u00f3n: 12 habitantes (2024) Distancias: San Salvador de Cantamuda: 7 km Cervera de Pisuerga: 21 km Palencia: 130 km Camasobres se ubica junto a la carretera auton\u00f3mica CL-627, entre San Salvador de Cantamuda y el Puerto de Piedrasluengas, del &hellip; Continue reading \"Camasobres\"","og_url":"https:\/\/www.turismolapernia.com\/en\/camasobres\/","og_site_name":"Turismo La Pern\u00eda","article_publisher":"https:\/\/www.facebook.com\/turismolapernia\/","article_modified_time":"2024-06-27T13:05:59+00:00","og_image":[{"width":1296,"height":972,"url":"https:\/\/www.turismolapernia.com\/wp-content\/uploads\/2022\/11\/Camasobres.jpeg","type":"image\/jpeg"}],"twitter_card":"summary_large_image","twitter_misc":{"Estimated reading time":"6 minutes"},"schema":{"@context":"https:\/\/schema.org","@graph":[{"@type":"WebPage","@id":"https:\/\/www.turismolapernia.com\/camasobres\/","url":"https:\/\/www.turismolapernia.com\/camasobres\/","name":"Camasobres | Turismo La Pern\u00eda","isPartOf":{"@id":"https:\/\/www.turismolapernia.com\/#website"},"primaryImageOfPage":{"@id":"https:\/\/www.turismolapernia.com\/camasobres\/#primaryimage"},"image":{"@id":"https:\/\/www.turismolapernia.com\/camasobres\/#primaryimage"},"thumbnailUrl":"https:\/\/www.turismolapernia.com\/wp-content\/uploads\/2022\/11\/Camasobres.jpeg","datePublished":"2021-02-04T09:04:27+00:00","dateModified":"2024-06-27T13:05:59+00:00","breadcrumb":{"@id":"https:\/\/www.turismolapernia.com\/camasobres\/#breadcrumb"},"inLanguage":"en-GB","potentialAction":[{"@type":"ReadAction","target":["https:\/\/www.turismolapernia.com\/camasobres\/"]}]},{"@type":"ImageObject","inLanguage":"en-GB","@id":"https:\/\/www.turismolapernia.com\/camasobres\/#primaryimage","url":"https:\/\/www.turismolapernia.com\/wp-content\/uploads\/2022\/11\/Camasobres.jpeg","contentUrl":"https:\/\/www.turismolapernia.com\/wp-content\/uploads\/2022\/11\/Camasobres.jpeg","width":1296,"height":972},{"@type":"BreadcrumbList","@id":"https:\/\/www.turismolapernia.com\/camasobres\/#breadcrumb","itemListElement":[{"@type":"ListItem","position":1,"name":"La Pern\u00eda","item":"https:\/\/www.turismolapernia.com\/"},{"@type":"ListItem","position":2,"name":"Camasobres"}]},{"@type":"WebSite","@id":"https:\/\/www.turismolapernia.com\/#website","url":"https:\/\/www.turismolapernia.com\/","name":"Turismo La Pern\u00eda","description":"Monta\u00f1a Palentina","publisher":{"@id":"https:\/\/www.turismolapernia.com\/#organization"},"potentialAction":[{"@type":"SearchAction","target":{"@type":"EntryPoint","urlTemplate":"https:\/\/www.turismolapernia.com\/?s={search_term_string}"},"query-input":{"@type":"PropertyValueSpecification","valueRequired":true,"valueName":"search_term_string"}}],"inLanguage":"en-GB"},{"@type":"Organization","@id":"https:\/\/www.turismolapernia.com\/#organization","name":"Turismo La Pern\u00eda","url":"https:\/\/www.turismolapernia.com\/","logo":{"@type":"ImageObject","inLanguage":"en-GB","@id":"https:\/\/www.turismolapernia.com\/#\/schema\/logo\/image\/","url":"https:\/\/www.turismolapernia.com\/wp-content\/uploads\/2021\/12\/cropped-logo-CRV-Pernia-perfil.jpg","contentUrl":"https:\/\/www.turismolapernia.com\/wp-content\/uploads\/2021\/12\/cropped-logo-CRV-Pernia-perfil.jpg","width":512,"height":512,"caption":"Turismo La Pern\u00eda"},"image":{"@id":"https:\/\/www.turismolapernia.com\/#\/schema\/logo\/image\/"},"sameAs":["https:\/\/www.facebook.com\/turismolapernia\/","https:\/\/www.instagram.com\/turismolapernia\/"]}]}},"_links":{"self":[{"href":"https:\/\/www.turismolapernia.com\/en\/wp-json\/wp\/v2\/pages\/395","targetHints":{"allow":["GET"]}}],"collection":[{"href":"https:\/\/www.turismolapernia.com\/en\/wp-json\/wp\/v2\/pages"}],"about":[{"href":"https:\/\/www.turismolapernia.com\/en\/wp-json\/wp\/v2\/types\/page"}],"author":[{"embeddable":true,"href":"https:\/\/www.turismolapernia.com\/en\/wp-json\/wp\/v2\/users\/1"}],"replies":[{"embeddable":true,"href":"https:\/\/www.turismolapernia.com\/en\/wp-json\/wp\/v2\/comments?post=395"}],"version-history":[{"count":495,"href":"https:\/\/www.turismolapernia.com\/en\/wp-json\/wp\/v2\/pages\/395\/revisions"}],"predecessor-version":[{"id":17895,"href":"https:\/\/www.turismolapernia.com\/en\/wp-json\/wp\/v2\/pages\/395\/revisions\/17895"}],"wp:featuredmedia":[{"embeddable":true,"href":"https:\/\/www.turismolapernia.com\/en\/wp-json\/wp\/v2\/media\/14299"}],"wp:attachment":[{"href":"https:\/\/www.turismolapernia.com\/en\/wp-json\/wp\/v2\/media?parent=395"}],"curies":[{"name":"wp","href":"https:\/\/api.w.org\/{rel}","templated":true}]}}