{"id":383,"date":"2021-02-04T09:58:16","date_gmt":"2021-02-04T08:58:16","guid":{"rendered":"https:\/\/turismolapernia.wordpress.com\/?page_id=383"},"modified":"2024-05-06T14:08:19","modified_gmt":"2024-05-06T12:08:19","slug":"lores","status":"publish","type":"page","link":"https:\/\/www.turismolapernia.com\/en\/lores\/","title":{"rendered":"Lores"},"content":{"rendered":"<div data-elementor-type=\"wp-page\" data-elementor-id=\"383\" class=\"elementor elementor-383\" data-elementor-settings=\"[]\">\n\t\t\t\t\t\t\t<div class=\"elementor-section-wrap\">\n\t\t\t\t\t\t\t<section class=\"elementor-section elementor-top-section elementor-element elementor-element-a3a773a elementor-section-boxed elementor-section-height-default elementor-section-height-default\" data-id=\"a3a773a\" data-element_type=\"section\">\n\t\t\t\t\t\t<div class=\"elementor-container elementor-column-gap-default\">\n\t\t\t\t\t<div class=\"elementor-column elementor-col-100 elementor-top-column elementor-element elementor-element-eadd539\" data-id=\"eadd539\" data-element_type=\"column\">\n\t\t\t<div class=\"elementor-widget-wrap elementor-element-populated\">\n\t\t\t\t\t\t\t\t<div class=\"elementor-element elementor-element-3bbf55f elementor-widget elementor-widget-heading\" data-id=\"3bbf55f\" data-element_type=\"widget\" data-widget_type=\"heading.default\">\n\t\t\t\t<div class=\"elementor-widget-container\">\n\t\t\t<h1 class=\"elementor-heading-title elementor-size-default\"><b>Lores<\/b><\/h1>\t\t<\/div>\n\t\t\t\t<\/div>\n\t\t\t\t<div class=\"elementor-element elementor-element-1c510ab elementor-widget elementor-widget-bdt-scrollnav\" data-id=\"1c510ab\" data-element_type=\"widget\" data-widget_type=\"bdt-scrollnav.default\">\n\t\t\t\t<div class=\"elementor-widget-container\">\n\t\t\t\t\t<div class=\"bdt-scrollnav bdt-navbar-container bdt-navbar-transparent bdt-navbar\" data-bdt-navbar=\"\">\n\t\t\t<div class=\"bdt-navbar-left\">\n\t\t\t\t<ul class=\"bdt-navbar-nav\" data-bdt-scrollspy-nav=\"closest: li; scroll: true; offset: 0;\">\n\t\t\t\t\t\t    <li>\n\t\t\t<a href=\"https:\/\/www.turismolapernia.com\/en\/\" target=\"_self\" rel=\"\" data-tippy-content=\"\">\n\t\t\t\tLa Pern\u00eda \t\t\t\t\t\t\t\t\t<span class=\"bdt-button-icon-align-right\">\n\n\t\t\t\t\t\t<i aria-hidden=\"true\" class=\"fa-fw fas fa-angle-right\"><\/i>\n\t\t\t\t\t<\/span>\n\t\t\t\t\t\t\t<\/a>\n\t\t<\/li>\n\t\t\t    <li>\n\t\t\t<a href=\"https:\/\/www.turismolapernia.com\/en\/pueblos-pernia\/\" target=\"_self\" rel=\"\" data-tippy-content=\"\">\n\t\t\t\tThe villages of La Pern\u00eda \t\t\t\t\t\t\t<\/a>\n\t\t<\/li>\n\t\t\t\t\t\t<\/ul>\n\t\t\t<\/div>\n\t\t<\/div>\n\t    \t\t<\/div>\n\t\t\t\t<\/div>\n\t\t\t\t\t<\/div>\n\t\t<\/div>\n\t\t\t\t\t\t\t<\/div>\n\t\t<\/section>\n\t\t\t\t<section class=\"elementor-section elementor-top-section elementor-element elementor-element-d5c97d8 elementor-section-boxed elementor-section-height-default elementor-section-height-default\" data-id=\"d5c97d8\" data-element_type=\"section\" data-settings=\"{&quot;background_background&quot;:&quot;classic&quot;}\">\n\t\t\t\t\t\t\t<div class=\"elementor-background-overlay\"><\/div>\n\t\t\t\t\t\t\t<div class=\"elementor-container elementor-column-gap-default\">\n\t\t\t\t\t<div class=\"elementor-column elementor-col-100 elementor-top-column elementor-element elementor-element-df7565d\" data-id=\"df7565d\" data-element_type=\"column\" data-settings=\"{&quot;background_background&quot;:&quot;classic&quot;}\">\n\t\t\t<div class=\"elementor-widget-wrap elementor-element-populated\">\n\t\t\t\t\t<div class=\"elementor-background-overlay\"><\/div>\n\t\t\t\t\t\t\t\t<div class=\"elementor-element elementor-element-0479ddb elementor-widget elementor-widget-heading\" data-id=\"0479ddb\" data-element_type=\"widget\" data-widget_type=\"heading.default\">\n\t\t\t\t<div class=\"elementor-widget-container\">\n\t\t\t<h1 class=\"elementor-heading-title elementor-size-default\"><b>Lores<\/b><\/h1>\t\t<\/div>\n\t\t\t\t<\/div>\n\t\t\t\t\t<\/div>\n\t\t<\/div>\n\t\t\t\t\t\t\t<\/div>\n\t\t<\/section>\n\t\t\t\t<section class=\"elementor-section elementor-top-section elementor-element elementor-element-e939769 elementor-section-boxed elementor-section-height-default elementor-section-height-default\" data-id=\"e939769\" data-element_type=\"section\">\n\t\t\t\t\t\t<div class=\"elementor-container elementor-column-gap-default\">\n\t\t\t\t\t<div class=\"elementor-column elementor-col-50 elementor-top-column elementor-element elementor-element-8f3fc1a\" data-id=\"8f3fc1a\" data-element_type=\"column\">\n\t\t\t<div class=\"elementor-widget-wrap elementor-element-populated\">\n\t\t\t\t\t\t\t\t<div class=\"elementor-element elementor-element-f2b8076 elementor-widget elementor-widget-text-editor\" data-id=\"f2b8076\" data-element_type=\"widget\" data-widget_type=\"text-editor.default\">\n\t\t\t\t<div class=\"elementor-widget-container\">\n\t\t\t\t\t\t\t<p><b>Lores<br \/><\/b><\/p>\t\t\t\t\t\t<\/div>\n\t\t\t\t<\/div>\n\t\t\t\t<div class=\"elementor-element elementor-element-2c2e63f elementor-widget elementor-widget-text-editor\" data-id=\"2c2e63f\" data-element_type=\"widget\" data-widget_type=\"text-editor.default\">\n\t\t\t\t<div class=\"elementor-widget-container\">\n\t\t\t\t\t\t\t<p><b>(La Pern\u00eda, Palencia)<br><\/b><\/p>\t\t\t\t\t\t<\/div>\n\t\t\t\t<\/div>\n\t\t\t\t<div class=\"elementor-element elementor-element-6f3d118 elementor-icon-list--layout-traditional elementor-list-item-link-full_width elementor-widget elementor-widget-icon-list\" data-id=\"6f3d118\" data-element_type=\"widget\" data-widget_type=\"icon-list.default\">\n\t\t\t\t<div class=\"elementor-widget-container\">\n\t\t\t\t\t<ul class=\"elementor-icon-list-items\">\n\t\t\t\t\t\t\t<li class=\"elementor-icon-list-item\">\n\t\t\t\t\t\t\t\t\t\t\t<span class=\"elementor-icon-list-icon\">\n\t\t\t\t\t\t\t<i aria-hidden=\"true\" class=\"fas fa-angle-right\"><\/i>\t\t\t\t\t\t<\/span>\n\t\t\t\t\t\t\t\t\t\t<span class=\"elementor-icon-list-text\"><b>Altitude: <\/b>1190 m <\/span>\n\t\t\t\t\t\t\t\t\t<\/li>\n\t\t\t\t\t\t\t\t<li class=\"elementor-icon-list-item\">\n\t\t\t\t\t\t\t\t\t\t\t<span class=\"elementor-icon-list-icon\">\n\t\t\t\t\t\t\t<i aria-hidden=\"true\" class=\"fas fa-angle-right\"><\/i>\t\t\t\t\t\t<\/span>\n\t\t\t\t\t\t\t\t\t\t<span class=\"elementor-icon-list-text\"><b>Population<\/b><b>: <\/b>32 habitantes (2024)<\/span>\n\t\t\t\t\t\t\t\t\t<\/li>\n\t\t\t\t\t\t\t\t<li class=\"elementor-icon-list-item\">\n\t\t\t\t\t\t\t\t\t\t\t<span class=\"elementor-icon-list-icon\">\n\t\t\t\t\t\t\t<i aria-hidden=\"true\" class=\"fas fa-angle-right\"><\/i>\t\t\t\t\t\t<\/span>\n\t\t\t\t\t\t\t\t\t\t<span class=\"elementor-icon-list-text\"><b>Distances:<\/b><br><\/span>\n\t\t\t\t\t\t\t\t\t<\/li>\n\t\t\t\t\t\t<\/ul>\n\t\t\t\t<\/div>\n\t\t\t\t<\/div>\n\t\t\t\t<div class=\"elementor-element elementor-element-4e2a18d elementor-icon-list--layout-traditional elementor-list-item-link-full_width elementor-widget elementor-widget-icon-list\" data-id=\"4e2a18d\" data-element_type=\"widget\" data-widget_type=\"icon-list.default\">\n\t\t\t\t<div class=\"elementor-widget-container\">\n\t\t\t\t\t<ul class=\"elementor-icon-list-items\">\n\t\t\t\t\t\t\t<li class=\"elementor-icon-list-item\">\n\t\t\t\t\t\t\t\t\t\t\t<span class=\"elementor-icon-list-icon\">\n\t\t\t\t\t\t\t<i aria-hidden=\"true\" class=\"fas fa-circle\"><\/i>\t\t\t\t\t\t<\/span>\n\t\t\t\t\t\t\t\t\t\t<span class=\"elementor-icon-list-text\">San Salvador de Cantamuda:<b> <\/b>5,5 km<\/span>\n\t\t\t\t\t\t\t\t\t<\/li>\n\t\t\t\t\t\t\t\t<li class=\"elementor-icon-list-item\">\n\t\t\t\t\t\t\t\t\t\t\t<span class=\"elementor-icon-list-icon\">\n\t\t\t\t\t\t\t<i aria-hidden=\"true\" class=\"fas fa-circle\"><\/i>\t\t\t\t\t\t<\/span>\n\t\t\t\t\t\t\t\t\t\t<span class=\"elementor-icon-list-text\">Cervera de Pisuerga: 19,5 km <\/span>\n\t\t\t\t\t\t\t\t\t<\/li>\n\t\t\t\t\t\t\t\t<li class=\"elementor-icon-list-item\">\n\t\t\t\t\t\t\t\t\t\t\t<span class=\"elementor-icon-list-icon\">\n\t\t\t\t\t\t\t<i aria-hidden=\"true\" class=\"fas fa-circle\"><\/i>\t\t\t\t\t\t<\/span>\n\t\t\t\t\t\t\t\t\t\t<span class=\"elementor-icon-list-text\">Palencia: <b> <\/b>129 km<\/span>\n\t\t\t\t\t\t\t\t\t<\/li>\n\t\t\t\t\t\t<\/ul>\n\t\t\t\t<\/div>\n\t\t\t\t<\/div>\n\t\t\t\t\t<\/div>\n\t\t<\/div>\n\t\t\t\t<div class=\"elementor-column elementor-col-50 elementor-top-column elementor-element elementor-element-b03d338\" data-id=\"b03d338\" data-element_type=\"column\">\n\t\t\t<div class=\"elementor-widget-wrap elementor-element-populated\">\n\t\t\t\t\t\t\t\t<div class=\"elementor-element elementor-element-a28c372 elementor-widget elementor-widget-text-editor\" data-id=\"a28c372\" data-element_type=\"widget\" data-widget_type=\"text-editor.default\">\n\t\t\t\t<div class=\"elementor-widget-container\">\n\t\t\t\t\t\t\t<p><b>Lores<\/b> se halla en la confluencia de los valles de Rilores y Gerino, rodeado de bellos parajes, frondosos bosques y altas monta\u00f1as. Su casco urbano est\u00e1 dividido en dos barrios por el r\u00edo Lores, cauce que recibe tambi\u00e9n las aportaciones del arroyo Gerino en su transcurso por la localidad.<\/p>\n<p>A Lores se accede tomando la carretera local PP-2113, a la altura de la Venta Urbaneja.<\/p><p><br><\/p>\n<p><\/p>\n<p>El nombre del pueblo podr\u00eda tener or\u00edgenes ib\u00e9ricos, derivando de&nbsp; &#8220;<i>lur-aitz<\/i>&#8220;, con el significado de &#8220;pe\u00f1a de la tierra&#8221;.<\/p>\t\t\t\t\t\t<\/div>\n\t\t\t\t<\/div>\n\t\t\t\t<div class=\"elementor-element elementor-element-4cced9e elementor-widget elementor-widget-text-editor\" data-id=\"4cced9e\" data-element_type=\"widget\" data-widget_type=\"text-editor.default\">\n\t\t\t\t<div class=\"elementor-widget-container\">\n\t\t\t\t\t\t\t<p>En el diccionario geogr\u00e1fico de Sebasti\u00e1n de Mi\u00f1ano de 1826, se se\u00f1ala que Lores ten\u00eda entonces 250 habitantes y &#8220;<i>bastantes pastos para caba\u00f1a del fino trashumante, en los cuatro meses de verano, por la grande extensi\u00f3n de sus t\u00e9rminos y monta\u00f1as. Industria: carreter\u00eda de sales, trigo y vino, y f\u00e1brica de aperos de labor, como ruedas, carretas de bueyes, etc.<\/i>&#8220;<\/p><p>\u00a0<\/p><p>Fue ayuntamiento en solitario hasta 1976, cuando pas\u00f3 a integrar el municipio de La Pern\u00eda, junto con los antiguos municipios de Redondo-Are\u00f1os y San Salvador.<\/p><p>\u00a0<\/p><p>Lores es uno de los pueblos del norte de Palencia que mejor ha conservado su caracter monta\u00f1\u00e9s, con calles estrechas de trazado irregular y grandes casas de piedra. Fue antigua residencia de la nobleza perniana y cuenta con buenos ejemplos de arquitectura tradicional y casonas blasonadas con excelentes escudos her\u00e1ldicos. Una de las muestras m\u00e1s llamativas de esta arquitectura monta\u00f1esa es la <b>Casa del Arco<\/b>, que se encuentra atravesada en su parte inferior por una calle a modo de pasadizo. Esta singular edificaci\u00f3n cont\u00f3 igualmente con dos magn\u00edficos escudos que lamentablemente fueron vendidos en los a\u00f1os cincuenta del siglo pasado.<\/p>\t\t\t\t\t\t<\/div>\n\t\t\t\t<\/div>\n\t\t\t\t<div class=\"elementor-element elementor-element-074260d elementor-widget elementor-widget-text-editor\" data-id=\"074260d\" data-element_type=\"widget\" data-widget_type=\"text-editor.default\">\n\t\t\t\t<div class=\"elementor-widget-container\">\n\t\t\t\t\t\t\t<p>Recorriendo las calles de la localidad, tambi\u00e9n puede contemplarse el potro de herrar, el lavadero, la Fuente del Lugar o la <b>ermita de San Roque<\/b>, que actualmente ejerce de parroquia y era utilizada sobre todo en invierno para evitar subir hasta la iglesia.<\/p>\n<p><br><\/p>\n<p><\/p>\n<p>El t\u00e9rmino de Lores es uno de los m\u00e1s extensos de La Pern\u00eda, incluyendo una gran superficie en los puertos de Ta\u00f1uga y Pineda. Los pastos de estos puertos se arrendaban a los reba\u00f1os trashumantes procedentes del sur, con el consiguiente aporte econ\u00f3mico para la localidad.<\/p>\n<p>Tambi\u00e9n fue destacable hasta tiempos recientes, la actividad artesanal de elaboraci\u00f3n de cestas de mimbre y albarcas. <br><\/p>\n<p>Aunque quiz\u00e1s el producto m\u00e1s famoso de Lores siempre han sido sus <b>rosquillas<\/b>, ligadas a la festividad de Las Candelas. Cada 2 de febrero, era tradici\u00f3n elaborar un ramo de rosquillas&nbsp; que se llevaba a la iglesia y luego se rifaba por la noche.<\/p>\n<p><br><\/p>\n<p><\/p>\n<p>Actualmente Lores celebra su fiesta principal el 10 de agosto, San Lorenzo, patr\u00f3n de la localidad.<\/p>\t\t\t\t\t\t<\/div>\n\t\t\t\t<\/div>\n\t\t\t\t\t<\/div>\n\t\t<\/div>\n\t\t\t\t\t\t\t<\/div>\n\t\t<\/section>\n\t\t\t\t<section class=\"elementor-section elementor-top-section elementor-element elementor-element-213ca07 elementor-section-boxed elementor-section-height-default elementor-section-height-default\" data-id=\"213ca07\" data-element_type=\"section\">\n\t\t\t\t\t\t<div class=\"elementor-container elementor-column-gap-default\">\n\t\t\t\t\t<div class=\"elementor-column elementor-col-100 elementor-top-column elementor-element elementor-element-4913f0a\" data-id=\"4913f0a\" data-element_type=\"column\">\n\t\t\t<div class=\"elementor-widget-wrap elementor-element-populated\">\n\t\t\t\t\t\t\t\t<div class=\"elementor-element elementor-element-04ac96d elementor-arrows-position-inside elementor-pagination-position-outside elementor-widget elementor-widget-image-carousel\" data-id=\"04ac96d\" data-element_type=\"widget\" data-settings=\"{&quot;image_spacing_custom&quot;:{&quot;unit&quot;:&quot;px&quot;,&quot;size&quot;:50,&quot;sizes&quot;:[]},&quot;navigation&quot;:&quot;both&quot;,&quot;autoplay&quot;:&quot;yes&quot;,&quot;pause_on_hover&quot;:&quot;yes&quot;,&quot;pause_on_interaction&quot;:&quot;yes&quot;,&quot;autoplay_speed&quot;:5000,&quot;infinite&quot;:&quot;yes&quot;,&quot;speed&quot;:500}\" data-widget_type=\"image-carousel.default\">\n\t\t\t\t<div class=\"elementor-widget-container\">\n\t\t\t\t\t<div class=\"elementor-image-carousel-wrapper swiper-container\" dir=\"ltr\">\n\t\t\t<div class=\"elementor-image-carousel swiper-wrapper\">\n\t\t\t\t\t\t\t\t<div class=\"swiper-slide\"><figure class=\"swiper-slide-inner\"><img decoding=\"async\" class=\"swiper-slide-image\" src=\"https:\/\/www.turismolapernia.com\/wp-content\/uploads\/2023\/01\/vista-lores-768x576.jpeg\" alt=\"vista lores\" \/><\/figure><\/div><div class=\"swiper-slide\"><figure class=\"swiper-slide-inner\"><img decoding=\"async\" class=\"swiper-slide-image\" src=\"https:\/\/www.turismolapernia.com\/wp-content\/uploads\/2022\/04\/DSC06334-01-768x571.jpeg\" alt=\"DSC06334-01\" \/><\/figure><\/div><div class=\"swiper-slide\"><figure class=\"swiper-slide-inner\"><img decoding=\"async\" class=\"swiper-slide-image\" src=\"https:\/\/www.turismolapernia.com\/wp-content\/uploads\/2021\/12\/DSC08898-01-768x576.jpeg\" alt=\"DSC08898-01\" \/><\/figure><\/div><div class=\"swiper-slide\"><figure class=\"swiper-slide-inner\"><img decoding=\"async\" class=\"swiper-slide-image\" src=\"https:\/\/www.turismolapernia.com\/wp-content\/uploads\/2022\/06\/lores-2-768x576.jpeg\" alt=\"lores (2)\" \/><\/figure><\/div><div class=\"swiper-slide\"><figure class=\"swiper-slide-inner\"><img decoding=\"async\" class=\"swiper-slide-image\" src=\"https:\/\/www.turismolapernia.com\/wp-content\/uploads\/2023\/01\/ermita-lores-768x575.jpeg\" alt=\"ermita lores\" \/><\/figure><\/div><div class=\"swiper-slide\"><figure class=\"swiper-slide-inner\"><img decoding=\"async\" class=\"swiper-slide-image\" src=\"https:\/\/www.turismolapernia.com\/wp-content\/uploads\/2023\/01\/lores-flores-768x576.jpeg\" alt=\"lores flores\" \/><\/figure><\/div><div class=\"swiper-slide\"><figure class=\"swiper-slide-inner\"><img decoding=\"async\" class=\"swiper-slide-image\" src=\"https:\/\/www.turismolapernia.com\/wp-content\/uploads\/2023\/01\/tradicional-lores-768x576.jpeg\" alt=\"tradicional lores\" \/><\/figure><\/div><div class=\"swiper-slide\"><figure class=\"swiper-slide-inner\"><img decoding=\"async\" class=\"swiper-slide-image\" src=\"https:\/\/www.turismolapernia.com\/wp-content\/uploads\/2023\/01\/lores-iglesia-768x576.jpeg\" alt=\"lores iglesia\" \/><\/figure><\/div><div class=\"swiper-slide\"><figure class=\"swiper-slide-inner\"><img decoding=\"async\" class=\"swiper-slide-image\" src=\"https:\/\/www.turismolapernia.com\/wp-content\/uploads\/2023\/01\/casa-del-maestro-lores-768x576.jpeg\" alt=\"casa del maestro lores\" \/><\/figure><\/div><div class=\"swiper-slide\"><figure class=\"swiper-slide-inner\"><img decoding=\"async\" class=\"swiper-slide-image\" src=\"https:\/\/www.turismolapernia.com\/wp-content\/uploads\/2023\/01\/escudo-lores-768x576.jpg\" alt=\"escudo lores\" \/><\/figure><\/div><div class=\"swiper-slide\"><figure class=\"swiper-slide-inner\"><img decoding=\"async\" class=\"swiper-slide-image\" src=\"https:\/\/www.turismolapernia.com\/wp-content\/uploads\/2023\/01\/vistas-lores-768x576.jpeg\" alt=\"vistas lores\" \/><\/figure><\/div><div class=\"swiper-slide\"><figure class=\"swiper-slide-inner\"><img decoding=\"async\" class=\"swiper-slide-image\" src=\"https:\/\/www.turismolapernia.com\/wp-content\/uploads\/2023\/01\/casa-lores-768x576.jpeg\" alt=\"casa lores\" \/><\/figure><\/div><div class=\"swiper-slide\"><figure class=\"swiper-slide-inner\"><img decoding=\"async\" class=\"swiper-slide-image\" src=\"https:\/\/www.turismolapernia.com\/wp-content\/uploads\/2023\/01\/casona-lores-768x576.jpeg\" alt=\"casona lores\" \/><\/figure><\/div>\t\t\t<\/div>\n\t\t\t\t\t\t\t\t\t\t\t\t<div class=\"swiper-pagination\"><\/div>\n\t\t\t\t\t\t\t\t\t\t\t\t\t<div class=\"elementor-swiper-button elementor-swiper-button-prev\">\n\t\t\t\t\t\t<i class=\"eicon-chevron-left\" aria-hidden=\"true\"><\/i>\n\t\t\t\t\t\t<span class=\"elementor-screen-only\">Previous<\/span>\n\t\t\t\t\t<\/div>\n\t\t\t\t\t<div class=\"elementor-swiper-button elementor-swiper-button-next\">\n\t\t\t\t\t\t<i class=\"eicon-chevron-right\" aria-hidden=\"true\"><\/i>\n\t\t\t\t\t\t<span class=\"elementor-screen-only\">Next<\/span>\n\t\t\t\t\t<\/div>\n\t\t\t\t\t\t\t\t\t<\/div>\n\t\t\t\t<\/div>\n\t\t\t\t<\/div>\n\t\t\t\t\t<\/div>\n\t\t<\/div>\n\t\t\t\t\t\t\t<\/div>\n\t\t<\/section>\n\t\t\t\t<section class=\"elementor-section elementor-top-section elementor-element elementor-element-fea4445 elementor-section-boxed elementor-section-height-default elementor-section-height-default\" data-id=\"fea4445\" data-element_type=\"section\">\n\t\t\t\t\t\t<div class=\"elementor-container elementor-column-gap-default\">\n\t\t\t\t\t<div class=\"elementor-column elementor-col-100 elementor-top-column elementor-element elementor-element-fc583e5\" data-id=\"fc583e5\" data-element_type=\"column\">\n\t\t\t<div class=\"elementor-widget-wrap elementor-element-populated\">\n\t\t\t\t\t\t\t\t<div class=\"elementor-element elementor-element-5fe67c4 elementor-widget-divider--view-line elementor-widget elementor-widget-divider\" data-id=\"5fe67c4\" data-element_type=\"widget\" data-widget_type=\"divider.default\">\n\t\t\t\t<div class=\"elementor-widget-container\">\n\t\t\t\t\t<div class=\"elementor-divider\">\n\t\t\t<span class=\"elementor-divider-separator\">\n\t\t\t\t\t\t<\/span>\n\t\t<\/div>\n\t\t\t\t<\/div>\n\t\t\t\t<\/div>\n\t\t\t\t<div class=\"elementor-element elementor-element-1d8a5da elementor-widget elementor-widget-heading\" data-id=\"1d8a5da\" data-element_type=\"widget\" data-widget_type=\"heading.default\">\n\t\t\t\t<div class=\"elementor-widget-container\">\n\t\t\t<h4 class=\"elementor-heading-title elementor-size-default\">Iglesia de San Lorenzo<\/h4>\t\t<\/div>\n\t\t\t\t<\/div>\n\t\t\t\t\t<\/div>\n\t\t<\/div>\n\t\t\t\t\t\t\t<\/div>\n\t\t<\/section>\n\t\t\t\t<section class=\"elementor-section elementor-top-section elementor-element elementor-element-907a20b elementor-section-boxed elementor-section-height-default elementor-section-height-default\" data-id=\"907a20b\" data-element_type=\"section\">\n\t\t\t\t\t\t<div class=\"elementor-container elementor-column-gap-default\">\n\t\t\t\t\t<div class=\"elementor-column elementor-col-50 elementor-top-column elementor-element elementor-element-910888d\" data-id=\"910888d\" data-element_type=\"column\">\n\t\t\t<div class=\"elementor-widget-wrap elementor-element-populated\">\n\t\t\t\t\t\t\t\t<div class=\"elementor-element elementor-element-b309db8 elementor-widget elementor-widget-image\" data-id=\"b309db8\" data-element_type=\"widget\" data-widget_type=\"image.default\">\n\t\t\t\t<div class=\"elementor-widget-container\">\n\t\t\t\t\t\t\t\t\t\t\t\t\t\t\t<img loading=\"lazy\" decoding=\"async\" width=\"525\" height=\"362\" src=\"https:\/\/www.turismolapernia.com\/wp-content\/uploads\/2023\/01\/iglesia-lores-1024x706.jpeg\" class=\"attachment-large size-large\" alt=\"\" srcset=\"https:\/\/www.turismolapernia.com\/wp-content\/uploads\/2023\/01\/iglesia-lores-1024x706.jpeg 1024w, https:\/\/www.turismolapernia.com\/wp-content\/uploads\/2023\/01\/iglesia-lores-300x207.jpeg 300w, https:\/\/www.turismolapernia.com\/wp-content\/uploads\/2023\/01\/iglesia-lores-768x530.jpeg 768w, https:\/\/www.turismolapernia.com\/wp-content\/uploads\/2023\/01\/iglesia-lores-1536x1060.jpeg 1536w, https:\/\/www.turismolapernia.com\/wp-content\/uploads\/2023\/01\/iglesia-lores-2048x1413.jpeg 2048w, https:\/\/www.turismolapernia.com\/wp-content\/uploads\/2023\/01\/iglesia-lores-18x12.jpeg 18w\" sizes=\"auto, 100vw\" \/>\t\t\t\t\t\t\t\t\t\t\t\t\t\t\t<\/div>\n\t\t\t\t<\/div>\n\t\t\t\t\t<\/div>\n\t\t<\/div>\n\t\t\t\t<div class=\"elementor-column elementor-col-50 elementor-top-column elementor-element elementor-element-a59c4a8\" data-id=\"a59c4a8\" data-element_type=\"column\">\n\t\t\t<div class=\"elementor-widget-wrap elementor-element-populated\">\n\t\t\t\t\t\t\t\t<div class=\"elementor-element elementor-element-c72a54e elementor-widget elementor-widget-text-editor\" data-id=\"c72a54e\" data-element_type=\"widget\" data-widget_type=\"text-editor.default\">\n\t\t\t\t<div class=\"elementor-widget-container\">\n\t\t\t\t\t\t\t<p>La iglesia de San Lorenzo, se ubica sobre un alto que domina el pueblo por el este y ofrece unas buenas vistas de todo el conjunto. Se trata de un edificio del siglo XVI, aunque conserva la t\u00edpica espada\u00f1a del siglo XIII. La iglesia consta de una nave dividida en cuatro tramos con b\u00f3veda de ca\u00f1\u00f3n y b\u00f3veda estrellada en la capilla mayor. En el interior se encuentra una imagen de la Virgen con el Ni\u00f1o (s. XVI) y un Ni\u00f1o Jes\u00fas (s. XVII). El retablo mayor data del primer tercio del siglo XVII, con imagenes y lienzos de San Lorenzo y un Crucifijo del siglo XVI. <\/p>\t\t\t\t\t\t<\/div>\n\t\t\t\t<\/div>\n\t\t\t\t\t<\/div>\n\t\t<\/div>\n\t\t\t\t\t\t\t<\/div>\n\t\t<\/section>\n\t\t\t\t<section class=\"elementor-section elementor-top-section elementor-element elementor-element-d01f220 elementor-section-boxed elementor-section-height-default elementor-section-height-default\" data-id=\"d01f220\" data-element_type=\"section\">\n\t\t\t\t\t\t<div class=\"elementor-container elementor-column-gap-default\">\n\t\t\t\t\t<div class=\"elementor-column elementor-col-100 elementor-top-column elementor-element elementor-element-6ec2abd\" data-id=\"6ec2abd\" data-element_type=\"column\">\n\t\t\t<div class=\"elementor-widget-wrap elementor-element-populated\">\n\t\t\t\t\t\t\t\t<div class=\"elementor-element elementor-element-0813211 elementor-widget elementor-widget-heading\" data-id=\"0813211\" data-element_type=\"widget\" data-widget_type=\"heading.default\">\n\t\t\t\t<div class=\"elementor-widget-container\">\n\t\t\t<h4 class=\"elementor-heading-title elementor-size-default\">Molino de Lores<\/h4>\t\t<\/div>\n\t\t\t\t<\/div>\n\t\t\t\t\t<\/div>\n\t\t<\/div>\n\t\t\t\t\t\t\t<\/div>\n\t\t<\/section>\n\t\t\t\t<section class=\"elementor-section elementor-top-section elementor-element elementor-element-52a8cf4 elementor-section-boxed elementor-section-height-default elementor-section-height-default\" data-id=\"52a8cf4\" data-element_type=\"section\">\n\t\t\t\t\t\t<div class=\"elementor-container elementor-column-gap-default\">\n\t\t\t\t\t<div class=\"elementor-column elementor-col-50 elementor-top-column elementor-element elementor-element-190a0e5\" data-id=\"190a0e5\" data-element_type=\"column\">\n\t\t\t<div class=\"elementor-widget-wrap elementor-element-populated\">\n\t\t\t\t\t\t\t\t<div class=\"elementor-element elementor-element-bf58433 elementor-widget elementor-widget-text-editor\" data-id=\"bf58433\" data-element_type=\"widget\" data-widget_type=\"text-editor.default\">\n\t\t\t\t<div class=\"elementor-widget-container\">\n\t\t\t\t\t\t\t<p>Se encuentra al margen del camino que sube desde Lores en direcci\u00f3n a Pineda, a 1,5 km del pueblo. Este molino harinero fue construido en torno a 1945, a huebra por los vecinos de Lores, tras desaparecer otros molinos que exist\u00edan anteriormente en la localidad. <br><\/p>\n<p>El molino se ubica en un entorno natural de gran belleza, sobre una peque\u00f1a cascada cuyas aguas manan unos metros m\u00e1s arriba. Ha sido restaurado y actualmente se conserva en buen estado, siendo un lugar que merece la pena visitar.<\/p>\t\t\t\t\t\t<\/div>\n\t\t\t\t<\/div>\n\t\t\t\t\t<\/div>\n\t\t<\/div>\n\t\t\t\t<div class=\"elementor-column elementor-col-50 elementor-top-column elementor-element elementor-element-6bafcfb\" data-id=\"6bafcfb\" data-element_type=\"column\">\n\t\t\t<div class=\"elementor-widget-wrap elementor-element-populated\">\n\t\t\t\t\t\t\t\t<div class=\"elementor-element elementor-element-fe90f8a elementor-widget elementor-widget-image\" data-id=\"fe90f8a\" data-element_type=\"widget\" data-widget_type=\"image.default\">\n\t\t\t\t<div class=\"elementor-widget-container\">\n\t\t\t\t\t\t\t\t\t\t\t\t<figure class=\"wp-caption\">\n\t\t\t\t\t\t\t\t\t\t<img decoding=\"async\" src=\"https:\/\/www.turismolapernia.com\/wp-content\/uploads\/elementor\/thumbs\/DSC09757-01-e1646862318538-plmqaialyx39axjkc0je4syitbiz69nyjrvhvv3cpq.jpeg\" title=\"Molino de Lores\" alt=\"Molino de Lores\" \/>\t\t\t\t\t\t\t\t\t\t\t<figcaption class=\"widget-image-caption wp-caption-text\">Molino de Lores<\/figcaption>\n\t\t\t\t\t\t\t\t\t\t<\/figure>\n\t\t\t\t\t\t\t\t\t<\/div>\n\t\t\t\t<\/div>\n\t\t\t\t\t<\/div>\n\t\t<\/div>\n\t\t\t\t\t\t\t<\/div>\n\t\t<\/section>\n\t\t\t\t<section class=\"elementor-section elementor-top-section elementor-element elementor-element-716cb81 elementor-section-boxed elementor-section-height-default elementor-section-height-default\" data-id=\"716cb81\" data-element_type=\"section\">\n\t\t\t\t\t\t<div class=\"elementor-container elementor-column-gap-default\">\n\t\t\t\t\t<div class=\"elementor-column elementor-col-100 elementor-top-column elementor-element elementor-element-2039068\" data-id=\"2039068\" data-element_type=\"column\">\n\t\t\t<div class=\"elementor-widget-wrap elementor-element-populated\">\n\t\t\t\t\t\t\t\t<div class=\"elementor-element elementor-element-f9b8bc0 elementor-widget elementor-widget-heading\" data-id=\"f9b8bc0\" data-element_type=\"widget\" data-widget_type=\"heading.default\">\n\t\t\t\t<div class=\"elementor-widget-container\">\n\t\t\t<h4 class=\"elementor-heading-title elementor-size-default\">Cueva del Neredo<\/h4>\t\t<\/div>\n\t\t\t\t<\/div>\n\t\t\t\t<div class=\"elementor-element elementor-element-1b91cdb elementor-widget elementor-widget-text-editor\" data-id=\"1b91cdb\" data-element_type=\"widget\" data-widget_type=\"text-editor.default\">\n\t\t\t\t<div class=\"elementor-widget-container\">\n\t\t\t\t\t\t\t<p>La Cueva del Neredo, situada en las proximidades del molino de Lores, es conocida en la zona por su vinculaci\u00f3n con una antigua leyenda:<\/p>\t\t\t\t\t\t<\/div>\n\t\t\t\t<\/div>\n\t\t\t\t\t<\/div>\n\t\t<\/div>\n\t\t\t\t\t\t\t<\/div>\n\t\t<\/section>\n\t\t\t\t<section class=\"elementor-section elementor-top-section elementor-element elementor-element-02cc562 elementor-section-boxed elementor-section-height-default elementor-section-height-default\" data-id=\"02cc562\" data-element_type=\"section\">\n\t\t\t\t\t\t<div class=\"elementor-container elementor-column-gap-default\">\n\t\t\t\t\t<div class=\"elementor-column elementor-col-50 elementor-top-column elementor-element elementor-element-7044896\" data-id=\"7044896\" data-element_type=\"column\">\n\t\t\t<div class=\"elementor-widget-wrap elementor-element-populated\">\n\t\t\t\t\t\t\t\t<div class=\"elementor-element elementor-element-aa86d53 elementor-blockquote--skin-border elementor-blockquote--button-color-official elementor-widget elementor-widget-blockquote\" data-id=\"aa86d53\" data-element_type=\"widget\" data-widget_type=\"blockquote.default\">\n\t\t\t\t<div class=\"elementor-widget-container\">\n\t\t\t\t\t<blockquote class=\"elementor-blockquote\">\n\t\t\t<p class=\"elementor-blockquote__content\">\n\t\t\t\tCuenta la leyenda, que hace muchos a\u00f1os se corri\u00f3 la voz de que en esta cueva se hallaba enterrado un caldero de oro, rumor que atrajo la atenci\u00f3n de las gentes del lugar, que fueron all\u00ed a cavar para intentar encontrarlo.<br>Los vecinos, por riguroso turno, cavaron y extrajeron la tierra de la parte baja de la cueva, habilitando un pozo y una galer\u00eda, donde a medida que avanzaban iban protegiendo el camino con mamposter\u00eda, como se hac\u00eda en las minas del contorno.<br>Pero pasaron los d\u00edas y los vecinos iban perdiendo las fuerzas y la fe. Entonces alguien sugiri\u00f3 la idea de ir a buscar una adivina a Santander, para que les dijera d\u00f3nde se encontraba el caldero.<br>El acceso a la cueva es escabroso, lo que oblig\u00f3 a los hombres a subir a la adivina en brazos desde la orilla del r\u00edo hasta la boca de la gruta. <br>Cuando la mujer parec\u00eda situada ya en el lugar preciso, le preguntaron hacia d\u00f3nde deb\u00edan seguir cavando para encontrar el tesoro, a lo que la mujer, despu\u00e9s de una inspecci\u00f3n, respondi\u00f3 que all\u00ed no hab\u00eda se\u00f1ales de oro ni caldera de cobre. Enojados, los que la llevaban a punto estuvieron de tirarla por el pozo.\t\t\t<\/p>\n\t\t\t\t\t<\/blockquote>\n\t\t\t\t<\/div>\n\t\t\t\t<\/div>\n\t\t\t\t\t<\/div>\n\t\t<\/div>\n\t\t\t\t<div class=\"elementor-column elementor-col-50 elementor-top-column elementor-element elementor-element-7a129c2\" data-id=\"7a129c2\" data-element_type=\"column\">\n\t\t\t<div class=\"elementor-widget-wrap elementor-element-populated\">\n\t\t\t\t\t\t\t\t<div class=\"elementor-element elementor-element-41e6225 elementor-widget elementor-widget-image\" data-id=\"41e6225\" data-element_type=\"widget\" data-widget_type=\"image.default\">\n\t\t\t\t<div class=\"elementor-widget-container\">\n\t\t\t\t\t\t\t\t\t\t\t\t<figure class=\"wp-caption\">\n\t\t\t\t\t\t\t\t\t\t<img loading=\"lazy\" decoding=\"async\" width=\"525\" height=\"394\" src=\"https:\/\/www.turismolapernia.com\/wp-content\/uploads\/2022\/03\/DSC05567-1024x768.jpg\" class=\"attachment-large size-large\" alt=\"\" srcset=\"https:\/\/www.turismolapernia.com\/wp-content\/uploads\/2022\/03\/DSC05567-1024x768.jpg 1024w, https:\/\/www.turismolapernia.com\/wp-content\/uploads\/2022\/03\/DSC05567-300x225.jpg 300w, https:\/\/www.turismolapernia.com\/wp-content\/uploads\/2022\/03\/DSC05567-768x576.jpg 768w, https:\/\/www.turismolapernia.com\/wp-content\/uploads\/2022\/03\/DSC05567.jpg 1248w\" sizes=\"auto, 100vw\" \/>\t\t\t\t\t\t\t\t\t\t\t<figcaption class=\"widget-image-caption wp-caption-text\">Interior de la Cueva del Neredo<\/figcaption>\n\t\t\t\t\t\t\t\t\t\t<\/figure>\n\t\t\t\t\t\t\t\t\t<\/div>\n\t\t\t\t<\/div>\n\t\t\t\t\t<\/div>\n\t\t<\/div>\n\t\t\t\t\t\t\t<\/div>\n\t\t<\/section>\n\t\t\t\t<section class=\"elementor-section elementor-top-section elementor-element elementor-element-69e89d6 elementor-section-boxed elementor-section-height-default elementor-section-height-default\" data-id=\"69e89d6\" data-element_type=\"section\">\n\t\t\t\t\t\t<div class=\"elementor-container elementor-column-gap-default\">\n\t\t\t\t\t<div class=\"elementor-column elementor-col-100 elementor-top-column elementor-element elementor-element-9d83796\" data-id=\"9d83796\" data-element_type=\"column\">\n\t\t\t<div class=\"elementor-widget-wrap elementor-element-populated\">\n\t\t\t\t\t\t\t\t<div class=\"elementor-element elementor-element-b7d726e elementor-widget-divider--view-line elementor-widget elementor-widget-divider\" data-id=\"b7d726e\" data-element_type=\"widget\" data-widget_type=\"divider.default\">\n\t\t\t\t<div class=\"elementor-widget-container\">\n\t\t\t\t\t<div class=\"elementor-divider\">\n\t\t\t<span class=\"elementor-divider-separator\">\n\t\t\t\t\t\t<\/span>\n\t\t<\/div>\n\t\t\t\t<\/div>\n\t\t\t\t<\/div>\n\t\t\t\t\t<\/div>\n\t\t<\/div>\n\t\t\t\t\t\t\t<\/div>\n\t\t<\/section>\n\t\t\t\t<section class=\"elementor-section elementor-top-section elementor-element elementor-element-de80730 elementor-section-boxed elementor-section-height-default elementor-section-height-default\" data-id=\"de80730\" data-element_type=\"section\">\n\t\t\t\t\t\t<div class=\"elementor-container elementor-column-gap-default\">\n\t\t\t\t\t<div class=\"elementor-column elementor-col-100 elementor-top-column elementor-element elementor-element-76dcba8\" data-id=\"76dcba8\" data-element_type=\"column\">\n\t\t\t<div class=\"elementor-widget-wrap elementor-element-populated\">\n\t\t\t\t\t\t\t\t<div class=\"elementor-element elementor-element-d7ed21d elementor-widget elementor-widget-google_maps\" data-id=\"d7ed21d\" data-element_type=\"widget\" data-widget_type=\"google_maps.default\">\n\t\t\t\t<div class=\"elementor-widget-container\">\n\t\t\t\t\t<div class=\"elementor-custom-embed\">\n\t\t\t<iframe frameborder=\"0\" scrolling=\"no\" marginheight=\"0\" marginwidth=\"0\"\n\t\t\t\t\tsrc=\"https:\/\/maps.google.com\/maps?q=lores%20palencia&#038;t=m&#038;z=14&#038;output=embed&#038;iwloc=near\"\n\t\t\t\t\ttitle=\"lores palencia\"\n\t\t\t\t\taria-label=\"lores palencia\"\n\t\t\t><\/iframe>\n\t\t<\/div>\n\t\t\t\t<\/div>\n\t\t\t\t<\/div>\n\t\t\t\t\t<\/div>\n\t\t<\/div>\n\t\t\t\t\t\t\t<\/div>\n\t\t<\/section>\n\t\t\t\t\t\t<\/div>\n\t\t\t\t\t<\/div>","protected":false},"excerpt":{"rendered":"<p>Lores La Pern\u00eda Los pueblos de La Pern\u00eda Lores Lores (La Pern\u00eda, Palencia) Altitud: 1190 m Poblaci\u00f3n: 32 habitantes (2024) Distancias: San Salvador de Cantamuda: 5,5 km Cervera de Pisuerga: 19,5 km Palencia: 129 km Lores se halla en la confluencia de los valles de Rilores y Gerino, rodeado de bellos parajes, frondosos bosques y &hellip; <\/p>\n<p class=\"link-more\"><a href=\"https:\/\/www.turismolapernia.com\/en\/lores\/\" class=\"more-link\">Continue reading<span class=\"screen-reader-text\"> &#8220;Lores&#8221;<\/span><\/a><\/p>","protected":false},"author":1,"featured_media":11026,"parent":0,"menu_order":0,"comment_status":"closed","ping_status":"closed","template":"elementor_header_footer","meta":{"footnotes":""},"class_list":["post-383","page","type-page","status-publish","has-post-thumbnail","hentry"],"yoast_head":"<!-- This site is optimized with the Yoast SEO plugin v23.5 - https:\/\/yoast.com\/wordpress\/plugins\/seo\/ -->\n<title>Lores | Turismo La Pern\u00eda<\/title>\n<meta name=\"robots\" content=\"index, follow, max-snippet:-1, max-image-preview:large, max-video-preview:-1\" \/>\n<link rel=\"canonical\" href=\"https:\/\/www.turismolapernia.com\/en\/lores\/\" \/>\n<meta property=\"og:locale\" content=\"en_GB\" \/>\n<meta property=\"og:type\" content=\"article\" \/>\n<meta property=\"og:title\" content=\"Lores | Turismo La Pern\u00eda\" \/>\n<meta property=\"og:description\" content=\"Lores La Pern\u00eda Los pueblos de La Pern\u00eda Lores Lores (La Pern\u00eda, Palencia) Altitud: 1190 m Poblaci\u00f3n: 32 habitantes (2024) Distancias: San Salvador de Cantamuda: 5,5 km Cervera de Pisuerga: 19,5 km Palencia: 129 km Lores se halla en la confluencia de los valles de Rilores y Gerino, rodeado de bellos parajes, frondosos bosques y &hellip; Continue reading &quot;Lores&quot;\" \/>\n<meta property=\"og:url\" content=\"https:\/\/www.turismolapernia.com\/en\/lores\/\" \/>\n<meta property=\"og:site_name\" content=\"Turismo La Pern\u00eda\" \/>\n<meta property=\"article:publisher\" content=\"https:\/\/www.facebook.com\/turismolapernia\/\" \/>\n<meta property=\"article:modified_time\" content=\"2024-05-06T12:08:19+00:00\" \/>\n<meta property=\"og:image\" content=\"https:\/\/www.turismolapernia.com\/wp-content\/uploads\/2022\/04\/DSC06334-01.jpeg\" \/>\n\t<meta property=\"og:image:width\" content=\"1418\" \/>\n\t<meta property=\"og:image:height\" content=\"1054\" \/>\n\t<meta property=\"og:image:type\" content=\"image\/jpeg\" \/>\n<meta name=\"twitter:card\" content=\"summary_large_image\" \/>\n<meta name=\"twitter:label1\" content=\"Estimated reading time\" \/>\n\t<meta name=\"twitter:data1\" content=\"7 minutes\" \/>\n<script type=\"application\/ld+json\" class=\"yoast-schema-graph\">{\"@context\":\"https:\/\/schema.org\",\"@graph\":[{\"@type\":\"WebPage\",\"@id\":\"https:\/\/www.turismolapernia.com\/lores\/\",\"url\":\"https:\/\/www.turismolapernia.com\/lores\/\",\"name\":\"Lores | Turismo La Pern\u00eda\",\"isPartOf\":{\"@id\":\"https:\/\/www.turismolapernia.com\/#website\"},\"primaryImageOfPage\":{\"@id\":\"https:\/\/www.turismolapernia.com\/lores\/#primaryimage\"},\"image\":{\"@id\":\"https:\/\/www.turismolapernia.com\/lores\/#primaryimage\"},\"thumbnailUrl\":\"https:\/\/www.turismolapernia.com\/wp-content\/uploads\/2022\/04\/DSC06334-01.jpeg\",\"datePublished\":\"2021-02-04T08:58:16+00:00\",\"dateModified\":\"2024-05-06T12:08:19+00:00\",\"breadcrumb\":{\"@id\":\"https:\/\/www.turismolapernia.com\/lores\/#breadcrumb\"},\"inLanguage\":\"en-GB\",\"potentialAction\":[{\"@type\":\"ReadAction\",\"target\":[\"https:\/\/www.turismolapernia.com\/lores\/\"]}]},{\"@type\":\"ImageObject\",\"inLanguage\":\"en-GB\",\"@id\":\"https:\/\/www.turismolapernia.com\/lores\/#primaryimage\",\"url\":\"https:\/\/www.turismolapernia.com\/wp-content\/uploads\/2022\/04\/DSC06334-01.jpeg\",\"contentUrl\":\"https:\/\/www.turismolapernia.com\/wp-content\/uploads\/2022\/04\/DSC06334-01.jpeg\",\"width\":1418,\"height\":1054},{\"@type\":\"BreadcrumbList\",\"@id\":\"https:\/\/www.turismolapernia.com\/lores\/#breadcrumb\",\"itemListElement\":[{\"@type\":\"ListItem\",\"position\":1,\"name\":\"La Pern\u00eda\",\"item\":\"https:\/\/www.turismolapernia.com\/\"},{\"@type\":\"ListItem\",\"position\":2,\"name\":\"Lores\"}]},{\"@type\":\"WebSite\",\"@id\":\"https:\/\/www.turismolapernia.com\/#website\",\"url\":\"https:\/\/www.turismolapernia.com\/\",\"name\":\"Turismo La Pern\u00eda\",\"description\":\"Monta\u00f1a Palentina\",\"publisher\":{\"@id\":\"https:\/\/www.turismolapernia.com\/#organization\"},\"potentialAction\":[{\"@type\":\"SearchAction\",\"target\":{\"@type\":\"EntryPoint\",\"urlTemplate\":\"https:\/\/www.turismolapernia.com\/?s={search_term_string}\"},\"query-input\":{\"@type\":\"PropertyValueSpecification\",\"valueRequired\":true,\"valueName\":\"search_term_string\"}}],\"inLanguage\":\"en-GB\"},{\"@type\":\"Organization\",\"@id\":\"https:\/\/www.turismolapernia.com\/#organization\",\"name\":\"Turismo La Pern\u00eda\",\"url\":\"https:\/\/www.turismolapernia.com\/\",\"logo\":{\"@type\":\"ImageObject\",\"inLanguage\":\"en-GB\",\"@id\":\"https:\/\/www.turismolapernia.com\/#\/schema\/logo\/image\/\",\"url\":\"https:\/\/www.turismolapernia.com\/wp-content\/uploads\/2021\/12\/cropped-logo-CRV-Pernia-perfil.jpg\",\"contentUrl\":\"https:\/\/www.turismolapernia.com\/wp-content\/uploads\/2021\/12\/cropped-logo-CRV-Pernia-perfil.jpg\",\"width\":512,\"height\":512,\"caption\":\"Turismo La Pern\u00eda\"},\"image\":{\"@id\":\"https:\/\/www.turismolapernia.com\/#\/schema\/logo\/image\/\"},\"sameAs\":[\"https:\/\/www.facebook.com\/turismolapernia\/\",\"https:\/\/www.instagram.com\/turismolapernia\/\"]}]}<\/script>\n<!-- \/ Yoast SEO plugin. -->","yoast_head_json":{"title":"Lores | Turismo La Pern\u00eda","robots":{"index":"index","follow":"follow","max-snippet":"max-snippet:-1","max-image-preview":"max-image-preview:large","max-video-preview":"max-video-preview:-1"},"canonical":"https:\/\/www.turismolapernia.com\/en\/lores\/","og_locale":"en_GB","og_type":"article","og_title":"Lores | Turismo La Pern\u00eda","og_description":"Lores La Pern\u00eda Los pueblos de La Pern\u00eda Lores Lores (La Pern\u00eda, Palencia) Altitud: 1190 m Poblaci\u00f3n: 32 habitantes (2024) Distancias: San Salvador de Cantamuda: 5,5 km Cervera de Pisuerga: 19,5 km Palencia: 129 km Lores se halla en la confluencia de los valles de Rilores y Gerino, rodeado de bellos parajes, frondosos bosques y &hellip; Continue reading \"Lores\"","og_url":"https:\/\/www.turismolapernia.com\/en\/lores\/","og_site_name":"Turismo La Pern\u00eda","article_publisher":"https:\/\/www.facebook.com\/turismolapernia\/","article_modified_time":"2024-05-06T12:08:19+00:00","og_image":[{"width":1418,"height":1054,"url":"https:\/\/www.turismolapernia.com\/wp-content\/uploads\/2022\/04\/DSC06334-01.jpeg","type":"image\/jpeg"}],"twitter_card":"summary_large_image","twitter_misc":{"Estimated reading time":"7 minutes"},"schema":{"@context":"https:\/\/schema.org","@graph":[{"@type":"WebPage","@id":"https:\/\/www.turismolapernia.com\/lores\/","url":"https:\/\/www.turismolapernia.com\/lores\/","name":"Lores | Turismo La Pern\u00eda","isPartOf":{"@id":"https:\/\/www.turismolapernia.com\/#website"},"primaryImageOfPage":{"@id":"https:\/\/www.turismolapernia.com\/lores\/#primaryimage"},"image":{"@id":"https:\/\/www.turismolapernia.com\/lores\/#primaryimage"},"thumbnailUrl":"https:\/\/www.turismolapernia.com\/wp-content\/uploads\/2022\/04\/DSC06334-01.jpeg","datePublished":"2021-02-04T08:58:16+00:00","dateModified":"2024-05-06T12:08:19+00:00","breadcrumb":{"@id":"https:\/\/www.turismolapernia.com\/lores\/#breadcrumb"},"inLanguage":"en-GB","potentialAction":[{"@type":"ReadAction","target":["https:\/\/www.turismolapernia.com\/lores\/"]}]},{"@type":"ImageObject","inLanguage":"en-GB","@id":"https:\/\/www.turismolapernia.com\/lores\/#primaryimage","url":"https:\/\/www.turismolapernia.com\/wp-content\/uploads\/2022\/04\/DSC06334-01.jpeg","contentUrl":"https:\/\/www.turismolapernia.com\/wp-content\/uploads\/2022\/04\/DSC06334-01.jpeg","width":1418,"height":1054},{"@type":"BreadcrumbList","@id":"https:\/\/www.turismolapernia.com\/lores\/#breadcrumb","itemListElement":[{"@type":"ListItem","position":1,"name":"La Pern\u00eda","item":"https:\/\/www.turismolapernia.com\/"},{"@type":"ListItem","position":2,"name":"Lores"}]},{"@type":"WebSite","@id":"https:\/\/www.turismolapernia.com\/#website","url":"https:\/\/www.turismolapernia.com\/","name":"Turismo La Pern\u00eda","description":"Monta\u00f1a Palentina","publisher":{"@id":"https:\/\/www.turismolapernia.com\/#organization"},"potentialAction":[{"@type":"SearchAction","target":{"@type":"EntryPoint","urlTemplate":"https:\/\/www.turismolapernia.com\/?s={search_term_string}"},"query-input":{"@type":"PropertyValueSpecification","valueRequired":true,"valueName":"search_term_string"}}],"inLanguage":"en-GB"},{"@type":"Organization","@id":"https:\/\/www.turismolapernia.com\/#organization","name":"Turismo La Pern\u00eda","url":"https:\/\/www.turismolapernia.com\/","logo":{"@type":"ImageObject","inLanguage":"en-GB","@id":"https:\/\/www.turismolapernia.com\/#\/schema\/logo\/image\/","url":"https:\/\/www.turismolapernia.com\/wp-content\/uploads\/2021\/12\/cropped-logo-CRV-Pernia-perfil.jpg","contentUrl":"https:\/\/www.turismolapernia.com\/wp-content\/uploads\/2021\/12\/cropped-logo-CRV-Pernia-perfil.jpg","width":512,"height":512,"caption":"Turismo La Pern\u00eda"},"image":{"@id":"https:\/\/www.turismolapernia.com\/#\/schema\/logo\/image\/"},"sameAs":["https:\/\/www.facebook.com\/turismolapernia\/","https:\/\/www.instagram.com\/turismolapernia\/"]}]}},"_links":{"self":[{"href":"https:\/\/www.turismolapernia.com\/en\/wp-json\/wp\/v2\/pages\/383","targetHints":{"allow":["GET"]}}],"collection":[{"href":"https:\/\/www.turismolapernia.com\/en\/wp-json\/wp\/v2\/pages"}],"about":[{"href":"https:\/\/www.turismolapernia.com\/en\/wp-json\/wp\/v2\/types\/page"}],"author":[{"embeddable":true,"href":"https:\/\/www.turismolapernia.com\/en\/wp-json\/wp\/v2\/users\/1"}],"replies":[{"embeddable":true,"href":"https:\/\/www.turismolapernia.com\/en\/wp-json\/wp\/v2\/comments?post=383"}],"version-history":[{"count":324,"href":"https:\/\/www.turismolapernia.com\/en\/wp-json\/wp\/v2\/pages\/383\/revisions"}],"predecessor-version":[{"id":17147,"href":"https:\/\/www.turismolapernia.com\/en\/wp-json\/wp\/v2\/pages\/383\/revisions\/17147"}],"wp:featuredmedia":[{"embeddable":true,"href":"https:\/\/www.turismolapernia.com\/en\/wp-json\/wp\/v2\/media\/11026"}],"wp:attachment":[{"href":"https:\/\/www.turismolapernia.com\/en\/wp-json\/wp\/v2\/media?parent=383"}],"curies":[{"name":"wp","href":"https:\/\/api.w.org\/{rel}","templated":true}]}}