{"id":381,"date":"2021-02-04T09:20:36","date_gmt":"2021-02-04T08:20:36","guid":{"rendered":"https:\/\/turismolapernia.wordpress.com\/?page_id=381"},"modified":"2024-05-06T13:56:32","modified_gmt":"2024-05-06T11:56:32","slug":"lebanza","status":"publish","type":"page","link":"https:\/\/www.turismolapernia.com\/en\/lebanza\/","title":{"rendered":"Lebanza"},"content":{"rendered":"<div data-elementor-type=\"wp-page\" data-elementor-id=\"381\" class=\"elementor elementor-381\" data-elementor-settings=\"[]\">\n\t\t\t\t\t\t\t<div class=\"elementor-section-wrap\">\n\t\t\t\t\t\t\t<section class=\"elementor-section elementor-top-section elementor-element elementor-element-05f6129 elementor-section-boxed elementor-section-height-default elementor-section-height-default\" data-id=\"05f6129\" data-element_type=\"section\">\n\t\t\t\t\t\t<div class=\"elementor-container elementor-column-gap-default\">\n\t\t\t\t\t<div class=\"elementor-column elementor-col-100 elementor-top-column elementor-element elementor-element-6c698e7\" data-id=\"6c698e7\" data-element_type=\"column\">\n\t\t\t<div class=\"elementor-widget-wrap elementor-element-populated\">\n\t\t\t\t\t\t\t\t<div class=\"elementor-element elementor-element-f3d7627 elementor-widget elementor-widget-heading\" data-id=\"f3d7627\" data-element_type=\"widget\" data-widget_type=\"heading.default\">\n\t\t\t\t<div class=\"elementor-widget-container\">\n\t\t\t<h1 class=\"elementor-heading-title elementor-size-default\"><b>Lebanza<\/b><\/h1>\t\t<\/div>\n\t\t\t\t<\/div>\n\t\t\t\t<div class=\"elementor-element elementor-element-40bee83 elementor-widget elementor-widget-bdt-scrollnav\" data-id=\"40bee83\" data-element_type=\"widget\" data-widget_type=\"bdt-scrollnav.default\">\n\t\t\t\t<div class=\"elementor-widget-container\">\n\t\t\t\t\t<div class=\"bdt-scrollnav bdt-navbar-container bdt-navbar-transparent bdt-navbar\" data-bdt-navbar=\"\">\n\t\t\t<div class=\"bdt-navbar-left\">\n\t\t\t\t<ul class=\"bdt-navbar-nav\" data-bdt-scrollspy-nav=\"closest: li; scroll: true; offset: 0;\">\n\t\t\t\t\t\t    <li>\n\t\t\t<a href=\"https:\/\/www.turismolapernia.com\/en\/\" target=\"_self\" rel=\"\" data-tippy-content=\"\">\n\t\t\t\tLa Pern\u00eda \t\t\t\t\t\t\t\t\t<span class=\"bdt-button-icon-align-right\">\n\n\t\t\t\t\t\t<i aria-hidden=\"true\" class=\"fa-fw fas fa-angle-right\"><\/i>\n\t\t\t\t\t<\/span>\n\t\t\t\t\t\t\t<\/a>\n\t\t<\/li>\n\t\t\t    <li>\n\t\t\t<a href=\"https:\/\/www.turismolapernia.com\/en\/pueblos-pernia\/\" target=\"_self\" rel=\"\" data-tippy-content=\"\">\n\t\t\t\tThe villages of La Pern\u00eda \t\t\t\t\t\t\t<\/a>\n\t\t<\/li>\n\t\t\t\t\t\t<\/ul>\n\t\t\t<\/div>\n\t\t<\/div>\n\t    \t\t<\/div>\n\t\t\t\t<\/div>\n\t\t\t\t\t<\/div>\n\t\t<\/div>\n\t\t\t\t\t\t\t<\/div>\n\t\t<\/section>\n\t\t\t\t<section class=\"elementor-section elementor-top-section elementor-element elementor-element-8f12378 elementor-section-boxed elementor-section-height-default elementor-section-height-default\" data-id=\"8f12378\" data-element_type=\"section\" data-settings=\"{&quot;background_background&quot;:&quot;classic&quot;}\">\n\t\t\t\t\t\t\t<div class=\"elementor-background-overlay\"><\/div>\n\t\t\t\t\t\t\t<div class=\"elementor-container elementor-column-gap-default\">\n\t\t\t\t\t<div class=\"elementor-column elementor-col-100 elementor-top-column elementor-element elementor-element-8e9101d\" data-id=\"8e9101d\" data-element_type=\"column\" data-settings=\"{&quot;background_background&quot;:&quot;classic&quot;}\">\n\t\t\t<div class=\"elementor-widget-wrap elementor-element-populated\">\n\t\t\t\t\t<div class=\"elementor-background-overlay\"><\/div>\n\t\t\t\t\t\t\t\t<div class=\"elementor-element elementor-element-40fb0ed elementor-widget elementor-widget-heading\" data-id=\"40fb0ed\" data-element_type=\"widget\" data-widget_type=\"heading.default\">\n\t\t\t\t<div class=\"elementor-widget-container\">\n\t\t\t<h1 class=\"elementor-heading-title elementor-size-default\"><b>Lebanza<\/b><\/h1>\t\t<\/div>\n\t\t\t\t<\/div>\n\t\t\t\t\t<\/div>\n\t\t<\/div>\n\t\t\t\t\t\t\t<\/div>\n\t\t<\/section>\n\t\t\t\t<section class=\"elementor-section elementor-top-section elementor-element elementor-element-192cd71 elementor-section-boxed elementor-section-height-default elementor-section-height-default\" data-id=\"192cd71\" data-element_type=\"section\">\n\t\t\t\t\t\t<div class=\"elementor-container elementor-column-gap-default\">\n\t\t\t\t\t<div class=\"elementor-column elementor-col-50 elementor-top-column elementor-element elementor-element-ae12dd5\" data-id=\"ae12dd5\" data-element_type=\"column\">\n\t\t\t<div class=\"elementor-widget-wrap elementor-element-populated\">\n\t\t\t\t\t\t\t\t<div class=\"elementor-element elementor-element-86647db elementor-widget elementor-widget-text-editor\" data-id=\"86647db\" data-element_type=\"widget\" data-widget_type=\"text-editor.default\">\n\t\t\t\t<div class=\"elementor-widget-container\">\n\t\t\t\t\t\t\t<p><b>Lebanza<br \/><\/b><\/p>\t\t\t\t\t\t<\/div>\n\t\t\t\t<\/div>\n\t\t\t\t<div class=\"elementor-element elementor-element-f55def0 elementor-widget elementor-widget-text-editor\" data-id=\"f55def0\" data-element_type=\"widget\" data-widget_type=\"text-editor.default\">\n\t\t\t\t<div class=\"elementor-widget-container\">\n\t\t\t\t\t\t\t<p><b>(La Pern\u00eda, Palencia)<br><\/b><\/p>\t\t\t\t\t\t<\/div>\n\t\t\t\t<\/div>\n\t\t\t\t<div class=\"elementor-element elementor-element-cf897c7 elementor-icon-list--layout-traditional elementor-list-item-link-full_width elementor-widget elementor-widget-icon-list\" data-id=\"cf897c7\" data-element_type=\"widget\" data-widget_type=\"icon-list.default\">\n\t\t\t\t<div class=\"elementor-widget-container\">\n\t\t\t\t\t<ul class=\"elementor-icon-list-items\">\n\t\t\t\t\t\t\t<li class=\"elementor-icon-list-item\">\n\t\t\t\t\t\t\t\t\t\t\t<span class=\"elementor-icon-list-icon\">\n\t\t\t\t\t\t\t<i aria-hidden=\"true\" class=\"fas fa-angle-right\"><\/i>\t\t\t\t\t\t<\/span>\n\t\t\t\t\t\t\t\t\t\t<span class=\"elementor-icon-list-text\"><b>Altitude: <\/b>1186 m <\/span>\n\t\t\t\t\t\t\t\t\t<\/li>\n\t\t\t\t\t\t\t\t<li class=\"elementor-icon-list-item\">\n\t\t\t\t\t\t\t\t\t\t\t<span class=\"elementor-icon-list-icon\">\n\t\t\t\t\t\t\t<i aria-hidden=\"true\" class=\"fas fa-angle-right\"><\/i>\t\t\t\t\t\t<\/span>\n\t\t\t\t\t\t\t\t\t\t<span class=\"elementor-icon-list-text\"><b>Population<\/b><b>: <\/b>25 habitantes (2024)<\/span>\n\t\t\t\t\t\t\t\t\t<\/li>\n\t\t\t\t\t\t\t\t<li class=\"elementor-icon-list-item\">\n\t\t\t\t\t\t\t\t\t\t\t<span class=\"elementor-icon-list-icon\">\n\t\t\t\t\t\t\t<i aria-hidden=\"true\" class=\"fas fa-angle-right\"><\/i>\t\t\t\t\t\t<\/span>\n\t\t\t\t\t\t\t\t\t\t<span class=\"elementor-icon-list-text\"><b>Distances:<\/b><br><\/span>\n\t\t\t\t\t\t\t\t\t<\/li>\n\t\t\t\t\t\t<\/ul>\n\t\t\t\t<\/div>\n\t\t\t\t<\/div>\n\t\t\t\t<div class=\"elementor-element elementor-element-54a9598 elementor-icon-list--layout-traditional elementor-list-item-link-full_width elementor-widget elementor-widget-icon-list\" data-id=\"54a9598\" data-element_type=\"widget\" data-widget_type=\"icon-list.default\">\n\t\t\t\t<div class=\"elementor-widget-container\">\n\t\t\t\t\t<ul class=\"elementor-icon-list-items\">\n\t\t\t\t\t\t\t<li class=\"elementor-icon-list-item\">\n\t\t\t\t\t\t\t\t\t\t\t<span class=\"elementor-icon-list-icon\">\n\t\t\t\t\t\t\t<i aria-hidden=\"true\" class=\"fas fa-circle\"><\/i>\t\t\t\t\t\t<\/span>\n\t\t\t\t\t\t\t\t\t\t<span class=\"elementor-icon-list-text\">San Salvador de Cantamuda:<b> <\/b>3 km<\/span>\n\t\t\t\t\t\t\t\t\t<\/li>\n\t\t\t\t\t\t\t\t<li class=\"elementor-icon-list-item\">\n\t\t\t\t\t\t\t\t\t\t\t<span class=\"elementor-icon-list-icon\">\n\t\t\t\t\t\t\t<i aria-hidden=\"true\" class=\"fas fa-circle\"><\/i>\t\t\t\t\t\t<\/span>\n\t\t\t\t\t\t\t\t\t\t<span class=\"elementor-icon-list-text\">Cervera de Pisuerga: 18 km <\/span>\n\t\t\t\t\t\t\t\t\t<\/li>\n\t\t\t\t\t\t\t\t<li class=\"elementor-icon-list-item\">\n\t\t\t\t\t\t\t\t\t\t\t<span class=\"elementor-icon-list-icon\">\n\t\t\t\t\t\t\t<i aria-hidden=\"true\" class=\"fas fa-circle\"><\/i>\t\t\t\t\t\t<\/span>\n\t\t\t\t\t\t\t\t\t\t<span class=\"elementor-icon-list-text\">Palencia: <b> <\/b>127 km<\/span>\n\t\t\t\t\t\t\t\t\t<\/li>\n\t\t\t\t\t\t<\/ul>\n\t\t\t\t<\/div>\n\t\t\t\t<\/div>\n\t\t\t\t\t<\/div>\n\t\t<\/div>\n\t\t\t\t<div class=\"elementor-column elementor-col-50 elementor-top-column elementor-element elementor-element-57b071b\" data-id=\"57b071b\" data-element_type=\"column\">\n\t\t\t<div class=\"elementor-widget-wrap elementor-element-populated\">\n\t\t\t\t\t\t\t\t<div class=\"elementor-element elementor-element-bda15fc elementor-widget elementor-widget-text-editor\" data-id=\"bda15fc\" data-element_type=\"widget\" data-widget_type=\"text-editor.default\">\n\t\t\t\t<div class=\"elementor-widget-container\">\n\t\t\t\t\t\t\t<p>A <b>Lebanza<\/b> se accede desde San Salvador de Cantamuda por la carretera PP-2214, que conduce hasta la Abad\u00eda de Lebanza, antiguo establecimiento monacal con el que se vinculan los or\u00edgenes de esta localidad.<\/p><p>\u00a0<\/p><p>El lugar aparece denominado ya en el siglo X como <i>Nebantia<\/i>, que podr\u00eda derivar de &#8220;<i>naba-anka<\/i>&#8220;, &#8220;campera peque\u00f1a&#8221;.<\/p><p>\u00a0<\/p><p>Seg\u00fan Pascual Madoz, en 1845, en Lebanza se produc\u00eda &#8220;<i>trigo, aunque poco, cebada, centeno, titos, patatas y alg\u00fan lino<\/i>&#8220;. Relacionado con ello, existi\u00f3 en el pueblo un molino harinero y un pis\u00f3n, que fue expropiado en parte para construir la carretera de la Abad\u00eda.<\/p>\t\t\t\t\t\t<\/div>\n\t\t\t\t<\/div>\n\t\t\t\t<div class=\"elementor-element elementor-element-12e3e37 elementor-widget elementor-widget-text-editor\" data-id=\"12e3e37\" data-element_type=\"widget\" data-widget_type=\"text-editor.default\">\n\t\t\t\t<div class=\"elementor-widget-container\">\n\t\t\t\t\t\t\t<p>En la localidad se conservan interesantes vestigios de la arquitectura tradicional. Algunas casas mantienen el tejado a tres aguas, t\u00edpico de la cornisa cant\u00e1brica. A la entrada del pueblo, llama la atenci\u00f3n una casa que posee una <b>hornera<\/b> en su planta superior sustentada por un pie derecho (un pilar de madera de roble). Antiguamente casi todas las casas horneaban su propio pan, lo singular en este caso es que la cocina y la hornera se encuentran en el segundo piso.<\/p><p>\u00a0<\/p><p>Saliendo del pueblo, en direcci\u00f3n a la Abad\u00eda de Lebanza, se encuentra la Fuente de la Cueva, cuyas aguas son canalizadas y\u00a0embotelladas desde el a\u00f1o 2008, cuando se instal\u00f3 en <a href=\"https:\/\/www.turismolapernia.com\/en\/san-salvador-de-cantamuda\/\">San Salvador de Cantamuda<\/a> la planta embotelladora de agua <span style=\"color: #003366;\"><a style=\"color: #003366;\" href=\"https:\/\/lebanza.com\/\"><b>Fuentes de Lebanza<\/b><\/a><\/span><b>.<br \/><\/b><\/p><p><b>\u00a0<\/b><\/p><p>La fiesta tradicional de Lebanza, San Sebasti\u00e1n, se celebrada el 20 de enero. A d\u00eda de hoy, la fiesta se ha trasladado al 15 de agosto, \u00e9poca del a\u00f1o en la que el pueblo cuenta con m\u00e1s vecinos.<\/p>\t\t\t\t\t\t<\/div>\n\t\t\t\t<\/div>\n\t\t\t\t\t<\/div>\n\t\t<\/div>\n\t\t\t\t\t\t\t<\/div>\n\t\t<\/section>\n\t\t\t\t<section class=\"elementor-section elementor-top-section elementor-element elementor-element-68eb585 elementor-section-boxed elementor-section-height-default elementor-section-height-default\" data-id=\"68eb585\" data-element_type=\"section\">\n\t\t\t\t\t\t<div class=\"elementor-container elementor-column-gap-default\">\n\t\t\t\t\t<div class=\"elementor-column elementor-col-100 elementor-top-column elementor-element elementor-element-6df8a98\" data-id=\"6df8a98\" data-element_type=\"column\">\n\t\t\t<div class=\"elementor-widget-wrap elementor-element-populated\">\n\t\t\t\t\t\t\t\t<div class=\"elementor-element elementor-element-2ffeefc elementor-arrows-position-inside elementor-pagination-position-outside elementor-widget elementor-widget-image-carousel\" data-id=\"2ffeefc\" data-element_type=\"widget\" data-settings=\"{&quot;image_spacing_custom&quot;:{&quot;unit&quot;:&quot;px&quot;,&quot;size&quot;:50,&quot;sizes&quot;:[]},&quot;navigation&quot;:&quot;both&quot;,&quot;autoplay&quot;:&quot;yes&quot;,&quot;pause_on_hover&quot;:&quot;yes&quot;,&quot;pause_on_interaction&quot;:&quot;yes&quot;,&quot;autoplay_speed&quot;:5000,&quot;infinite&quot;:&quot;yes&quot;,&quot;speed&quot;:500}\" data-widget_type=\"image-carousel.default\">\n\t\t\t\t<div class=\"elementor-widget-container\">\n\t\t\t\t\t<div class=\"elementor-image-carousel-wrapper swiper-container\" dir=\"ltr\">\n\t\t\t<div class=\"elementor-image-carousel swiper-wrapper\">\n\t\t\t\t\t\t\t\t<div class=\"swiper-slide\"><figure class=\"swiper-slide-inner\"><img decoding=\"async\" class=\"swiper-slide-image\" src=\"https:\/\/www.turismolapernia.com\/wp-content\/uploads\/2023\/01\/hornera-lebanza-e1673523934686-768x549.jpeg\" alt=\"hornera lebanza\" \/><\/figure><\/div><div class=\"swiper-slide\"><figure class=\"swiper-slide-inner\"><img decoding=\"async\" class=\"swiper-slide-image\" src=\"https:\/\/www.turismolapernia.com\/wp-content\/uploads\/2023\/01\/lebanza-iglesia-pena-tremaya-scaled-e1673523956539-768x549.jpeg\" alt=\"lebanza iglesia pe\u00f1a tremaya\" \/><\/figure><\/div><div class=\"swiper-slide\"><figure class=\"swiper-slide-inner\"><img decoding=\"async\" class=\"swiper-slide-image\" src=\"https:\/\/www.turismolapernia.com\/wp-content\/uploads\/2023\/01\/carro-lebanza-e1673523980272-768x549.jpg\" alt=\"carro lebanza\" \/><\/figure><\/div><div class=\"swiper-slide\"><figure class=\"swiper-slide-inner\"><img decoding=\"async\" class=\"swiper-slide-image\" src=\"https:\/\/www.turismolapernia.com\/wp-content\/uploads\/2022\/12\/hornera-lebanza-e1673523999657-768x549.jpg\" alt=\"hornera lebanza\" \/><\/figure><\/div><div class=\"swiper-slide\"><figure class=\"swiper-slide-inner\"><img decoding=\"async\" class=\"swiper-slide-image\" src=\"https:\/\/www.turismolapernia.com\/wp-content\/uploads\/2022\/12\/lebanza-hornera-e1673524047768-768x549.jpg\" alt=\"lebanza hornera\" \/><\/figure><\/div><div class=\"swiper-slide\"><figure class=\"swiper-slide-inner\"><img decoding=\"async\" class=\"swiper-slide-image\" src=\"https:\/\/www.turismolapernia.com\/wp-content\/uploads\/2022\/12\/ruedas-lebanza-e1673524069451-768x549.jpg\" alt=\"ruedas lebanza\" \/><\/figure><\/div><div class=\"swiper-slide\"><figure class=\"swiper-slide-inner\"><img decoding=\"async\" class=\"swiper-slide-image\" src=\"https:\/\/www.turismolapernia.com\/wp-content\/uploads\/2023\/01\/casa-lebanza-e1673524088110-768x549.jpeg\" alt=\"casa lebanza\" \/><\/figure><\/div><div class=\"swiper-slide\"><figure class=\"swiper-slide-inner\"><img decoding=\"async\" class=\"swiper-slide-image\" src=\"https:\/\/www.turismolapernia.com\/wp-content\/uploads\/2023\/01\/gato-lebanza-e1673524108255-768x549.jpg\" alt=\"gato lebanza\" \/><\/figure><\/div><div class=\"swiper-slide\"><figure class=\"swiper-slide-inner\"><img decoding=\"async\" class=\"swiper-slide-image\" src=\"https:\/\/www.turismolapernia.com\/wp-content\/uploads\/2021\/02\/dsc02228-01-2-scaled-e1673524133202-768x549.jpeg\" alt=\"dsc02228-01-2\" \/><\/figure><\/div><div class=\"swiper-slide\"><figure class=\"swiper-slide-inner\"><img decoding=\"async\" class=\"swiper-slide-image\" src=\"https:\/\/www.turismolapernia.com\/wp-content\/uploads\/2023\/01\/cueva-lebanza-e1673524159902-768x549.jpeg\" alt=\"cueva lebanza\" \/><\/figure><\/div><div class=\"swiper-slide\"><figure class=\"swiper-slide-inner\"><img decoding=\"async\" class=\"swiper-slide-image\" src=\"https:\/\/www.turismolapernia.com\/wp-content\/uploads\/2023\/01\/ruinas-lebanza-e1673524175598-768x549.jpg\" alt=\"ruinas lebanza\" \/><\/figure><\/div><div class=\"swiper-slide\"><figure class=\"swiper-slide-inner\"><img decoding=\"async\" class=\"swiper-slide-image\" src=\"https:\/\/www.turismolapernia.com\/wp-content\/uploads\/2022\/06\/lebanza-e1673524195784-768x549.jpg\" alt=\"lebanza\" \/><\/figure><\/div>\t\t\t<\/div>\n\t\t\t\t\t\t\t\t\t\t\t\t<div class=\"swiper-pagination\"><\/div>\n\t\t\t\t\t\t\t\t\t\t\t\t\t<div class=\"elementor-swiper-button elementor-swiper-button-prev\">\n\t\t\t\t\t\t<i class=\"eicon-chevron-left\" aria-hidden=\"true\"><\/i>\n\t\t\t\t\t\t<span class=\"elementor-screen-only\">Previous<\/span>\n\t\t\t\t\t<\/div>\n\t\t\t\t\t<div class=\"elementor-swiper-button elementor-swiper-button-next\">\n\t\t\t\t\t\t<i class=\"eicon-chevron-right\" aria-hidden=\"true\"><\/i>\n\t\t\t\t\t\t<span class=\"elementor-screen-only\">Next<\/span>\n\t\t\t\t\t<\/div>\n\t\t\t\t\t\t\t\t\t<\/div>\n\t\t\t\t<\/div>\n\t\t\t\t<\/div>\n\t\t\t\t\t<\/div>\n\t\t<\/div>\n\t\t\t\t\t\t\t<\/div>\n\t\t<\/section>\n\t\t\t\t<section class=\"elementor-section elementor-top-section elementor-element elementor-element-9e960a0 elementor-section-boxed elementor-section-height-default elementor-section-height-default\" data-id=\"9e960a0\" data-element_type=\"section\">\n\t\t\t\t\t\t<div class=\"elementor-container elementor-column-gap-default\">\n\t\t\t\t\t<div class=\"elementor-column elementor-col-100 elementor-top-column elementor-element elementor-element-dc2a722\" data-id=\"dc2a722\" data-element_type=\"column\">\n\t\t\t<div class=\"elementor-widget-wrap elementor-element-populated\">\n\t\t\t\t\t\t\t\t<div class=\"elementor-element elementor-element-b304339 elementor-widget-divider--view-line elementor-widget elementor-widget-divider\" data-id=\"b304339\" data-element_type=\"widget\" data-widget_type=\"divider.default\">\n\t\t\t\t<div class=\"elementor-widget-container\">\n\t\t\t\t\t<div class=\"elementor-divider\">\n\t\t\t<span class=\"elementor-divider-separator\">\n\t\t\t\t\t\t<\/span>\n\t\t<\/div>\n\t\t\t\t<\/div>\n\t\t\t\t<\/div>\n\t\t\t\t\t<\/div>\n\t\t<\/div>\n\t\t\t\t\t\t\t<\/div>\n\t\t<\/section>\n\t\t\t\t<section class=\"elementor-section elementor-top-section elementor-element elementor-element-69466cf elementor-section-boxed elementor-section-height-default elementor-section-height-default\" data-id=\"69466cf\" data-element_type=\"section\">\n\t\t\t\t\t\t<div class=\"elementor-container elementor-column-gap-default\">\n\t\t\t\t\t<div class=\"elementor-column elementor-col-100 elementor-top-column elementor-element elementor-element-4353917\" data-id=\"4353917\" data-element_type=\"column\">\n\t\t\t<div class=\"elementor-widget-wrap elementor-element-populated\">\n\t\t\t\t\t\t\t\t<div class=\"elementor-element elementor-element-b5ed410 elementor-widget elementor-widget-heading\" data-id=\"b5ed410\" data-element_type=\"widget\" data-widget_type=\"heading.default\">\n\t\t\t\t<div class=\"elementor-widget-container\">\n\t\t\t<h4 class=\"elementor-heading-title elementor-size-default\">Iglesia de San Sebasti\u00e1n<\/h4>\t\t<\/div>\n\t\t\t\t<\/div>\n\t\t\t\t\t<\/div>\n\t\t<\/div>\n\t\t\t\t\t\t\t<\/div>\n\t\t<\/section>\n\t\t\t\t<section class=\"elementor-section elementor-top-section elementor-element elementor-element-b188305 elementor-section-boxed elementor-section-height-default elementor-section-height-default\" data-id=\"b188305\" data-element_type=\"section\">\n\t\t\t\t\t\t<div class=\"elementor-container elementor-column-gap-default\">\n\t\t\t\t\t<div class=\"elementor-column elementor-col-50 elementor-top-column elementor-element elementor-element-0341000\" data-id=\"0341000\" data-element_type=\"column\">\n\t\t\t<div class=\"elementor-widget-wrap elementor-element-populated\">\n\t\t\t\t\t\t\t\t<div class=\"elementor-element elementor-element-ffa1a3f elementor-widget elementor-widget-image\" data-id=\"ffa1a3f\" data-element_type=\"widget\" data-widget_type=\"image.default\">\n\t\t\t\t<div class=\"elementor-widget-container\">\n\t\t\t\t\t\t\t\t\t\t\t\t\t\t\t<img loading=\"lazy\" decoding=\"async\" width=\"2358\" height=\"1768\" src=\"https:\/\/www.turismolapernia.com\/wp-content\/uploads\/2023\/01\/iglesia-lebanza.jpeg\" class=\"attachment-full size-full\" alt=\"\" srcset=\"https:\/\/www.turismolapernia.com\/wp-content\/uploads\/2023\/01\/iglesia-lebanza.jpeg 2358w, https:\/\/www.turismolapernia.com\/wp-content\/uploads\/2023\/01\/iglesia-lebanza-300x225.jpeg 300w, https:\/\/www.turismolapernia.com\/wp-content\/uploads\/2023\/01\/iglesia-lebanza-1024x768.jpeg 1024w, https:\/\/www.turismolapernia.com\/wp-content\/uploads\/2023\/01\/iglesia-lebanza-768x576.jpeg 768w, https:\/\/www.turismolapernia.com\/wp-content\/uploads\/2023\/01\/iglesia-lebanza-1536x1152.jpeg 1536w, https:\/\/www.turismolapernia.com\/wp-content\/uploads\/2023\/01\/iglesia-lebanza-2048x1536.jpeg 2048w, https:\/\/www.turismolapernia.com\/wp-content\/uploads\/2023\/01\/iglesia-lebanza-16x12.jpeg 16w\" sizes=\"auto, 100vw\" \/>\t\t\t\t\t\t\t\t\t\t\t\t\t\t\t<\/div>\n\t\t\t\t<\/div>\n\t\t\t\t\t<\/div>\n\t\t<\/div>\n\t\t\t\t<div class=\"elementor-column elementor-col-50 elementor-top-column elementor-element elementor-element-28d1356\" data-id=\"28d1356\" data-element_type=\"column\">\n\t\t\t<div class=\"elementor-widget-wrap elementor-element-populated\">\n\t\t\t\t\t\t\t\t<div class=\"elementor-element elementor-element-d11809e elementor-widget elementor-widget-text-editor\" data-id=\"d11809e\" data-element_type=\"widget\" data-widget_type=\"text-editor.default\">\n\t\t\t\t<div class=\"elementor-widget-container\">\n\t\t\t\t\t\t\t<p>La iglesia de San Sebasti\u00e1n es obra del siglo XVI. Se trata de un edificio de una sola nave, con presbiterio y capilla cubiertos con b\u00f3veda de crucer\u00eda estrellada. En el interior destacan dos retablos, uno barroco y otro neocl\u00e1sico, as\u00ed como una imagen g\u00f3tica de la Virgen con el Ni\u00f1o y la imagen del patr\u00f3n de la parroquia, San Sebasti\u00e1n, del siglo XIV. Tambi\u00e9n hay un relicario del siglo XVII, que tradicionalmente se iba rotando entre los vecinos de Lebanza para honrarlo en las casas. <\/p>\t\t\t\t\t\t<\/div>\n\t\t\t\t<\/div>\n\t\t\t\t\t<\/div>\n\t\t<\/div>\n\t\t\t\t\t\t\t<\/div>\n\t\t<\/section>\n\t\t\t\t<section class=\"elementor-section elementor-top-section elementor-element elementor-element-b7679ed elementor-section-boxed elementor-section-height-default elementor-section-height-default\" data-id=\"b7679ed\" data-element_type=\"section\">\n\t\t\t\t\t\t<div class=\"elementor-container elementor-column-gap-default\">\n\t\t\t\t\t<div class=\"elementor-column elementor-col-100 elementor-top-column elementor-element elementor-element-070bc5a\" data-id=\"070bc5a\" data-element_type=\"column\">\n\t\t\t<div class=\"elementor-widget-wrap elementor-element-populated\">\n\t\t\t\t\t\t\t\t<div class=\"elementor-element elementor-element-d1eac18 elementor-widget elementor-widget-heading\" data-id=\"d1eac18\" data-element_type=\"widget\" data-widget_type=\"heading.default\">\n\t\t\t\t<div class=\"elementor-widget-container\">\n\t\t\t<h4 class=\"elementor-heading-title elementor-size-default\">Abbey of Santa Mar\u00eda de Lebanza<\/h4>\t\t<\/div>\n\t\t\t\t<\/div>\n\t\t\t\t\t<\/div>\n\t\t<\/div>\n\t\t\t\t\t\t\t<\/div>\n\t\t<\/section>\n\t\t\t\t<section class=\"elementor-section elementor-top-section elementor-element elementor-element-62590ff elementor-section-boxed elementor-section-height-default elementor-section-height-default\" data-id=\"62590ff\" data-element_type=\"section\">\n\t\t\t\t\t\t<div class=\"elementor-container elementor-column-gap-default\">\n\t\t\t\t\t<div class=\"elementor-column elementor-col-50 elementor-top-column elementor-element elementor-element-e050588\" data-id=\"e050588\" data-element_type=\"column\">\n\t\t\t<div class=\"elementor-widget-wrap elementor-element-populated\">\n\t\t\t\t\t\t\t\t<div class=\"elementor-element elementor-element-8a97641 elementor-widget elementor-widget-image\" data-id=\"8a97641\" data-element_type=\"widget\" data-widget_type=\"image.default\">\n\t\t\t\t<div class=\"elementor-widget-container\">\n\t\t\t\t\t\t\t\t\t\t\t\t\t\t\t<img loading=\"lazy\" decoding=\"async\" width=\"525\" height=\"394\" src=\"https:\/\/www.turismolapernia.com\/wp-content\/uploads\/2023\/01\/abadia-de-lebanza-1024x768.jpg\" class=\"attachment-large size-large\" alt=\"\" srcset=\"https:\/\/www.turismolapernia.com\/wp-content\/uploads\/2023\/01\/abadia-de-lebanza-1024x768.jpg 1024w, https:\/\/www.turismolapernia.com\/wp-content\/uploads\/2023\/01\/abadia-de-lebanza-300x225.jpg 300w, https:\/\/www.turismolapernia.com\/wp-content\/uploads\/2023\/01\/abadia-de-lebanza-768x576.jpg 768w, https:\/\/www.turismolapernia.com\/wp-content\/uploads\/2023\/01\/abadia-de-lebanza-1536x1152.jpg 1536w, https:\/\/www.turismolapernia.com\/wp-content\/uploads\/2023\/01\/abadia-de-lebanza-2048x1536.jpg 2048w, https:\/\/www.turismolapernia.com\/wp-content\/uploads\/2023\/01\/abadia-de-lebanza-16x12.jpg 16w\" sizes=\"auto, 100vw\" \/>\t\t\t\t\t\t\t\t\t\t\t\t\t\t\t<\/div>\n\t\t\t\t<\/div>\n\t\t\t\t\t<\/div>\n\t\t<\/div>\n\t\t\t\t<div class=\"elementor-column elementor-col-50 elementor-top-column elementor-element elementor-element-9cf46b3\" data-id=\"9cf46b3\" data-element_type=\"column\">\n\t\t\t<div class=\"elementor-widget-wrap elementor-element-populated\">\n\t\t\t\t\t\t\t\t<div class=\"elementor-element elementor-element-e297555 elementor-widget elementor-widget-text-editor\" data-id=\"e297555\" data-element_type=\"widget\" data-widget_type=\"text-editor.default\">\n\t\t\t\t<div class=\"elementor-widget-container\">\n\t\t\t\t\t\t\t<p>The <b>Abbey of Santa Mar\u00eda de Lebanza<\/b> est\u00e1 situada a 2 km de Lebanza, en un paraje de gran belleza al pie de las monta\u00f1as. El lugar encierra una larga historia, de m\u00e1s de 1000 a\u00f1os.<\/p>\t\t\t\t\t\t<\/div>\n\t\t\t\t<\/div>\n\t\t\t\t<div class=\"elementor-element elementor-element-1221e22 elementor-widget elementor-widget-button\" data-id=\"1221e22\" data-element_type=\"widget\" data-widget_type=\"button.default\">\n\t\t\t\t<div class=\"elementor-widget-container\">\n\t\t\t\t\t<div class=\"elementor-button-wrapper\">\n\t\t\t<a href=\"https:\/\/www.turismolapernia.com\/en\/abadia-de-lebanza\/\" class=\"elementor-button-link elementor-button elementor-size-sm\" role=\"button\">\n\t\t\t\t\t\t<span class=\"elementor-button-content-wrapper\">\n\t\t\t\t\t\t<span class=\"elementor-button-icon elementor-align-icon-right\">\n\t\t\t\t<i aria-hidden=\"true\" class=\"fas fa-caret-right\"><\/i>\t\t\t<\/span>\n\t\t\t\t\t\t<span class=\"elementor-button-text\"> <b>More information<\/b><\/span>\n\t\t<\/span>\n\t\t\t\t\t<\/a>\n\t\t<\/div>\n\t\t\t\t<\/div>\n\t\t\t\t<\/div>\n\t\t\t\t\t<\/div>\n\t\t<\/div>\n\t\t\t\t\t\t\t<\/div>\n\t\t<\/section>\n\t\t\t\t<section class=\"elementor-section elementor-top-section elementor-element elementor-element-cbee75b elementor-section-boxed elementor-section-height-default elementor-section-height-default\" data-id=\"cbee75b\" data-element_type=\"section\">\n\t\t\t\t\t\t<div class=\"elementor-container elementor-column-gap-default\">\n\t\t\t\t\t<div class=\"elementor-column elementor-col-100 elementor-top-column elementor-element elementor-element-fb7071f\" data-id=\"fb7071f\" data-element_type=\"column\">\n\t\t\t<div class=\"elementor-widget-wrap elementor-element-populated\">\n\t\t\t\t\t\t\t\t<div class=\"elementor-element elementor-element-37fff9d elementor-widget elementor-widget-heading\" data-id=\"37fff9d\" data-element_type=\"widget\" data-widget_type=\"heading.default\">\n\t\t\t\t<div class=\"elementor-widget-container\">\n\t\t\t<h4 class=\"elementor-heading-title elementor-size-default\">Roble de Lebanza<\/h4>\t\t<\/div>\n\t\t\t\t<\/div>\n\t\t\t\t\t<\/div>\n\t\t<\/div>\n\t\t\t\t\t\t\t<\/div>\n\t\t<\/section>\n\t\t\t\t<section class=\"elementor-section elementor-top-section elementor-element elementor-element-27de2f0 elementor-section-boxed elementor-section-height-default elementor-section-height-default\" data-id=\"27de2f0\" data-element_type=\"section\">\n\t\t\t\t\t\t<div class=\"elementor-container elementor-column-gap-default\">\n\t\t\t\t\t<div class=\"elementor-column elementor-col-50 elementor-top-column elementor-element elementor-element-62986b6\" data-id=\"62986b6\" data-element_type=\"column\">\n\t\t\t<div class=\"elementor-widget-wrap elementor-element-populated\">\n\t\t\t\t\t\t\t\t<div class=\"elementor-element elementor-element-362a5b5 elementor-widget elementor-widget-image\" data-id=\"362a5b5\" data-element_type=\"widget\" data-widget_type=\"image.default\">\n\t\t\t\t<div class=\"elementor-widget-container\">\n\t\t\t\t\t\t\t\t\t\t\t\t\t\t\t<img loading=\"lazy\" decoding=\"async\" width=\"525\" height=\"393\" src=\"https:\/\/www.turismolapernia.com\/wp-content\/uploads\/2022\/12\/roble-lebanza-1024x766.jpg\" class=\"attachment-large size-large\" alt=\"\" srcset=\"https:\/\/www.turismolapernia.com\/wp-content\/uploads\/2022\/12\/roble-lebanza-1024x766.jpg 1024w, https:\/\/www.turismolapernia.com\/wp-content\/uploads\/2022\/12\/roble-lebanza-300x224.jpg 300w, https:\/\/www.turismolapernia.com\/wp-content\/uploads\/2022\/12\/roble-lebanza-768x575.jpg 768w, https:\/\/www.turismolapernia.com\/wp-content\/uploads\/2022\/12\/roble-lebanza-16x12.jpg 16w, https:\/\/www.turismolapernia.com\/wp-content\/uploads\/2022\/12\/roble-lebanza.jpg 1203w\" sizes=\"auto, 100vw\" \/>\t\t\t\t\t\t\t\t\t\t\t\t\t\t\t<\/div>\n\t\t\t\t<\/div>\n\t\t\t\t\t<\/div>\n\t\t<\/div>\n\t\t\t\t<div class=\"elementor-column elementor-col-50 elementor-top-column elementor-element elementor-element-bd96847\" data-id=\"bd96847\" data-element_type=\"column\">\n\t\t\t<div class=\"elementor-widget-wrap elementor-element-populated\">\n\t\t\t\t\t\t\t\t<div class=\"elementor-element elementor-element-7f8c048 elementor-widget elementor-widget-text-editor\" data-id=\"7f8c048\" data-element_type=\"widget\" data-widget_type=\"text-editor.default\">\n\t\t\t\t<div class=\"elementor-widget-container\">\n\t\t\t\t\t\t\t<p>Al sur del pueblo, en el Monte Allende, existe un gran roble albar de m\u00e1s de 300 a\u00f1os y 8,3 metros de per\u00edmetro en la base. Es uno de los 10 \u00e1rboles singulares de Palencia incluidos en el cat\u00e1logo de protecci\u00f3n de la Junta de Castilla y Le\u00f3n.<\/p>\t\t\t\t\t\t<\/div>\n\t\t\t\t<\/div>\n\t\t\t\t\t<\/div>\n\t\t<\/div>\n\t\t\t\t\t\t\t<\/div>\n\t\t<\/section>\n\t\t\t\t<section class=\"elementor-section elementor-top-section elementor-element elementor-element-39cd184 elementor-section-boxed elementor-section-height-default elementor-section-height-default\" data-id=\"39cd184\" data-element_type=\"section\">\n\t\t\t\t\t\t<div class=\"elementor-container elementor-column-gap-default\">\n\t\t\t\t\t<div class=\"elementor-column elementor-col-100 elementor-top-column elementor-element elementor-element-ec71867\" data-id=\"ec71867\" data-element_type=\"column\">\n\t\t\t<div class=\"elementor-widget-wrap\">\n\t\t\t\t\t\t\t\t\t<\/div>\n\t\t<\/div>\n\t\t\t\t\t\t\t<\/div>\n\t\t<\/section>\n\t\t\t\t<section class=\"elementor-section elementor-top-section elementor-element elementor-element-21fea11 elementor-section-boxed elementor-section-height-default elementor-section-height-default\" data-id=\"21fea11\" data-element_type=\"section\">\n\t\t\t\t\t\t<div class=\"elementor-container elementor-column-gap-default\">\n\t\t\t\t\t<div class=\"elementor-column elementor-col-100 elementor-top-column elementor-element elementor-element-7ed1c83\" data-id=\"7ed1c83\" data-element_type=\"column\">\n\t\t\t<div class=\"elementor-widget-wrap elementor-element-populated\">\n\t\t\t\t\t\t\t\t<div class=\"elementor-element elementor-element-1aee4d2 elementor-widget-divider--view-line elementor-widget elementor-widget-divider\" data-id=\"1aee4d2\" data-element_type=\"widget\" data-widget_type=\"divider.default\">\n\t\t\t\t<div class=\"elementor-widget-container\">\n\t\t\t\t\t<div class=\"elementor-divider\">\n\t\t\t<span class=\"elementor-divider-separator\">\n\t\t\t\t\t\t<\/span>\n\t\t<\/div>\n\t\t\t\t<\/div>\n\t\t\t\t<\/div>\n\t\t\t\t<div class=\"elementor-element elementor-element-ffa487c elementor-widget elementor-widget-google_maps\" data-id=\"ffa487c\" data-element_type=\"widget\" data-widget_type=\"google_maps.default\">\n\t\t\t\t<div class=\"elementor-widget-container\">\n\t\t\t\t\t<div class=\"elementor-custom-embed\">\n\t\t\t<iframe frameborder=\"0\" scrolling=\"no\" marginheight=\"0\" marginwidth=\"0\"\n\t\t\t\t\tsrc=\"https:\/\/maps.google.com\/maps?q=lebanza&#038;t=m&#038;z=14&#038;output=embed&#038;iwloc=near\"\n\t\t\t\t\ttitle=\"lebanza\"\n\t\t\t\t\taria-label=\"lebanza\"\n\t\t\t><\/iframe>\n\t\t<\/div>\n\t\t\t\t<\/div>\n\t\t\t\t<\/div>\n\t\t\t\t\t<\/div>\n\t\t<\/div>\n\t\t\t\t\t\t\t<\/div>\n\t\t<\/section>\n\t\t\t\t\t\t<\/div>\n\t\t\t\t\t<\/div>","protected":false},"excerpt":{"rendered":"<p>Lebanza La Pern\u00eda Los pueblos de La Pern\u00eda Lebanza Lebanza (La Pern\u00eda, Palencia) Altitud: 1186 m Poblaci\u00f3n: 25 habitantes (2024) Distancias: San Salvador de Cantamuda: 3 km Cervera de Pisuerga: 18 km Palencia: 127 km A Lebanza se accede desde San Salvador de Cantamuda por la carretera PP-2214, que conduce hasta la Abad\u00eda de Lebanza, &hellip; <\/p>\n<p class=\"link-more\"><a href=\"https:\/\/www.turismolapernia.com\/en\/lebanza\/\" class=\"more-link\">Continue reading<span class=\"screen-reader-text\"> &#8220;Lebanza&#8221;<\/span><\/a><\/p>","protected":false},"author":1,"featured_media":16165,"parent":0,"menu_order":0,"comment_status":"closed","ping_status":"closed","template":"elementor_header_footer","meta":{"footnotes":""},"class_list":["post-381","page","type-page","status-publish","has-post-thumbnail","hentry"],"yoast_head":"<!-- This site is optimized with the Yoast SEO plugin v23.5 - https:\/\/yoast.com\/wordpress\/plugins\/seo\/ -->\n<title>Lebanza | Turismo La Pern\u00eda<\/title>\n<meta name=\"robots\" content=\"index, follow, max-snippet:-1, max-image-preview:large, max-video-preview:-1\" \/>\n<link rel=\"canonical\" href=\"https:\/\/www.turismolapernia.com\/en\/lebanza\/\" \/>\n<meta property=\"og:locale\" content=\"en_GB\" \/>\n<meta property=\"og:type\" content=\"article\" \/>\n<meta property=\"og:title\" content=\"Lebanza | Turismo La Pern\u00eda\" \/>\n<meta property=\"og:description\" content=\"Lebanza La Pern\u00eda Los pueblos de La Pern\u00eda Lebanza Lebanza (La Pern\u00eda, Palencia) Altitud: 1186 m Poblaci\u00f3n: 25 habitantes (2024) Distancias: San Salvador de Cantamuda: 3 km Cervera de Pisuerga: 18 km Palencia: 127 km A Lebanza se accede desde San Salvador de Cantamuda por la carretera PP-2214, que conduce hasta la Abad\u00eda de Lebanza, &hellip; Continue reading &quot;Lebanza&quot;\" \/>\n<meta property=\"og:url\" content=\"https:\/\/www.turismolapernia.com\/en\/lebanza\/\" \/>\n<meta property=\"og:site_name\" content=\"Turismo La Pern\u00eda\" \/>\n<meta property=\"article:publisher\" content=\"https:\/\/www.facebook.com\/turismolapernia\/\" \/>\n<meta property=\"article:modified_time\" content=\"2024-05-06T11:56:32+00:00\" \/>\n<meta property=\"og:image\" content=\"https:\/\/www.turismolapernia.com\/wp-content\/uploads\/2023\/01\/hornera-lebanza-e1673523934686.jpeg\" \/>\n\t<meta property=\"og:image:width\" content=\"1269\" \/>\n\t<meta property=\"og:image:height\" content=\"907\" \/>\n\t<meta property=\"og:image:type\" content=\"image\/jpeg\" \/>\n<meta name=\"twitter:card\" content=\"summary_large_image\" \/>\n<meta name=\"twitter:label1\" content=\"Estimated reading time\" \/>\n\t<meta name=\"twitter:data1\" content=\"3 minutes\" \/>\n<script type=\"application\/ld+json\" class=\"yoast-schema-graph\">{\"@context\":\"https:\/\/schema.org\",\"@graph\":[{\"@type\":\"WebPage\",\"@id\":\"https:\/\/www.turismolapernia.com\/lebanza\/\",\"url\":\"https:\/\/www.turismolapernia.com\/lebanza\/\",\"name\":\"Lebanza | Turismo La Pern\u00eda\",\"isPartOf\":{\"@id\":\"https:\/\/www.turismolapernia.com\/#website\"},\"primaryImageOfPage\":{\"@id\":\"https:\/\/www.turismolapernia.com\/lebanza\/#primaryimage\"},\"image\":{\"@id\":\"https:\/\/www.turismolapernia.com\/lebanza\/#primaryimage\"},\"thumbnailUrl\":\"https:\/\/www.turismolapernia.com\/wp-content\/uploads\/2023\/01\/hornera-lebanza-e1673523934686.jpeg\",\"datePublished\":\"2021-02-04T08:20:36+00:00\",\"dateModified\":\"2024-05-06T11:56:32+00:00\",\"breadcrumb\":{\"@id\":\"https:\/\/www.turismolapernia.com\/lebanza\/#breadcrumb\"},\"inLanguage\":\"en-GB\",\"potentialAction\":[{\"@type\":\"ReadAction\",\"target\":[\"https:\/\/www.turismolapernia.com\/lebanza\/\"]}]},{\"@type\":\"ImageObject\",\"inLanguage\":\"en-GB\",\"@id\":\"https:\/\/www.turismolapernia.com\/lebanza\/#primaryimage\",\"url\":\"https:\/\/www.turismolapernia.com\/wp-content\/uploads\/2023\/01\/hornera-lebanza-e1673523934686.jpeg\",\"contentUrl\":\"https:\/\/www.turismolapernia.com\/wp-content\/uploads\/2023\/01\/hornera-lebanza-e1673523934686.jpeg\",\"width\":1269,\"height\":907},{\"@type\":\"BreadcrumbList\",\"@id\":\"https:\/\/www.turismolapernia.com\/lebanza\/#breadcrumb\",\"itemListElement\":[{\"@type\":\"ListItem\",\"position\":1,\"name\":\"La Pern\u00eda\",\"item\":\"https:\/\/www.turismolapernia.com\/\"},{\"@type\":\"ListItem\",\"position\":2,\"name\":\"Lebanza\"}]},{\"@type\":\"WebSite\",\"@id\":\"https:\/\/www.turismolapernia.com\/#website\",\"url\":\"https:\/\/www.turismolapernia.com\/\",\"name\":\"Turismo La Pern\u00eda\",\"description\":\"Monta\u00f1a Palentina\",\"publisher\":{\"@id\":\"https:\/\/www.turismolapernia.com\/#organization\"},\"potentialAction\":[{\"@type\":\"SearchAction\",\"target\":{\"@type\":\"EntryPoint\",\"urlTemplate\":\"https:\/\/www.turismolapernia.com\/?s={search_term_string}\"},\"query-input\":{\"@type\":\"PropertyValueSpecification\",\"valueRequired\":true,\"valueName\":\"search_term_string\"}}],\"inLanguage\":\"en-GB\"},{\"@type\":\"Organization\",\"@id\":\"https:\/\/www.turismolapernia.com\/#organization\",\"name\":\"Turismo La Pern\u00eda\",\"url\":\"https:\/\/www.turismolapernia.com\/\",\"logo\":{\"@type\":\"ImageObject\",\"inLanguage\":\"en-GB\",\"@id\":\"https:\/\/www.turismolapernia.com\/#\/schema\/logo\/image\/\",\"url\":\"https:\/\/www.turismolapernia.com\/wp-content\/uploads\/2021\/12\/cropped-logo-CRV-Pernia-perfil.jpg\",\"contentUrl\":\"https:\/\/www.turismolapernia.com\/wp-content\/uploads\/2021\/12\/cropped-logo-CRV-Pernia-perfil.jpg\",\"width\":512,\"height\":512,\"caption\":\"Turismo La Pern\u00eda\"},\"image\":{\"@id\":\"https:\/\/www.turismolapernia.com\/#\/schema\/logo\/image\/\"},\"sameAs\":[\"https:\/\/www.facebook.com\/turismolapernia\/\",\"https:\/\/www.instagram.com\/turismolapernia\/\"]}]}<\/script>\n<!-- \/ Yoast SEO plugin. -->","yoast_head_json":{"title":"Lebanza | Turismo La Pern\u00eda","robots":{"index":"index","follow":"follow","max-snippet":"max-snippet:-1","max-image-preview":"max-image-preview:large","max-video-preview":"max-video-preview:-1"},"canonical":"https:\/\/www.turismolapernia.com\/en\/lebanza\/","og_locale":"en_GB","og_type":"article","og_title":"Lebanza | Turismo La Pern\u00eda","og_description":"Lebanza La Pern\u00eda Los pueblos de La Pern\u00eda Lebanza Lebanza (La Pern\u00eda, Palencia) Altitud: 1186 m Poblaci\u00f3n: 25 habitantes (2024) Distancias: San Salvador de Cantamuda: 3 km Cervera de Pisuerga: 18 km Palencia: 127 km A Lebanza se accede desde San Salvador de Cantamuda por la carretera PP-2214, que conduce hasta la Abad\u00eda de Lebanza, &hellip; Continue reading \"Lebanza\"","og_url":"https:\/\/www.turismolapernia.com\/en\/lebanza\/","og_site_name":"Turismo La Pern\u00eda","article_publisher":"https:\/\/www.facebook.com\/turismolapernia\/","article_modified_time":"2024-05-06T11:56:32+00:00","og_image":[{"width":1269,"height":907,"url":"https:\/\/www.turismolapernia.com\/wp-content\/uploads\/2023\/01\/hornera-lebanza-e1673523934686.jpeg","type":"image\/jpeg"}],"twitter_card":"summary_large_image","twitter_misc":{"Estimated reading time":"3 minutes"},"schema":{"@context":"https:\/\/schema.org","@graph":[{"@type":"WebPage","@id":"https:\/\/www.turismolapernia.com\/lebanza\/","url":"https:\/\/www.turismolapernia.com\/lebanza\/","name":"Lebanza | Turismo La Pern\u00eda","isPartOf":{"@id":"https:\/\/www.turismolapernia.com\/#website"},"primaryImageOfPage":{"@id":"https:\/\/www.turismolapernia.com\/lebanza\/#primaryimage"},"image":{"@id":"https:\/\/www.turismolapernia.com\/lebanza\/#primaryimage"},"thumbnailUrl":"https:\/\/www.turismolapernia.com\/wp-content\/uploads\/2023\/01\/hornera-lebanza-e1673523934686.jpeg","datePublished":"2021-02-04T08:20:36+00:00","dateModified":"2024-05-06T11:56:32+00:00","breadcrumb":{"@id":"https:\/\/www.turismolapernia.com\/lebanza\/#breadcrumb"},"inLanguage":"en-GB","potentialAction":[{"@type":"ReadAction","target":["https:\/\/www.turismolapernia.com\/lebanza\/"]}]},{"@type":"ImageObject","inLanguage":"en-GB","@id":"https:\/\/www.turismolapernia.com\/lebanza\/#primaryimage","url":"https:\/\/www.turismolapernia.com\/wp-content\/uploads\/2023\/01\/hornera-lebanza-e1673523934686.jpeg","contentUrl":"https:\/\/www.turismolapernia.com\/wp-content\/uploads\/2023\/01\/hornera-lebanza-e1673523934686.jpeg","width":1269,"height":907},{"@type":"BreadcrumbList","@id":"https:\/\/www.turismolapernia.com\/lebanza\/#breadcrumb","itemListElement":[{"@type":"ListItem","position":1,"name":"La Pern\u00eda","item":"https:\/\/www.turismolapernia.com\/"},{"@type":"ListItem","position":2,"name":"Lebanza"}]},{"@type":"WebSite","@id":"https:\/\/www.turismolapernia.com\/#website","url":"https:\/\/www.turismolapernia.com\/","name":"Turismo La Pern\u00eda","description":"Monta\u00f1a Palentina","publisher":{"@id":"https:\/\/www.turismolapernia.com\/#organization"},"potentialAction":[{"@type":"SearchAction","target":{"@type":"EntryPoint","urlTemplate":"https:\/\/www.turismolapernia.com\/?s={search_term_string}"},"query-input":{"@type":"PropertyValueSpecification","valueRequired":true,"valueName":"search_term_string"}}],"inLanguage":"en-GB"},{"@type":"Organization","@id":"https:\/\/www.turismolapernia.com\/#organization","name":"Turismo La Pern\u00eda","url":"https:\/\/www.turismolapernia.com\/","logo":{"@type":"ImageObject","inLanguage":"en-GB","@id":"https:\/\/www.turismolapernia.com\/#\/schema\/logo\/image\/","url":"https:\/\/www.turismolapernia.com\/wp-content\/uploads\/2021\/12\/cropped-logo-CRV-Pernia-perfil.jpg","contentUrl":"https:\/\/www.turismolapernia.com\/wp-content\/uploads\/2021\/12\/cropped-logo-CRV-Pernia-perfil.jpg","width":512,"height":512,"caption":"Turismo La Pern\u00eda"},"image":{"@id":"https:\/\/www.turismolapernia.com\/#\/schema\/logo\/image\/"},"sameAs":["https:\/\/www.facebook.com\/turismolapernia\/","https:\/\/www.instagram.com\/turismolapernia\/"]}]}},"_links":{"self":[{"href":"https:\/\/www.turismolapernia.com\/en\/wp-json\/wp\/v2\/pages\/381","targetHints":{"allow":["GET"]}}],"collection":[{"href":"https:\/\/www.turismolapernia.com\/en\/wp-json\/wp\/v2\/pages"}],"about":[{"href":"https:\/\/www.turismolapernia.com\/en\/wp-json\/wp\/v2\/types\/page"}],"author":[{"embeddable":true,"href":"https:\/\/www.turismolapernia.com\/en\/wp-json\/wp\/v2\/users\/1"}],"replies":[{"embeddable":true,"href":"https:\/\/www.turismolapernia.com\/en\/wp-json\/wp\/v2\/comments?post=381"}],"version-history":[{"count":333,"href":"https:\/\/www.turismolapernia.com\/en\/wp-json\/wp\/v2\/pages\/381\/revisions"}],"predecessor-version":[{"id":17143,"href":"https:\/\/www.turismolapernia.com\/en\/wp-json\/wp\/v2\/pages\/381\/revisions\/17143"}],"wp:featuredmedia":[{"embeddable":true,"href":"https:\/\/www.turismolapernia.com\/en\/wp-json\/wp\/v2\/media\/16165"}],"wp:attachment":[{"href":"https:\/\/www.turismolapernia.com\/en\/wp-json\/wp\/v2\/media?parent=381"}],"curies":[{"name":"wp","href":"https:\/\/api.w.org\/{rel}","templated":true}]}}