{"id":323,"date":"2021-01-31T20:05:11","date_gmt":"2021-01-31T19:05:11","guid":{"rendered":"https:\/\/turismolapernia.wordpress.com\/?page_id=323"},"modified":"2024-05-06T14:35:25","modified_gmt":"2024-05-06T12:35:25","slug":"tremaya","status":"publish","type":"page","link":"https:\/\/www.turismolapernia.com\/en\/tremaya\/","title":{"rendered":"Tremaya"},"content":{"rendered":"<div data-elementor-type=\"wp-page\" data-elementor-id=\"323\" class=\"elementor elementor-323\" data-elementor-settings=\"[]\">\n\t\t\t\t\t\t\t<div class=\"elementor-section-wrap\">\n\t\t\t\t\t\t\t<section class=\"elementor-section elementor-top-section elementor-element elementor-element-69f32e0 elementor-section-boxed elementor-section-height-default elementor-section-height-default\" data-id=\"69f32e0\" data-element_type=\"section\">\n\t\t\t\t\t\t<div class=\"elementor-container elementor-column-gap-default\">\n\t\t\t\t\t<div class=\"elementor-column elementor-col-100 elementor-top-column elementor-element elementor-element-d645004\" data-id=\"d645004\" data-element_type=\"column\">\n\t\t\t<div class=\"elementor-widget-wrap elementor-element-populated\">\n\t\t\t\t\t\t\t\t<div class=\"elementor-element elementor-element-675a69d elementor-widget elementor-widget-heading\" data-id=\"675a69d\" data-element_type=\"widget\" data-widget_type=\"heading.default\">\n\t\t\t\t<div class=\"elementor-widget-container\">\n\t\t\t<h1 class=\"elementor-heading-title elementor-size-default\"><b>Tremaya<\/b><\/h1>\t\t<\/div>\n\t\t\t\t<\/div>\n\t\t\t\t<div class=\"elementor-element elementor-element-abe38c7 elementor-widget elementor-widget-bdt-scrollnav\" data-id=\"abe38c7\" data-element_type=\"widget\" data-widget_type=\"bdt-scrollnav.default\">\n\t\t\t\t<div class=\"elementor-widget-container\">\n\t\t\t\t\t<div class=\"bdt-scrollnav bdt-navbar-container bdt-navbar-transparent bdt-navbar\" data-bdt-navbar=\"\">\n\t\t\t<div class=\"bdt-navbar-left\">\n\t\t\t\t<ul class=\"bdt-navbar-nav\" data-bdt-scrollspy-nav=\"closest: li; scroll: true; offset: 0;\">\n\t\t\t\t\t\t    <li>\n\t\t\t<a href=\"https:\/\/www.turismolapernia.com\/en\/\" target=\"_self\" rel=\"\" data-tippy-content=\"\">\n\t\t\t\tLa Pern\u00eda \t\t\t\t\t\t\t\t\t<span class=\"bdt-button-icon-align-right\">\n\n\t\t\t\t\t\t<i aria-hidden=\"true\" class=\"fa-fw fas fa-angle-right\"><\/i>\n\t\t\t\t\t<\/span>\n\t\t\t\t\t\t\t<\/a>\n\t\t<\/li>\n\t\t\t    <li>\n\t\t\t<a href=\"https:\/\/www.turismolapernia.com\/en\/pueblos-pernia\/\" target=\"_self\" rel=\"\" data-tippy-content=\"\">\n\t\t\t\tThe villages of La Pern\u00eda \t\t\t\t\t\t\t<\/a>\n\t\t<\/li>\n\t\t\t\t\t\t<\/ul>\n\t\t\t<\/div>\n\t\t<\/div>\n\t    \t\t<\/div>\n\t\t\t\t<\/div>\n\t\t\t\t\t<\/div>\n\t\t<\/div>\n\t\t\t\t\t\t\t<\/div>\n\t\t<\/section>\n\t\t\t\t<section class=\"elementor-section elementor-top-section elementor-element elementor-element-34f60ca elementor-section-boxed elementor-section-height-default elementor-section-height-default\" data-id=\"34f60ca\" data-element_type=\"section\" data-settings=\"{&quot;background_background&quot;:&quot;classic&quot;}\">\n\t\t\t\t\t\t\t<div class=\"elementor-background-overlay\"><\/div>\n\t\t\t\t\t\t\t<div class=\"elementor-container elementor-column-gap-default\">\n\t\t\t\t\t<div class=\"elementor-column elementor-col-100 elementor-top-column elementor-element elementor-element-8c001d0\" data-id=\"8c001d0\" data-element_type=\"column\" data-settings=\"{&quot;background_background&quot;:&quot;classic&quot;}\">\n\t\t\t<div class=\"elementor-widget-wrap elementor-element-populated\">\n\t\t\t\t\t<div class=\"elementor-background-overlay\"><\/div>\n\t\t\t\t\t\t\t\t<div class=\"elementor-element elementor-element-acd114b elementor-widget elementor-widget-heading\" data-id=\"acd114b\" data-element_type=\"widget\" data-widget_type=\"heading.default\">\n\t\t\t\t<div class=\"elementor-widget-container\">\n\t\t\t<h1 class=\"elementor-heading-title elementor-size-default\"><b>Tremaya<\/b><\/h1>\t\t<\/div>\n\t\t\t\t<\/div>\n\t\t\t\t\t<\/div>\n\t\t<\/div>\n\t\t\t\t\t\t\t<\/div>\n\t\t<\/section>\n\t\t\t\t<section class=\"elementor-section elementor-top-section elementor-element elementor-element-57b67a4 elementor-section-boxed elementor-section-height-default elementor-section-height-default\" data-id=\"57b67a4\" data-element_type=\"section\">\n\t\t\t\t\t\t<div class=\"elementor-container elementor-column-gap-default\">\n\t\t\t\t\t<div class=\"elementor-column elementor-col-50 elementor-top-column elementor-element elementor-element-71757b3\" data-id=\"71757b3\" data-element_type=\"column\">\n\t\t\t<div class=\"elementor-widget-wrap elementor-element-populated\">\n\t\t\t\t\t\t\t\t<div class=\"elementor-element elementor-element-cd8e601 elementor-widget elementor-widget-text-editor\" data-id=\"cd8e601\" data-element_type=\"widget\" data-widget_type=\"text-editor.default\">\n\t\t\t\t<div class=\"elementor-widget-container\">\n\t\t\t\t\t\t\t<p><b>Tremaya<br \/><\/b><\/p>\t\t\t\t\t\t<\/div>\n\t\t\t\t<\/div>\n\t\t\t\t<div class=\"elementor-element elementor-element-faa42a2 elementor-widget elementor-widget-text-editor\" data-id=\"faa42a2\" data-element_type=\"widget\" data-widget_type=\"text-editor.default\">\n\t\t\t\t<div class=\"elementor-widget-container\">\n\t\t\t\t\t\t\t<p><b>(La Pern\u00eda, Palencia)<br><\/b><\/p>\t\t\t\t\t\t<\/div>\n\t\t\t\t<\/div>\n\t\t\t\t<div class=\"elementor-element elementor-element-238ea0a elementor-icon-list--layout-traditional elementor-list-item-link-full_width elementor-widget elementor-widget-icon-list\" data-id=\"238ea0a\" data-element_type=\"widget\" data-widget_type=\"icon-list.default\">\n\t\t\t\t<div class=\"elementor-widget-container\">\n\t\t\t\t\t<ul class=\"elementor-icon-list-items\">\n\t\t\t\t\t\t\t<li class=\"elementor-icon-list-item\">\n\t\t\t\t\t\t\t\t\t\t\t<span class=\"elementor-icon-list-icon\">\n\t\t\t\t\t\t\t<i aria-hidden=\"true\" class=\"fas fa-angle-right\"><\/i>\t\t\t\t\t\t<\/span>\n\t\t\t\t\t\t\t\t\t\t<span class=\"elementor-icon-list-text\"><b>Altitude: <\/b>1173 m <\/span>\n\t\t\t\t\t\t\t\t\t<\/li>\n\t\t\t\t\t\t\t\t<li class=\"elementor-icon-list-item\">\n\t\t\t\t\t\t\t\t\t\t\t<span class=\"elementor-icon-list-icon\">\n\t\t\t\t\t\t\t<i aria-hidden=\"true\" class=\"fas fa-angle-right\"><\/i>\t\t\t\t\t\t<\/span>\n\t\t\t\t\t\t\t\t\t\t<span class=\"elementor-icon-list-text\"><b>Population<\/b><b>: <\/b>15 habitantes (2024)<\/span>\n\t\t\t\t\t\t\t\t\t<\/li>\n\t\t\t\t\t\t\t\t<li class=\"elementor-icon-list-item\">\n\t\t\t\t\t\t\t\t\t\t\t<span class=\"elementor-icon-list-icon\">\n\t\t\t\t\t\t\t<i aria-hidden=\"true\" class=\"fas fa-angle-right\"><\/i>\t\t\t\t\t\t<\/span>\n\t\t\t\t\t\t\t\t\t\t<span class=\"elementor-icon-list-text\"><b>Distances:<\/b><br><\/span>\n\t\t\t\t\t\t\t\t\t<\/li>\n\t\t\t\t\t\t<\/ul>\n\t\t\t\t<\/div>\n\t\t\t\t<\/div>\n\t\t\t\t<div class=\"elementor-element elementor-element-3754ecd elementor-icon-list--layout-traditional elementor-list-item-link-full_width elementor-widget elementor-widget-icon-list\" data-id=\"3754ecd\" data-element_type=\"widget\" data-widget_type=\"icon-list.default\">\n\t\t\t\t<div class=\"elementor-widget-container\">\n\t\t\t\t\t<ul class=\"elementor-icon-list-items\">\n\t\t\t\t\t\t\t<li class=\"elementor-icon-list-item\">\n\t\t\t\t\t\t\t\t\t\t\t<span class=\"elementor-icon-list-icon\">\n\t\t\t\t\t\t\t<i aria-hidden=\"true\" class=\"fas fa-circle\"><\/i>\t\t\t\t\t\t<\/span>\n\t\t\t\t\t\t\t\t\t\t<span class=\"elementor-icon-list-text\">San Salvador de Cantamuda:<b> <\/b>4,5 km<\/span>\n\t\t\t\t\t\t\t\t\t<\/li>\n\t\t\t\t\t\t\t\t<li class=\"elementor-icon-list-item\">\n\t\t\t\t\t\t\t\t\t\t\t<span class=\"elementor-icon-list-icon\">\n\t\t\t\t\t\t\t<i aria-hidden=\"true\" class=\"fas fa-circle\"><\/i>\t\t\t\t\t\t<\/span>\n\t\t\t\t\t\t\t\t\t\t<span class=\"elementor-icon-list-text\">Cervera de Pisuerga: 18,5 km <\/span>\n\t\t\t\t\t\t\t\t\t<\/li>\n\t\t\t\t\t\t\t\t<li class=\"elementor-icon-list-item\">\n\t\t\t\t\t\t\t\t\t\t\t<span class=\"elementor-icon-list-icon\">\n\t\t\t\t\t\t\t<i aria-hidden=\"true\" class=\"fas fa-circle\"><\/i>\t\t\t\t\t\t<\/span>\n\t\t\t\t\t\t\t\t\t\t<span class=\"elementor-icon-list-text\">Palencia: <b> <\/b>128 km<\/span>\n\t\t\t\t\t\t\t\t\t<\/li>\n\t\t\t\t\t\t<\/ul>\n\t\t\t\t<\/div>\n\t\t\t\t<\/div>\n\t\t\t\t\t<\/div>\n\t\t<\/div>\n\t\t\t\t<div class=\"elementor-column elementor-col-50 elementor-top-column elementor-element elementor-element-3daeef3\" data-id=\"3daeef3\" data-element_type=\"column\">\n\t\t\t<div class=\"elementor-widget-wrap elementor-element-populated\">\n\t\t\t\t\t\t\t\t<div class=\"elementor-element elementor-element-fd705a2 elementor-widget elementor-widget-text-editor\" data-id=\"fd705a2\" data-element_type=\"widget\" data-widget_type=\"text-editor.default\">\n\t\t\t\t<div class=\"elementor-widget-container\">\n\t\t\t\t\t\t\t<p><b>Tremaya<\/b> sirve de entrada al Valle de los Redondos, en un encantador paraje rodeado de prados y monta\u00f1as.<\/p><p>\u00a0<\/p><p>El lugar aparece como <i>Castrum Tremaia<\/i> en un documento de 1037, que recoge el testamento de la condesa Elvira. En otros documentos del siglo XII, durante el reinado de Alfonso VII, se menciona el <em>castellum de Tremaia<\/em>, haciendo referencia al castillo o fortaleza de Pe\u00f1a Tremaya. Su nombre podr\u00eda derivarse del lat\u00edn <i>tremere<\/i>, relacionado con el t\u00e9rmino tremadal, &#8220;lugar movible o tembloroso por ser h\u00famedo, por tener gravilla, etc.&#8221;<\/p><p>\u00a0<\/p><p>En los mismos testamentos de Do\u00f1a Elvira (s. XI) tambi\u00e9n se hace referencia a dos monasterios, Santa Mar\u00eda y San Tirso, en torno a los cuales pudo surgir la actual poblaci\u00f3n de Tremaya, pr\u00f3xima al castro hom\u00f3nimo. El monasterio de Santa Mar\u00eda podr\u00eda estar relacionado con el actual templo parroquial, mientras que el de San Tirso se ubicaba a orillas del r\u00edo Pisuerga, y seg\u00fan se cuenta, fue destruido por una riada en tiempos inciertos.<\/p><p>\u00a0<\/p><p>A mediados del siglo XIX, en el diccionario de Pascual Madoz se dice que Tremaya y Los Llazos estaban &#8220;<i>unidos entre s\u00ed para su gobierno y agregados al Ayuntamiento de Are\u00f1os<\/i>&#8220;.<\/p><p>\u00a0<\/p><p>Durante el siglo XIX y principios del XX, en varios pueblos de La Pern\u00eda se dieron casos de emigrantes que viajaron a Am\u00e9rica para hacer fortuna y al regreso pensaron en su pueblo. Es el caso de Francisco Buedo, natural de Tremaya, que tras emigrar a Argentina a finales del siglo XIX, hizo importantes donaciones en su localidad natal para construir el cementerio, el puente y la casa de la escuela.<\/p>\t\t\t\t\t\t<\/div>\n\t\t\t\t<\/div>\n\t\t\t\t<div class=\"elementor-element elementor-element-96ed0fa elementor-widget elementor-widget-text-editor\" data-id=\"96ed0fa\" data-element_type=\"widget\" data-widget_type=\"text-editor.default\">\n\t\t\t\t<div class=\"elementor-widget-container\">\n\t\t\t\t\t\t\t<p>Fue precisamente en la escuela de Tremaya, donde ejerci\u00f3 de maestro entre 1944 y 1945, el folclorista Luis Guzm\u00e1n Rubio, quien llev\u00f3 a cabo una importante recopilaci\u00f3n de canciones, tonadas, romances, bailes y tradiciones de La Pern\u00eda, que forman parte del Archivo de la Tradici\u00f3n Oral de Palencia.<\/p><p>La escuela de Tremaya, sufri\u00f3 varios incendios en el siglo pasado (uno\u00a0en torno a 1936 y otro en lo a\u00f1os 1950). Desde hace unos a\u00f1os ha sido recuperada para ser utilizada como albergue, con literas, comedor, chimenea, calefacci\u00f3n y duchas de agua caliente.<\/p><p>\u00a0<\/p><p>Tremaya celebra sus fiestas el d\u00eda de Nuestra Se\u00f1ora, 15 de agosto. Tambi\u00e9n se sol\u00eda celebrar San Tirso, el 28 de enero.<\/p>\t\t\t\t\t\t<\/div>\n\t\t\t\t<\/div>\n\t\t\t\t\t<\/div>\n\t\t<\/div>\n\t\t\t\t\t\t\t<\/div>\n\t\t<\/section>\n\t\t\t\t<section class=\"elementor-section elementor-top-section elementor-element elementor-element-512884f elementor-section-boxed elementor-section-height-default elementor-section-height-default\" data-id=\"512884f\" data-element_type=\"section\">\n\t\t\t\t\t\t<div class=\"elementor-container elementor-column-gap-default\">\n\t\t\t\t\t<div class=\"elementor-column elementor-col-100 elementor-top-column elementor-element elementor-element-9191bfb\" data-id=\"9191bfb\" data-element_type=\"column\">\n\t\t\t<div class=\"elementor-widget-wrap elementor-element-populated\">\n\t\t\t\t\t\t\t\t<div class=\"elementor-element elementor-element-29854d2 elementor-arrows-position-inside elementor-pagination-position-outside elementor-widget elementor-widget-image-carousel\" data-id=\"29854d2\" data-element_type=\"widget\" data-settings=\"{&quot;image_spacing_custom&quot;:{&quot;unit&quot;:&quot;px&quot;,&quot;size&quot;:50,&quot;sizes&quot;:[]},&quot;navigation&quot;:&quot;both&quot;,&quot;autoplay&quot;:&quot;yes&quot;,&quot;pause_on_hover&quot;:&quot;yes&quot;,&quot;pause_on_interaction&quot;:&quot;yes&quot;,&quot;autoplay_speed&quot;:5000,&quot;infinite&quot;:&quot;yes&quot;,&quot;speed&quot;:500}\" data-widget_type=\"image-carousel.default\">\n\t\t\t\t<div class=\"elementor-widget-container\">\n\t\t\t\t\t<div class=\"elementor-image-carousel-wrapper swiper-container\" dir=\"ltr\">\n\t\t\t<div class=\"elementor-image-carousel swiper-wrapper\">\n\t\t\t\t\t\t\t\t<div class=\"swiper-slide\"><figure class=\"swiper-slide-inner\"><img decoding=\"async\" class=\"swiper-slide-image\" src=\"https:\/\/www.turismolapernia.com\/wp-content\/uploads\/2022\/11\/tremaya-2-768x575.jpeg\" alt=\"tremaya (2)\" \/><\/figure><\/div><div class=\"swiper-slide\"><figure class=\"swiper-slide-inner\"><img decoding=\"async\" class=\"swiper-slide-image\" src=\"https:\/\/www.turismolapernia.com\/wp-content\/uploads\/2022\/12\/puertas-tremaya-768x576.jpg\" alt=\"puertas tremaya\" \/><\/figure><\/div><div class=\"swiper-slide\"><figure class=\"swiper-slide-inner\"><img decoding=\"async\" class=\"swiper-slide-image\" src=\"https:\/\/www.turismolapernia.com\/wp-content\/uploads\/2022\/11\/tremaya-3-768x576.jpeg\" alt=\"tremaya (3)\" \/><\/figure><\/div><div class=\"swiper-slide\"><figure class=\"swiper-slide-inner\"><img decoding=\"async\" class=\"swiper-slide-image\" src=\"https:\/\/www.turismolapernia.com\/wp-content\/uploads\/2022\/12\/pena-tremaya-768x576.jpg\" alt=\"pe\u00f1a tremaya\" \/><\/figure><\/div><div class=\"swiper-slide\"><figure class=\"swiper-slide-inner\"><img decoding=\"async\" class=\"swiper-slide-image\" src=\"https:\/\/www.turismolapernia.com\/wp-content\/uploads\/2022\/12\/tremaya-iglesia-768x576.jpg\" alt=\"tremaya iglesia\" \/><\/figure><\/div><div class=\"swiper-slide\"><figure class=\"swiper-slide-inner\"><img decoding=\"async\" class=\"swiper-slide-image\" src=\"https:\/\/www.turismolapernia.com\/wp-content\/uploads\/2022\/11\/tremaya-abismo-768x576.jpeg\" alt=\"tremaya abismo\" \/><\/figure><\/div><div class=\"swiper-slide\"><figure class=\"swiper-slide-inner\"><img decoding=\"async\" class=\"swiper-slide-image\" src=\"https:\/\/www.turismolapernia.com\/wp-content\/uploads\/2022\/11\/tremaya-4-768x573.jpeg\" alt=\"tremaya (4)\" \/><\/figure><\/div><div class=\"swiper-slide\"><figure class=\"swiper-slide-inner\"><img decoding=\"async\" class=\"swiper-slide-image\" src=\"https:\/\/www.turismolapernia.com\/wp-content\/uploads\/2022\/12\/iglesia-tremaya-768x566.jpg\" alt=\"iglesia tremaya\" \/><\/figure><\/div>\t\t\t<\/div>\n\t\t\t\t\t\t\t\t\t\t\t\t<div class=\"swiper-pagination\"><\/div>\n\t\t\t\t\t\t\t\t\t\t\t\t\t<div class=\"elementor-swiper-button elementor-swiper-button-prev\">\n\t\t\t\t\t\t<i class=\"eicon-chevron-left\" aria-hidden=\"true\"><\/i>\n\t\t\t\t\t\t<span class=\"elementor-screen-only\">Previous<\/span>\n\t\t\t\t\t<\/div>\n\t\t\t\t\t<div class=\"elementor-swiper-button elementor-swiper-button-next\">\n\t\t\t\t\t\t<i class=\"eicon-chevron-right\" aria-hidden=\"true\"><\/i>\n\t\t\t\t\t\t<span class=\"elementor-screen-only\">Next<\/span>\n\t\t\t\t\t<\/div>\n\t\t\t\t\t\t\t\t\t<\/div>\n\t\t\t\t<\/div>\n\t\t\t\t<\/div>\n\t\t\t\t\t<\/div>\n\t\t<\/div>\n\t\t\t\t\t\t\t<\/div>\n\t\t<\/section>\n\t\t\t\t<section class=\"elementor-section elementor-top-section elementor-element elementor-element-879ae0e elementor-section-boxed elementor-section-height-default elementor-section-height-default\" data-id=\"879ae0e\" data-element_type=\"section\">\n\t\t\t\t\t\t<div class=\"elementor-container elementor-column-gap-default\">\n\t\t\t\t\t<div class=\"elementor-column elementor-col-100 elementor-top-column elementor-element elementor-element-1de9622\" data-id=\"1de9622\" data-element_type=\"column\">\n\t\t\t<div class=\"elementor-widget-wrap elementor-element-populated\">\n\t\t\t\t\t\t\t\t<div class=\"elementor-element elementor-element-a414935 elementor-widget-divider--view-line elementor-widget elementor-widget-divider\" data-id=\"a414935\" data-element_type=\"widget\" data-widget_type=\"divider.default\">\n\t\t\t\t<div class=\"elementor-widget-container\">\n\t\t\t\t\t<div class=\"elementor-divider\">\n\t\t\t<span class=\"elementor-divider-separator\">\n\t\t\t\t\t\t<\/span>\n\t\t<\/div>\n\t\t\t\t<\/div>\n\t\t\t\t<\/div>\n\t\t\t\t<div class=\"elementor-element elementor-element-0f1cd59 elementor-widget elementor-widget-heading\" data-id=\"0f1cd59\" data-element_type=\"widget\" data-widget_type=\"heading.default\">\n\t\t\t\t<div class=\"elementor-widget-container\">\n\t\t\t<h4 class=\"elementor-heading-title elementor-size-default\">Iglesia de Nuestra Se\u00f1ora de la Asunci\u00f3n<\/h4>\t\t<\/div>\n\t\t\t\t<\/div>\n\t\t\t\t\t<\/div>\n\t\t<\/div>\n\t\t\t\t\t\t\t<\/div>\n\t\t<\/section>\n\t\t\t\t<section class=\"elementor-section elementor-top-section elementor-element elementor-element-92eac02 elementor-section-boxed elementor-section-height-default elementor-section-height-default\" data-id=\"92eac02\" data-element_type=\"section\">\n\t\t\t\t\t\t<div class=\"elementor-container elementor-column-gap-default\">\n\t\t\t\t\t<div class=\"elementor-column elementor-col-50 elementor-top-column elementor-element elementor-element-a21cd01\" data-id=\"a21cd01\" data-element_type=\"column\">\n\t\t\t<div class=\"elementor-widget-wrap elementor-element-populated\">\n\t\t\t\t\t\t\t\t<div class=\"elementor-element elementor-element-d6be68f elementor-widget elementor-widget-image\" data-id=\"d6be68f\" data-element_type=\"widget\" data-widget_type=\"image.default\">\n\t\t\t\t<div class=\"elementor-widget-container\">\n\t\t\t\t\t\t\t\t\t\t\t\t\t\t\t<img loading=\"lazy\" decoding=\"async\" width=\"525\" height=\"295\" src=\"https:\/\/www.turismolapernia.com\/wp-content\/uploads\/2022\/12\/iglesia-tremaya-2-e1670528150490-1024x576.jpg\" class=\"attachment-large size-large\" alt=\"\" srcset=\"https:\/\/www.turismolapernia.com\/wp-content\/uploads\/2022\/12\/iglesia-tremaya-2-e1670528150490-1024x576.jpg 1024w, https:\/\/www.turismolapernia.com\/wp-content\/uploads\/2022\/12\/iglesia-tremaya-2-e1670528150490-300x169.jpg 300w, https:\/\/www.turismolapernia.com\/wp-content\/uploads\/2022\/12\/iglesia-tremaya-2-e1670528150490-768x432.jpg 768w, https:\/\/www.turismolapernia.com\/wp-content\/uploads\/2022\/12\/iglesia-tremaya-2-e1670528150490-18x10.jpg 18w, https:\/\/www.turismolapernia.com\/wp-content\/uploads\/2022\/12\/iglesia-tremaya-2-e1670528150490.jpg 1207w\" sizes=\"auto, 100vw\" \/>\t\t\t\t\t\t\t\t\t\t\t\t\t\t\t<\/div>\n\t\t\t\t<\/div>\n\t\t\t\t\t<\/div>\n\t\t<\/div>\n\t\t\t\t<div class=\"elementor-column elementor-col-50 elementor-top-column elementor-element elementor-element-3e070f0\" data-id=\"3e070f0\" data-element_type=\"column\">\n\t\t\t<div class=\"elementor-widget-wrap elementor-element-populated\">\n\t\t\t\t\t\t\t\t<div class=\"elementor-element elementor-element-8008f03 elementor-widget elementor-widget-text-editor\" data-id=\"8008f03\" data-element_type=\"widget\" data-widget_type=\"text-editor.default\">\n\t\t\t\t<div class=\"elementor-widget-container\">\n\t\t\t\t\t\t\t<p>La iglesia de Tremaya se ubica en una zona de prados a las afuera del pueblo, desde donde se disfruta de una de las m\u00e1s bellas panor\u00e1micas del entorno, con la Sierra de Pe\u00f1a Labra y las monta\u00f1as circundantes de fondo.<\/p><p>La iglesia de Nuestra Se\u00f1ora de la Asunci\u00f3n es un edificio de mamposteria, de una sola nave con el presbiterio cubierto con b\u00f3veda de crucer\u00eda estrellada. En realidad, se trata de una reedificaci\u00f3n llevada a cabo a finales de la Edad Media de otra iglesia anterior m\u00e1s peque\u00f1a (a\u00fan se puede apreciar en la espada\u00f1a un lienzo de pared de la antigua iglesia). En su interior conserva una imagen de la Virgen con el Ni\u00f1o del siglo XIII, una imagen de Santa Ana del siglo XVIII y una imagen de San Tirso (s.XV-XVI), proveniente del antiguo monasterio desaparecido de San Tirso. <\/p>\t\t\t\t\t\t<\/div>\n\t\t\t\t<\/div>\n\t\t\t\t\t<\/div>\n\t\t<\/div>\n\t\t\t\t\t\t\t<\/div>\n\t\t<\/section>\n\t\t\t\t<section class=\"elementor-section elementor-top-section elementor-element elementor-element-6be2bec elementor-section-boxed elementor-section-height-default elementor-section-height-default\" data-id=\"6be2bec\" data-element_type=\"section\">\n\t\t\t\t\t\t<div class=\"elementor-container elementor-column-gap-default\">\n\t\t\t\t\t<div class=\"elementor-column elementor-col-100 elementor-top-column elementor-element elementor-element-b04415a\" data-id=\"b04415a\" data-element_type=\"column\">\n\t\t\t<div class=\"elementor-widget-wrap elementor-element-populated\">\n\t\t\t\t\t\t\t\t<div class=\"elementor-element elementor-element-da77227 elementor-widget elementor-widget-heading\" data-id=\"da77227\" data-element_type=\"widget\" data-widget_type=\"heading.default\">\n\t\t\t\t<div class=\"elementor-widget-container\">\n\t\t\t<h4 class=\"elementor-heading-title elementor-size-default\">La fortaleza de Pe\u00f1a Tremaya<\/h4>\t\t<\/div>\n\t\t\t\t<\/div>\n\t\t\t\t\t<\/div>\n\t\t<\/div>\n\t\t\t\t\t\t\t<\/div>\n\t\t<\/section>\n\t\t\t\t<section class=\"elementor-section elementor-top-section elementor-element elementor-element-e5d62bf elementor-section-boxed elementor-section-height-default elementor-section-height-default\" data-id=\"e5d62bf\" data-element_type=\"section\">\n\t\t\t\t\t\t<div class=\"elementor-container elementor-column-gap-default\">\n\t\t\t\t\t<div class=\"elementor-column elementor-col-50 elementor-top-column elementor-element elementor-element-b4ff5c9\" data-id=\"b4ff5c9\" data-element_type=\"column\">\n\t\t\t<div class=\"elementor-widget-wrap elementor-element-populated\">\n\t\t\t\t\t\t\t\t<div class=\"elementor-element elementor-element-f09b60a elementor-widget elementor-widget-text-editor\" data-id=\"f09b60a\" data-element_type=\"widget\" data-widget_type=\"text-editor.default\">\n\t\t\t\t<div class=\"elementor-widget-container\">\n\t\t\t\t\t\t\t<p>Seg\u00fan algunos documentos y hallazgos arqueol\u00f3gicos, existi\u00f3 una fortaleza castrense en la <b>Pe\u00f1a Tremaya<\/b>, escenario de la leyenda &#8220;<b><span style=\"color: #003366;\"><i><a style=\"color: #003366;\" href=\"https:\/\/www.turismolapernia.com\/en\/leyenda-de-la-venganza-del-conde\/\" target=\"_self\">The Count's Revenge<\/a><\/i><\/span><\/b>&#8220;.<\/p><p><br><\/p>\n<p><\/p>\n<p>Actualmente no queda pr\u00e1cticamente nada de la fortificaci\u00f3n, pero en el lugar donde se ubicaba se encontraron cer\u00e1micas medievales decoradas datadas en el siglo X, as\u00ed como restos de tejas y piedras procedentes de una antigua construcci\u00f3n en las proximidades de la cima, que podr\u00edan pertenecer a una torre defensiva situada estrat\u00e9gicamente en la parte m\u00e1s alta. En las excavaciones realizadas se hallaron adem\u00e1s fragmentos de armas y puntas de flechas.<\/p><p><br><\/p>\n<p><\/p>\n<p>La existencia de este emplazamiento se corrobora en el documento donde se recoge el privilegio concedido por Alfonso VII al obispo de Palencia D. Raimundo en 1153, en el cual se puede leer que &#8220;anula los malos fueros de castellaria&#8221;, lo que demuestra que en el s.XII exist\u00eda en Pern\u00eda un castillo cercano a la villa de San Salvador, ya que &#8220;la castellaria&#8221; era una contribuci\u00f3n que se pagaba para el mantenimiento del castillo.<\/p><p><br><\/p>\n<p><\/p>\n<p>Sobre la estructura y disposici\u00f3n de esta fortaleza no hay ning\u00fan dato, pero tal vez estuvo construida en dos planos, con una atalaya en la parte m\u00e1s alta y una zona residencial en el altiplano que existe pr\u00f3ximo a la cumbre, donde hay incluso un manantial.<\/p><p><br><\/p>\n<p><\/p>\n<p>Actualmente, en la cumbre de Pe\u00f1a Tremaya, una caseta de vigilancia de incendios aprovecha la estrat\u00e9gica y privilegiada situaci\u00f3n del emplazamiento.<\/p>\t\t\t\t\t\t<\/div>\n\t\t\t\t<\/div>\n\t\t\t\t\t<\/div>\n\t\t<\/div>\n\t\t\t\t<div class=\"elementor-column elementor-col-50 elementor-top-column elementor-element elementor-element-ca781b4\" data-id=\"ca781b4\" data-element_type=\"column\">\n\t\t\t<div class=\"elementor-widget-wrap elementor-element-populated\">\n\t\t\t\t\t\t\t\t<div class=\"elementor-element elementor-element-23726ee elementor-widget elementor-widget-image\" data-id=\"23726ee\" data-element_type=\"widget\" data-widget_type=\"image.default\">\n\t\t\t\t<div class=\"elementor-widget-container\">\n\t\t\t\t\t\t\t\t\t\t\t\t<figure class=\"wp-caption\">\n\t\t\t\t\t\t\t\t\t\t<img loading=\"lazy\" decoding=\"async\" width=\"525\" height=\"394\" src=\"https:\/\/www.turismolapernia.com\/wp-content\/uploads\/2022\/12\/muralla-pena-tremaya-1024x768.jpg\" class=\"attachment-large size-large\" alt=\"\" srcset=\"https:\/\/www.turismolapernia.com\/wp-content\/uploads\/2022\/12\/muralla-pena-tremaya-1024x768.jpg 1024w, https:\/\/www.turismolapernia.com\/wp-content\/uploads\/2022\/12\/muralla-pena-tremaya-300x225.jpg 300w, https:\/\/www.turismolapernia.com\/wp-content\/uploads\/2022\/12\/muralla-pena-tremaya-768x576.jpg 768w, https:\/\/www.turismolapernia.com\/wp-content\/uploads\/2022\/12\/muralla-pena-tremaya-16x12.jpg 16w, https:\/\/www.turismolapernia.com\/wp-content\/uploads\/2022\/12\/muralla-pena-tremaya.jpg 1396w\" sizes=\"auto, 100vw\" \/>\t\t\t\t\t\t\t\t\t\t\t<figcaption class=\"widget-image-caption wp-caption-text\">Restos de muralla en Pe\u00f1a Tremaya<\/figcaption>\n\t\t\t\t\t\t\t\t\t\t<\/figure>\n\t\t\t\t\t\t\t\t\t<\/div>\n\t\t\t\t<\/div>\n\t\t\t\t\t<\/div>\n\t\t<\/div>\n\t\t\t\t\t\t\t<\/div>\n\t\t<\/section>\n\t\t\t\t<section class=\"elementor-section elementor-top-section elementor-element elementor-element-fe1f52e elementor-section-boxed elementor-section-height-default elementor-section-height-default\" data-id=\"fe1f52e\" data-element_type=\"section\">\n\t\t\t\t\t\t<div class=\"elementor-container elementor-column-gap-default\">\n\t\t\t\t\t<div class=\"elementor-column elementor-col-100 elementor-top-column elementor-element elementor-element-6431cb7\" data-id=\"6431cb7\" data-element_type=\"column\">\n\t\t\t<div class=\"elementor-widget-wrap elementor-element-populated\">\n\t\t\t\t\t\t\t\t<div class=\"elementor-element elementor-element-508f5ae elementor-widget-divider--view-line elementor-widget elementor-widget-divider\" data-id=\"508f5ae\" data-element_type=\"widget\" data-widget_type=\"divider.default\">\n\t\t\t\t<div class=\"elementor-widget-container\">\n\t\t\t\t\t<div class=\"elementor-divider\">\n\t\t\t<span class=\"elementor-divider-separator\">\n\t\t\t\t\t\t<\/span>\n\t\t<\/div>\n\t\t\t\t<\/div>\n\t\t\t\t<\/div>\n\t\t\t\t<div class=\"elementor-element elementor-element-52622db elementor-widget elementor-widget-google_maps\" data-id=\"52622db\" data-element_type=\"widget\" data-widget_type=\"google_maps.default\">\n\t\t\t\t<div class=\"elementor-widget-container\">\n\t\t\t\t\t<div class=\"elementor-custom-embed\">\n\t\t\t<iframe frameborder=\"0\" scrolling=\"no\" marginheight=\"0\" marginwidth=\"0\"\n\t\t\t\t\tsrc=\"https:\/\/maps.google.com\/maps?q=tremaya&#038;t=m&#038;z=14&#038;output=embed&#038;iwloc=near\"\n\t\t\t\t\ttitle=\"tremaya\"\n\t\t\t\t\taria-label=\"tremaya\"\n\t\t\t><\/iframe>\n\t\t<\/div>\n\t\t\t\t<\/div>\n\t\t\t\t<\/div>\n\t\t\t\t\t<\/div>\n\t\t<\/div>\n\t\t\t\t\t\t\t<\/div>\n\t\t<\/section>\n\t\t\t\t\t\t<\/div>\n\t\t\t\t\t<\/div>","protected":false},"excerpt":{"rendered":"<p>Tremaya La Pern\u00eda Los pueblos de La Pern\u00eda Tremaya Tremaya (La Pern\u00eda, Palencia) Altitud: 1173 m Poblaci\u00f3n: 15 habitantes (2024) Distancias: San Salvador de Cantamuda: 4,5 km Cervera de Pisuerga: 18,5 km Palencia: 128 km Tremaya sirve de entrada al Valle de los Redondos, en un encantador paraje rodeado de prados y monta\u00f1as. \u00a0 El &hellip; <\/p>\n<p class=\"link-more\"><a href=\"https:\/\/www.turismolapernia.com\/en\/tremaya\/\" class=\"more-link\">Continue reading<span class=\"screen-reader-text\"> &#8220;Tremaya&#8221;<\/span><\/a><\/p>","protected":false},"author":1,"featured_media":14257,"parent":0,"menu_order":0,"comment_status":"closed","ping_status":"closed","template":"elementor_header_footer","meta":{"footnotes":""},"class_list":["post-323","page","type-page","status-publish","has-post-thumbnail","hentry"],"yoast_head":"<!-- This site is optimized with the Yoast SEO plugin v23.5 - https:\/\/yoast.com\/wordpress\/plugins\/seo\/ -->\n<title>Tremaya | Turismo La Pern\u00eda<\/title>\n<meta name=\"robots\" content=\"index, follow, max-snippet:-1, max-image-preview:large, max-video-preview:-1\" \/>\n<link rel=\"canonical\" href=\"https:\/\/www.turismolapernia.com\/en\/tremaya\/\" \/>\n<meta property=\"og:locale\" content=\"en_GB\" \/>\n<meta property=\"og:type\" content=\"article\" \/>\n<meta property=\"og:title\" content=\"Tremaya | Turismo La Pern\u00eda\" \/>\n<meta property=\"og:description\" content=\"Tremaya La Pern\u00eda Los pueblos de La Pern\u00eda Tremaya Tremaya (La Pern\u00eda, Palencia) Altitud: 1173 m Poblaci\u00f3n: 15 habitantes (2024) Distancias: San Salvador de Cantamuda: 4,5 km Cervera de Pisuerga: 18,5 km Palencia: 128 km Tremaya sirve de entrada al Valle de los Redondos, en un encantador paraje rodeado de prados y monta\u00f1as. \u00a0 El &hellip; Continue reading &quot;Tremaya&quot;\" \/>\n<meta property=\"og:url\" content=\"https:\/\/www.turismolapernia.com\/en\/tremaya\/\" \/>\n<meta property=\"og:site_name\" content=\"Turismo La Pern\u00eda\" \/>\n<meta property=\"article:publisher\" content=\"https:\/\/www.facebook.com\/turismolapernia\/\" \/>\n<meta property=\"article:modified_time\" content=\"2024-05-06T12:35:25+00:00\" \/>\n<meta property=\"og:image\" content=\"https:\/\/www.turismolapernia.com\/wp-content\/uploads\/2022\/11\/tremaya.jpeg\" \/>\n\t<meta property=\"og:image:width\" content=\"1596\" \/>\n\t<meta property=\"og:image:height\" content=\"1197\" \/>\n\t<meta property=\"og:image:type\" content=\"image\/jpeg\" \/>\n<meta name=\"twitter:card\" content=\"summary_large_image\" \/>\n<meta name=\"twitter:label1\" content=\"Estimated reading time\" \/>\n\t<meta name=\"twitter:data1\" content=\"4 minutes\" \/>\n<script type=\"application\/ld+json\" class=\"yoast-schema-graph\">{\"@context\":\"https:\/\/schema.org\",\"@graph\":[{\"@type\":\"WebPage\",\"@id\":\"https:\/\/www.turismolapernia.com\/tremaya\/\",\"url\":\"https:\/\/www.turismolapernia.com\/tremaya\/\",\"name\":\"Tremaya | Turismo La Pern\u00eda\",\"isPartOf\":{\"@id\":\"https:\/\/www.turismolapernia.com\/#website\"},\"primaryImageOfPage\":{\"@id\":\"https:\/\/www.turismolapernia.com\/tremaya\/#primaryimage\"},\"image\":{\"@id\":\"https:\/\/www.turismolapernia.com\/tremaya\/#primaryimage\"},\"thumbnailUrl\":\"https:\/\/www.turismolapernia.com\/wp-content\/uploads\/2022\/11\/tremaya.jpeg\",\"datePublished\":\"2021-01-31T19:05:11+00:00\",\"dateModified\":\"2024-05-06T12:35:25+00:00\",\"breadcrumb\":{\"@id\":\"https:\/\/www.turismolapernia.com\/tremaya\/#breadcrumb\"},\"inLanguage\":\"en-GB\",\"potentialAction\":[{\"@type\":\"ReadAction\",\"target\":[\"https:\/\/www.turismolapernia.com\/tremaya\/\"]}]},{\"@type\":\"ImageObject\",\"inLanguage\":\"en-GB\",\"@id\":\"https:\/\/www.turismolapernia.com\/tremaya\/#primaryimage\",\"url\":\"https:\/\/www.turismolapernia.com\/wp-content\/uploads\/2022\/11\/tremaya.jpeg\",\"contentUrl\":\"https:\/\/www.turismolapernia.com\/wp-content\/uploads\/2022\/11\/tremaya.jpeg\",\"width\":1596,\"height\":1197},{\"@type\":\"BreadcrumbList\",\"@id\":\"https:\/\/www.turismolapernia.com\/tremaya\/#breadcrumb\",\"itemListElement\":[{\"@type\":\"ListItem\",\"position\":1,\"name\":\"La Pern\u00eda\",\"item\":\"https:\/\/www.turismolapernia.com\/\"},{\"@type\":\"ListItem\",\"position\":2,\"name\":\"Tremaya\"}]},{\"@type\":\"WebSite\",\"@id\":\"https:\/\/www.turismolapernia.com\/#website\",\"url\":\"https:\/\/www.turismolapernia.com\/\",\"name\":\"Turismo La Pern\u00eda\",\"description\":\"Monta\u00f1a Palentina\",\"publisher\":{\"@id\":\"https:\/\/www.turismolapernia.com\/#organization\"},\"potentialAction\":[{\"@type\":\"SearchAction\",\"target\":{\"@type\":\"EntryPoint\",\"urlTemplate\":\"https:\/\/www.turismolapernia.com\/?s={search_term_string}\"},\"query-input\":{\"@type\":\"PropertyValueSpecification\",\"valueRequired\":true,\"valueName\":\"search_term_string\"}}],\"inLanguage\":\"en-GB\"},{\"@type\":\"Organization\",\"@id\":\"https:\/\/www.turismolapernia.com\/#organization\",\"name\":\"Turismo La Pern\u00eda\",\"url\":\"https:\/\/www.turismolapernia.com\/\",\"logo\":{\"@type\":\"ImageObject\",\"inLanguage\":\"en-GB\",\"@id\":\"https:\/\/www.turismolapernia.com\/#\/schema\/logo\/image\/\",\"url\":\"https:\/\/www.turismolapernia.com\/wp-content\/uploads\/2021\/12\/cropped-logo-CRV-Pernia-perfil.jpg\",\"contentUrl\":\"https:\/\/www.turismolapernia.com\/wp-content\/uploads\/2021\/12\/cropped-logo-CRV-Pernia-perfil.jpg\",\"width\":512,\"height\":512,\"caption\":\"Turismo La Pern\u00eda\"},\"image\":{\"@id\":\"https:\/\/www.turismolapernia.com\/#\/schema\/logo\/image\/\"},\"sameAs\":[\"https:\/\/www.facebook.com\/turismolapernia\/\",\"https:\/\/www.instagram.com\/turismolapernia\/\"]}]}<\/script>\n<!-- \/ Yoast SEO plugin. -->","yoast_head_json":{"title":"Tremaya | Turismo La Pern\u00eda","robots":{"index":"index","follow":"follow","max-snippet":"max-snippet:-1","max-image-preview":"max-image-preview:large","max-video-preview":"max-video-preview:-1"},"canonical":"https:\/\/www.turismolapernia.com\/en\/tremaya\/","og_locale":"en_GB","og_type":"article","og_title":"Tremaya | Turismo La Pern\u00eda","og_description":"Tremaya La Pern\u00eda Los pueblos de La Pern\u00eda Tremaya Tremaya (La Pern\u00eda, Palencia) Altitud: 1173 m Poblaci\u00f3n: 15 habitantes (2024) Distancias: San Salvador de Cantamuda: 4,5 km Cervera de Pisuerga: 18,5 km Palencia: 128 km Tremaya sirve de entrada al Valle de los Redondos, en un encantador paraje rodeado de prados y monta\u00f1as. \u00a0 El &hellip; Continue reading \"Tremaya\"","og_url":"https:\/\/www.turismolapernia.com\/en\/tremaya\/","og_site_name":"Turismo La Pern\u00eda","article_publisher":"https:\/\/www.facebook.com\/turismolapernia\/","article_modified_time":"2024-05-06T12:35:25+00:00","og_image":[{"width":1596,"height":1197,"url":"https:\/\/www.turismolapernia.com\/wp-content\/uploads\/2022\/11\/tremaya.jpeg","type":"image\/jpeg"}],"twitter_card":"summary_large_image","twitter_misc":{"Estimated reading time":"4 minutes"},"schema":{"@context":"https:\/\/schema.org","@graph":[{"@type":"WebPage","@id":"https:\/\/www.turismolapernia.com\/tremaya\/","url":"https:\/\/www.turismolapernia.com\/tremaya\/","name":"Tremaya | Turismo La Pern\u00eda","isPartOf":{"@id":"https:\/\/www.turismolapernia.com\/#website"},"primaryImageOfPage":{"@id":"https:\/\/www.turismolapernia.com\/tremaya\/#primaryimage"},"image":{"@id":"https:\/\/www.turismolapernia.com\/tremaya\/#primaryimage"},"thumbnailUrl":"https:\/\/www.turismolapernia.com\/wp-content\/uploads\/2022\/11\/tremaya.jpeg","datePublished":"2021-01-31T19:05:11+00:00","dateModified":"2024-05-06T12:35:25+00:00","breadcrumb":{"@id":"https:\/\/www.turismolapernia.com\/tremaya\/#breadcrumb"},"inLanguage":"en-GB","potentialAction":[{"@type":"ReadAction","target":["https:\/\/www.turismolapernia.com\/tremaya\/"]}]},{"@type":"ImageObject","inLanguage":"en-GB","@id":"https:\/\/www.turismolapernia.com\/tremaya\/#primaryimage","url":"https:\/\/www.turismolapernia.com\/wp-content\/uploads\/2022\/11\/tremaya.jpeg","contentUrl":"https:\/\/www.turismolapernia.com\/wp-content\/uploads\/2022\/11\/tremaya.jpeg","width":1596,"height":1197},{"@type":"BreadcrumbList","@id":"https:\/\/www.turismolapernia.com\/tremaya\/#breadcrumb","itemListElement":[{"@type":"ListItem","position":1,"name":"La Pern\u00eda","item":"https:\/\/www.turismolapernia.com\/"},{"@type":"ListItem","position":2,"name":"Tremaya"}]},{"@type":"WebSite","@id":"https:\/\/www.turismolapernia.com\/#website","url":"https:\/\/www.turismolapernia.com\/","name":"Turismo La Pern\u00eda","description":"Monta\u00f1a Palentina","publisher":{"@id":"https:\/\/www.turismolapernia.com\/#organization"},"potentialAction":[{"@type":"SearchAction","target":{"@type":"EntryPoint","urlTemplate":"https:\/\/www.turismolapernia.com\/?s={search_term_string}"},"query-input":{"@type":"PropertyValueSpecification","valueRequired":true,"valueName":"search_term_string"}}],"inLanguage":"en-GB"},{"@type":"Organization","@id":"https:\/\/www.turismolapernia.com\/#organization","name":"Turismo La Pern\u00eda","url":"https:\/\/www.turismolapernia.com\/","logo":{"@type":"ImageObject","inLanguage":"en-GB","@id":"https:\/\/www.turismolapernia.com\/#\/schema\/logo\/image\/","url":"https:\/\/www.turismolapernia.com\/wp-content\/uploads\/2021\/12\/cropped-logo-CRV-Pernia-perfil.jpg","contentUrl":"https:\/\/www.turismolapernia.com\/wp-content\/uploads\/2021\/12\/cropped-logo-CRV-Pernia-perfil.jpg","width":512,"height":512,"caption":"Turismo La Pern\u00eda"},"image":{"@id":"https:\/\/www.turismolapernia.com\/#\/schema\/logo\/image\/"},"sameAs":["https:\/\/www.facebook.com\/turismolapernia\/","https:\/\/www.instagram.com\/turismolapernia\/"]}]}},"_links":{"self":[{"href":"https:\/\/www.turismolapernia.com\/en\/wp-json\/wp\/v2\/pages\/323","targetHints":{"allow":["GET"]}}],"collection":[{"href":"https:\/\/www.turismolapernia.com\/en\/wp-json\/wp\/v2\/pages"}],"about":[{"href":"https:\/\/www.turismolapernia.com\/en\/wp-json\/wp\/v2\/types\/page"}],"author":[{"embeddable":true,"href":"https:\/\/www.turismolapernia.com\/en\/wp-json\/wp\/v2\/users\/1"}],"replies":[{"embeddable":true,"href":"https:\/\/www.turismolapernia.com\/en\/wp-json\/wp\/v2\/comments?post=323"}],"version-history":[{"count":219,"href":"https:\/\/www.turismolapernia.com\/en\/wp-json\/wp\/v2\/pages\/323\/revisions"}],"predecessor-version":[{"id":17168,"href":"https:\/\/www.turismolapernia.com\/en\/wp-json\/wp\/v2\/pages\/323\/revisions\/17168"}],"wp:featuredmedia":[{"embeddable":true,"href":"https:\/\/www.turismolapernia.com\/en\/wp-json\/wp\/v2\/media\/14257"}],"wp:attachment":[{"href":"https:\/\/www.turismolapernia.com\/en\/wp-json\/wp\/v2\/media?parent=323"}],"curies":[{"name":"wp","href":"https:\/\/api.w.org\/{rel}","templated":true}]}}