{"version":"1.0","provider_name":"Turismo La Pern\u00eda","provider_url":"https:\/\/www.turismolapernia.com\/en","author_name":"admin","author_url":"https:\/\/www.turismolapernia.com\/en\/author\/turismolapernia\/","title":"La Pern\u00eda. Verano Cultural 2023 | Turismo La Pern\u00eda","type":"rich","width":600,"height":338,"html":"<blockquote class=\"wp-embedded-content\" data-secret=\"9Cl2ftR8oP\"><a href=\"https:\/\/www.turismolapernia.com\/en\/eventos-y-actividades\/la-pernia-verano-cultural-2023\/\">La Pern\u00eda. Verano Cultural 2023<\/a><\/blockquote><iframe sandbox=\"allow-scripts\" security=\"restricted\" src=\"https:\/\/www.turismolapernia.com\/en\/eventos-y-actividades\/la-pernia-verano-cultural-2023\/embed\/#?secret=9Cl2ftR8oP\" width=\"600\" height=\"338\" title=\"&#8220;La Pern\u00eda. Verano Cultural 2023&#8221; &#8212; Turismo La Pern\u00eda\" data-secret=\"9Cl2ftR8oP\" frameborder=\"0\" marginwidth=\"0\" marginheight=\"0\" scrolling=\"no\" class=\"wp-embedded-content\"><\/iframe><script>\n\/*! This file is auto-generated *\/\n!function(d,l){\"use strict\";l.querySelector&&d.addEventListener&&\"undefined\"!=typeof URL&&(d.wp=d.wp||{},d.wp.receiveEmbedMessage||(d.wp.receiveEmbedMessage=function(e){var t=e.data;if((t||t.secret||t.message||t.value)&&!\/[^a-zA-Z0-9]\/.test(t.secret)){for(var s,r,n,a=l.querySelectorAll('iframe[data-secret=\"'+t.secret+'\"]'),o=l.querySelectorAll('blockquote[data-secret=\"'+t.secret+'\"]'),c=new RegExp(\"^https?:$\",\"i\"),i=0;i<o.length;i++)o[i].style.display=\"none\";for(i=0;i<a.length;i++)s=a[i],e.source===s.contentWindow&&(s.removeAttribute(\"style\"),\"height\"===t.message?(1e3<(r=parseInt(t.value,10))?r=1e3:~~r<200&&(r=200),s.height=r):\"link\"===t.message&&(r=new URL(s.getAttribute(\"src\")),n=new URL(t.value),c.test(n.protocol))&&n.host===r.host&&l.activeElement===s&&(d.top.location.href=t.value))}},d.addEventListener(\"message\",d.wp.receiveEmbedMessage,!1),l.addEventListener(\"DOMContentLoaded\",function(){for(var e,t,s=l.querySelectorAll(\"iframe.wp-embedded-content\"),r=0;r<s.length;r++)(t=(e=s[r]).getAttribute(\"data-secret\"))||(t=Math.random().toString(36).substring(2,12),e.src+=\"#?secret=\"+t,e.setAttribute(\"data-secret\",t)),e.contentWindow.postMessage({message:\"ready\",secret:t},\"*\")},!1)))}(window,document);\n\/\/# sourceURL=https:\/\/www.turismolapernia.com\/wp-includes\/js\/wp-embed.min.js\n<\/script>","thumbnail_url":"https:\/\/www.turismolapernia.com\/wp-content\/uploads\/2023\/07\/verano-cultural-la-pernia-2023-1.jpg","thumbnail_width":1414,"thumbnail_height":2000,"description":"Conciertos y actuaciones de m\u00fasica variada en los distintos pueblos del municipio, adem\u00e1s de una exposici\u00f3n de fotograf\u00eda en el Ayuntamiento. Una ocasi\u00f3n \u00fanica para conocer los pueblos de La Pern\u00eda disfrutando de la cultura y la mejor m\u00fasica. &nbsp; &#8211; Conciertos y actuaciones promovidas por el Programa Dinamiz-ARTj, del Instituto para la Transici\u00f3n Justa &hellip; Continue reading \"\""}